{"id":64,"date":"2020-12-09T09:03:10","date_gmt":"2020-12-09T08:03:10","guid":{"rendered":"http:\/\/covecer.cz\/subdom\/kozarov\/?page_id=64"},"modified":"2021-01-07T14:19:40","modified_gmt":"2021-01-07T13:19:40","slug":"uredni-deska","status":"publish","type":"page","link":"http:\/\/covecer.cz\/subdom\/kozarov\/uredni-deska\/","title":{"rendered":"\u00da\u0159edn\u00ed deska"},"content":{"rendered":"\n<p>Fyzick\u00e1 \u00fa\u0159edn\u00ed deska je um\u00edst\u011bna na n\u00e1vsi naproti autobusov\u00e9 zast\u00e1vce.<\/p>\n\n\n\n<p>Na tuto \u00fa\u0159edn\u00ed desku jsou v souladu se z\u00e1konem \u010d. 500\/2004 Sb. ( Spr\u00e1vn\u00ed \u0159\u00e1d ) umis\u0165ov\u00e1ny zejm\u00e9na informace podle z\u00e1kona \u010d. 106\/1999 Sb., o svobodn\u00e9m p\u0159\u00edstupu k informac\u00edm. Informace jsou vyv\u011b\u0161ov\u00e1ny na stanovenou dobu. Pokud najdete \u00fa\u0159edn\u00ed desku pr\u00e1zdnou, neznamen\u00e1 to, \u017ee je tato forma p\u0159ed\u00e1v\u00e1n\u00ed informac\u00ed ob\u010dan\u016fm zanedb\u00e1v\u00e1na \u2013 znamen\u00e1 to, \u017ee zde v sou\u010dasn\u00e9 dob\u011b nen\u00ed nic zve\u0159ejn\u011bno.<\/p>\n\n\n\n<hr class=\"wp-block-separator has-text-color has-background is-style-wide\" style=\"background-color:#5f9e45;color:#5f9e45\">\n\n<h3 class=\"has-text-align-center\">ZASED\u00c1N\u00cd ZASTUPITELSTVA<\/h3>\n\n<p style=\"text-align: center;\"><strong>\u010c\u00edslo ozn\u00e1men\u00ed:<\/strong> 28\/2020 <br><strong>Vyv\u011b\u0161eno od &#8211; do:<\/strong> 19.12.2020 <br><strong>Dokument:&nbsp;<span style=\"color: #5f9e45;\"><a style=\"color: #5f9e45;\" href=\"http:\/\/covecer.cz\/subdom\/kozarov\/wp-content\/uploads\/2021\/01\/Oznameni_o_konani__zasedani_zastupitelstva_Kozarov.pdf\" target=\"_blank\" rel=\"noopener\">Ozn\u00e1men\u00ed.pdf (n\u00e1hled\/st\u00e1hnout)<\/a><\/span><\/strong><\/p>\n\n\n\n<hr class=\"wp-block-separator has-text-color has-background is-style-wide\" style=\"background-color:#5f9e45;color:#5f9e45\">\n\n\n\n<h3 class=\"has-text-align-center\">N\u00c1VRH ROZPO\u010cTU OBCE KOZ\u00c1ROV NA ROK 2021<\/h3>\n\n\n<p style=\"text-align: center;\"><strong>\u010c\u00edslo ozn\u00e1men\u00ed:<\/strong> 27\/2020 <br><strong>Vyv\u011b\u0161eno od &#8211; do:<\/strong> 10.12.2020 <br><strong>Dokument:&nbsp;<span style=\"color: #5f9e45;\"><a style=\"color: #5f9e45;\" href=\"http:\/\/covecer.cz\/subdom\/kozarov\/wp-content\/uploads\/2020\/12\/Navrh-rozpoctu-na-rok-2021.pdf\" target=\"_blank\" rel=\"noopener\">N\u00e1vrh rozpo\u010dtu obce Koz\u00e1rov na rok 2021.pdf (n\u00e1hled\/st\u00e1hnout)<\/a><\/span><\/strong><\/p>\n\n\n<hr class=\"wp-block-separator has-text-color has-background is-style-wide\" style=\"background-color:#5f9e45;color:#5f9e45\"\/>\n\n\n\n<h3 class=\"has-text-align-center\">SVAZEK OBC\u00cd KUN\u0160T\u00c1TSKO-LYSICKO<\/h3>\n\n\n\n<p style=\"text-align: center;\"><strong>\u010c\u00edslo ozn\u00e1men\u00ed:<\/strong> 27\/2020 <br><strong>Vyv\u011b\u0161eno od &#8211; do:<\/strong> 26.11.2020 <br><strong>Dokument:&nbsp;<span style=\"color: #5f9e45;\"><a style=\"color: #5f9e45;\" href=\"http:\/\/covecer.cz\/subdom\/kozarov\/wp-content\/uploads\/2021\/01\/Oznameni_o_konani__zasedani_zastupitelstva_Kozarov.pdf\" target=\"_blank\" rel=\"noopener\">N\u00e1vrh rozpo\u010dtu na rok 2021.pdf (n\u00e1hled\/st\u00e1hnout)<\/a><\/span><\/strong> <\/br>\n\n<strong>Dokument:&nbsp;<span style=\"color: #5f9e45;\"><a style=\"color: #5f9e45;\" href=\"http:\/\/covecer.cz\/subdom\/kozarov\/wp-content\/uploads\/2021\/01\/Oznameni_o_konani__zasedani_zastupitelstva_Kozarov.pdf\" target=\"_blank\" rel=\"noopener\">N\u00e1vrh st\u0159edn\u011bdob\u00e9ho v\u00fdhledu rozpo\u010dtu na obdob\u00ed let 2021 &#8211; 2024.pdf (n\u00e1hled\/st\u00e1hnout)<\/a><\/span><\/strong><\/p>\n\n\n\n<hr class=\"wp-block-separator has-text-color has-background is-style-wide\" style=\"background-color:#5f9e45;color:#5f9e45\">\n\n\n\n<h3 class=\"has-text-align-center\">OZN\u00c1MEN\u00cd O ZASED\u00c1N\u00cd ZASTUPITELSTVA<\/h3>\n\n\n\n<p style=\"text-align: center;\"><strong>\u010c\u00edslo ozn\u00e1men\u00ed:<\/strong> 25\/2020 <br><strong>Vyv\u011b\u0161eno od &#8211; do:<\/strong> 30.10.2020 <br><strong>Dokument:&nbsp;<span style=\"color: #5f9e45;\"><a style=\"color: #5f9e45;\" href=\"http:\/\/covecer.cz\/subdom\/kozarov\/wp-content\/uploads\/2021\/01\/Zasedani_zastupitelstva_11_2020.pdf\" target=\"_blank\" rel=\"noopener\">Ozn\u00e1men\u00ed.pdf (n\u00e1hled\/st\u00e1hnout)<\/a><\/span><\/strong><\/p>\n\n\n\n<hr class=\"wp-block-separator has-text-color has-background is-style-wide\" style=\"background-color:#5f9e45;color:#5f9e45\">\n\n\n\n<h3 class=\"has-text-align-center\">VE\u0158EJN\u00c1 VYHL\u00c1\u0160KA<\/h3>\n\n\n\n<p style=\"text-align: center;\"><strong>\u010c\u00edslo ozn\u00e1men\u00ed:<\/strong> 24\/2020 <br><strong>Vyv\u011b\u0161eno od &#8211; do:<\/strong> 22.10.2020 <br><strong>Dokument:&nbsp;<span style=\"color: #5f9e45;\"><a style=\"color: #5f9e45;\" href=\"http:\/\/covecer.cz\/subdom\/kozarov\/wp-content\/uploads\/2021\/01\/Verejna_vyhlaska.pdf\" target=\"_blank\" rel=\"noopener\">Ozn\u00e1men\u00ed.pdf (n\u00e1hled\/st\u00e1hnout)<\/a><\/span><\/strong><\/p>\n\n\n\n<hr class=\"wp-block-separator has-text-color has-background is-style-wide\" style=\"background-color:#5f9e45;color:#5f9e45\">\n\n\n\n<h3 class=\"has-text-align-center\">ROZPO\u010cTOV\u00dd DOKLAD<\/h3>\n\n\n\n<p style=\"text-align: center;\"><strong>\u010c\u00edslo ozn\u00e1men\u00ed:<\/strong> 23\/2020 <br><strong>Vyv\u011b\u0161eno od &#8211; do:<\/strong> 18.9.2020 <br><strong>Dokument:&nbsp;<span style=\"color: #5f9e45;\"><a style=\"color: #5f9e45;\" href=\"http:\/\/covecer.cz\/subdom\/kozarov\/wp-content\/uploads\/2021\/01\/RO_2_2020.pdf\" target=\"_blank\" rel=\"noopener\">Rozpo\u010dtov\u00fd doklad.pdf (n\u00e1hled\/st\u00e1hnout)<\/a><\/span><\/strong><\/p>\n\n\n\n<hr class=\"wp-block-separator has-text-color has-background is-style-wide\" style=\"background-color:#5f9e45;color:#5f9e45\">\n\n\n\n<h3 class=\"has-text-align-center\">OZN\u00c1MEN\u00cd O ZASED\u00c1N\u00cd ZASTUPITELSTVA<\/h3>\n\n\n\n<p style=\"text-align: center;\"><strong>\u010c\u00edslo ozn\u00e1men\u00ed:<\/strong> 22\/2020 <br><strong>Vyv\u011b\u0161eno od &#8211; do:<\/strong> 19.8.2020 <br><strong>Dokument:&nbsp;<span style=\"color: #5f9e45;\"><a style=\"color: #5f9e45;\" href=\"http:\/\/covecer.cz\/subdom\/kozarov\/wp-content\/uploads\/2021\/01\/Oznameni.pdf\" target=\"_blank\" rel=\"noopener\">Ozn\u00e1men\u00ed.pdf (n\u00e1hled\/st\u00e1hnout)<\/a><\/span><\/strong><\/p>\n\n\n\n<hr class=\"wp-block-separator has-text-color has-background is-style-wide\" style=\"background-color:#5f9e45;color:#5f9e45\">\n\n\n\n<h3 class=\"has-text-align-center\">P\u0158ERU\u0160EN\u00cd DOD\u00c1VKY ELEKT\u0158INY<\/h3>\n\n\n\n<p style=\"text-align: center;\"><strong>\u010c\u00edslo ozn\u00e1men\u00ed:<\/strong> 21\/2020 <br><strong>Vyv\u011b\u0161eno od &#8211; do:<\/strong> 17.8.2020 <br><strong>Dokument:&nbsp;<span style=\"color: #5f9e45;\"><a style=\"color: #5f9e45;\" href=\"http:\/\/covecer.cz\/subdom\/kozarov\/wp-content\/uploads\/2021\/01\/Oznameni_o_preruseni_dodavky_el._en..pdf\" target=\"_blank\" rel=\"noopener\">Ozn\u00e1men\u00ed.pdf (n\u00e1hled\/st\u00e1hnout)<\/a><\/span><\/strong><\/p>\n\n\n\n<hr class=\"wp-block-separator has-text-color has-background is-style-wide\" style=\"background-color:#5f9e45;color:#5f9e45\">\n\n\n\n<h3 class=\"has-text-align-center\">ROZPO\u010cTOV\u00dd DOKLAD<\/h3>\n\n\n\n<p style=\"text-align: center;\"><strong>\u010c\u00edslo ozn\u00e1men\u00ed:<\/strong> 20\/2020 <br><strong>Vyv\u011b\u0161eno od &#8211; do:<\/strong> 16.8.2020 <br><strong>Dokument:&nbsp;<span style=\"color: #5f9e45;\"><a style=\"color: #5f9e45;\" href=\"http:\/\/covecer.cz\/subdom\/kozarov\/wp-content\/uploads\/2021\/01\/RO_1_2020.pdf\" target=\"_blank\" rel=\"noopener\">Rozpo\u010dtov\u00fd doklad.pdf (n\u00e1hled\/st\u00e1hnout)<\/a><\/span><\/strong><\/p>\n\n\n\n<hr class=\"wp-block-separator has-text-color has-background is-style-wide\" style=\"background-color:#5f9e45;color:#5f9e45\">\n\n\n\n<h3 class=\"has-text-align-center\">VOLBY DO ZASTUPITELSTEV KRAJ\u016e<\/h3>\n\n\n\n<p style=\"text-align: center;\"><strong>\u010c\u00edslo ozn\u00e1men\u00ed:<\/strong> 19\/2020 <br><strong>Vyv\u011b\u0161eno od &#8211; do:<\/strong> 3.8.2020 <br><strong>Dokument:&nbsp;<span style=\"color: #5f9e45;\"><a style=\"color: #5f9e45;\" href=\"http:\/\/covecer.cz\/subdom\/kozarov\/wp-content\/uploads\/2021\/01\/Volby_do_zastupitelstev_kraju_2020.pdf\" target=\"_blank\" rel=\"noopener\">Volby do zastupitelstev kraj\u016f.pdf (n\u00e1hled\/st\u00e1hnout)<\/a><\/span><\/strong><\/p>\n\n\n\n<hr class=\"wp-block-separator has-text-color has-background is-style-wide\" style=\"background-color:#5f9e45;color:#5f9e45\">\n\n\n\n<h3 class=\"has-text-align-center\">VE\u0158EJN\u00c1 VYHL\u00c1\u0160KA<\/h3>\n\n\n\n<p style=\"text-align: center;\"><strong>\u010c\u00edslo ozn\u00e1men\u00ed:<\/strong> 18\/2020 <br><strong>Vyv\u011b\u0161eno od &#8211; do:<\/strong> 30.7.2020 <br><strong>Dokument:&nbsp;<span style=\"color: #5f9e45;\"><a style=\"color: #5f9e45;\" href=\"http:\/\/covecer.cz\/subdom\/kozarov\/wp-content\/uploads\/2021\/01\/Opatreni_obecne_povahy_Lesy.pdf\" target=\"_blank\" rel=\"noopener\">Opat\u0159en\u00ed obecn\u00e9 povahy &#8211; Lesy.pdf (n\u00e1hled\/st\u00e1hnout)<\/a><\/span><\/strong><\/p>\n\n\n\n<hr class=\"wp-block-separator has-text-color has-background is-style-wide\" style=\"background-color:#5f9e45;color:#5f9e45\">\n\n\n\n<h3 class=\"has-text-align-center\">SVAZEK OBC\u00cd KUN\u0160T\u00c1TSKO-LYSICKO<\/h3>\n\n\n\n<p style=\"text-align: center;\"><strong>\u010c\u00edslo ozn\u00e1men\u00ed:<\/strong> 17\/2020 <br><strong>Vyv\u011b\u0161eno od &#8211; do:<\/strong> 28.7.2020 <br><strong>Dokument:&nbsp;<span style=\"color: #5f9e45;\"><a style=\"color: #5f9e45;\" href=\"http:\/\/covecer.cz\/subdom\/kozarov\/wp-content\/uploads\/2021\/01\/Oznameni-1.pdf\" target=\"_blank\" rel=\"noopener\">Ozn\u00e1men\u00ed.pdf (n\u00e1hled\/st\u00e1hnout)<\/a><\/span><\/strong><\/p>\n\n\n\n<hr class=\"wp-block-separator has-text-color has-background is-style-wide\" style=\"background-color:#5f9e45;color:#5f9e45\">\n\n\n\n<h3 class=\"has-text-align-center\">ZASED\u00c1N\u00cd ZASTUPITELSTVA<\/h3>\n\n\n\n<p style=\"text-align: center;\"><strong>\u010c\u00edslo ozn\u00e1men\u00ed:<\/strong> 16\/2020 <br><strong>Vyv\u011b\u0161eno od &#8211; do:<\/strong> 17.7.2020 <br><strong>Dokument:&nbsp;<span style=\"color: #5f9e45;\"><a style=\"color: #5f9e45;\" href=\"http:\/\/covecer.cz\/subdom\/kozarov\/wp-content\/uploads\/2021\/01\/Oznameni-2.pdf\" target=\"_blank\" rel=\"noopener\">Ozn\u00e1men\u00ed.pdf (n\u00e1hled\/st\u00e1hnout)<\/a><\/span><\/strong><\/p>\n\n\n\n<hr class=\"wp-block-separator has-text-color has-background is-style-wide\" style=\"background-color:#5f9e45;color:#5f9e45\">\n\n\n\n<h3 class=\"has-text-align-center\">Z\u00c1V\u011aRE\u010cN\u00dd \u00da\u010cET ZA ROK 2019<\/h3>\n\n\n\n<p style=\"text-align: center;\"><strong>\u010c\u00edslo ozn\u00e1men\u00ed:<\/strong> 15\/2020 <br><strong>Vyv\u011b\u0161eno od &#8211; do:<\/strong> 11.7.2020 <br><strong>Dokument:&nbsp;<span style=\"color: #5f9e45;\"><a style=\"color: #5f9e45;\" href=\"http:\/\/covecer.cz\/subdom\/kozarov\/wp-content\/uploads\/2021\/01\/Zaverecny_ucet.pdf\" target=\"_blank\" rel=\"noopener\">Z\u00e1v\u011bre\u010dn\u00fd \u00fa\u010det za rok 2019.pdf (n\u00e1hled\/st\u00e1hnout)<\/a><\/span><\/strong><\/p>\n\n\n\n<hr class=\"wp-block-separator has-text-color has-background is-style-wide\" style=\"background-color:#5f9e45;color:#5f9e45\">\n\n\n\n<h3 class=\"has-text-align-center\">Z\u00c1M\u011aR OBCE<\/h3>\n\n\n\n<p style=\"text-align: center;\"><strong>\u010c\u00edslo ozn\u00e1men\u00ed:<\/strong> 14\/2020 <br><strong>Vyv\u011b\u0161eno od &#8211; do:<\/strong> 10.7.2020 <br><strong>Dokument:&nbsp;<span style=\"color: #5f9e45;\"><a style=\"color: #5f9e45;\" href=\"http:\/\/covecer.cz\/subdom\/kozarov\/wp-content\/uploads\/2021\/01\/Zamer_obce.pdf\" target=\"_blank\" rel=\"noopener\">Z\u00e1m\u011br obce.pdf (n\u00e1hled\/st\u00e1hnout)<\/a><\/span><\/strong><\/p>\n\n\n\n<hr class=\"wp-block-separator has-text-color has-background is-style-wide\" style=\"background-color:#5f9e45;color:#5f9e45\">\n\n\n\n<h3 class=\"has-text-align-center\">ZASED\u00c1N\u00cd ZASTUPITELSTVA<\/h3>\n\n\n\n<p style=\"text-align: center;\"><strong>\u010c\u00edslo ozn\u00e1men\u00ed:<\/strong> 13\/2020 <br><strong>Vyv\u011b\u0161eno od &#8211; do:<\/strong> 19.6.2020 <br><strong>Dokument:&nbsp;<span style=\"color: #5f9e45;\"><a style=\"color: #5f9e45;\" href=\"http:\/\/covecer.cz\/subdom\/kozarov\/wp-content\/uploads\/2021\/01\/Zasedani_zastupitelstva.pdf\" target=\"_blank\" rel=\"noopener\">Ozn\u00e1men\u00ed.pdf (n\u00e1hled\/st\u00e1hnout)<\/a><\/span><\/strong><\/p>\n\n\n\n<hr class=\"wp-block-separator has-text-color has-background is-style-wide\" style=\"background-color:#5f9e45;color:#5f9e45\">\n\n\n\n<h3 class=\"has-text-align-center\">N\u00c1VRH Z\u00c1V\u011aRE\u010cN\u00c9HO \u00da\u010cTU ZA ROK 2019<\/h3>\n\n\n\n<p style=\"text-align: center;\"><strong>\u010c\u00edslo ozn\u00e1men\u00ed:<\/strong> 12\/2020 <br><strong>Vyv\u011b\u0161eno od &#8211; do:<\/strong> 12.6.2020 <br><strong>Dokument:&nbsp;<span style=\"color: #5f9e45;\"><a style=\"color: #5f9e45;\" href=\"http:\/\/covecer.cz\/subdom\/kozarov\/wp-content\/uploads\/2021\/01\/Navrh_zav._uctu_Kozarov_za_2019.pdf\" target=\"_blank\" rel=\"noopener\">N\u00e1vrh z\u00e1v\u011bre\u010dn\u00e9ho \u00fa\u010dtu za rok 2019.pdf (n\u00e1hled\/st\u00e1hnout)<\/a><\/span><\/strong><\/p>\n\n\n\n<hr class=\"wp-block-separator has-text-color has-background is-style-wide\" style=\"background-color:#5f9e45;color:#5f9e45\">\n\n\n\n<h3 class=\"has-text-align-center\">ZASED\u00c1N\u00cd ZASTUPITELSTVA<\/h3>\n\n\n\n<p style=\"text-align: center;\"><strong>\u010c\u00edslo ozn\u00e1men\u00ed:<\/strong> 11\/2020 <br><strong>Vyv\u011b\u0161eno od &#8211; do:<\/strong> 7.5.2020 <br><strong>Dokument:&nbsp;<span style=\"color: #5f9e45;\"><a style=\"color: #5f9e45;\" href=\"http:\/\/covecer.cz\/subdom\/kozarov\/wp-content\/uploads\/2021\/01\/Oznameni_o_zasedani_zastupitelstva_5_2020.pdf.pdf\" target=\"_blank\" rel=\"noopener\">Ozn\u00e1men\u00ed.pdf (n\u00e1hled\/st\u00e1hnout)<\/a><\/span><\/strong><\/p>\n\n\n\n<hr class=\"wp-block-separator has-text-color has-background is-style-wide\" style=\"background-color:#5f9e45;color:#5f9e45\">\n\n\n\n<h3 class=\"has-text-align-center\">VE\u0158EJN\u00c1 VYHL\u00c1\u0160KA<\/h3>\n\n\n\n<p style=\"text-align: center;\"><strong>\u010c\u00edslo ozn\u00e1men\u00ed:<\/strong> 10\/2020 <br><strong>Vyv\u011b\u0161eno od &#8211; do:<\/strong> 6.4.2020 <br><strong>Dokument:&nbsp;<span style=\"color: #5f9e45;\"><a style=\"color: #5f9e45;\" href=\"http:\/\/covecer.cz\/subdom\/kozarov\/wp-content\/uploads\/2021\/01\/Verejna_vyhlaska-1.pdf\" target=\"_blank\" rel=\"noopener\">Opat\u0159en\u00ed obecn\u00e9 povahy.pdf (n\u00e1hled\/st\u00e1hnout)<\/a><\/span><\/strong><\/p>\n\n\n\n<hr class=\"wp-block-separator has-text-color has-background is-style-wide\" style=\"background-color:#5f9e45;color:#5f9e45\">\n\n\n\n<h3 class=\"has-text-align-center\">ZASED\u00c1N\u00cd ZASTUPITELSTVA<\/h3>\n\n\n\n<p style=\"text-align: center;\"><strong>\u010c\u00edslo ozn\u00e1men\u00ed:<\/strong> 09\/2020 <br><strong>Vyv\u011b\u0161eno od &#8211; do:<\/strong> 27.3.2020 <br><strong>Dokument:&nbsp;<span style=\"color: #5f9e45;\"><a style=\"color: #5f9e45;\" href=\"http:\/\/covecer.cz\/subdom\/kozarov\/wp-content\/uploads\/2021\/01\/Oznameni_o_zasedani_ZO_Kozarov_4_2020.pdf\" target=\"_blank\" rel=\"noopener\">Ozn\u00e1men\u00ed.pdf (n\u00e1hled\/st\u00e1hnout)<\/a><\/span><\/strong><\/p>\n\n\n\n<hr class=\"wp-block-separator has-text-color has-background is-style-wide\" style=\"background-color:#5f9e45;color:#5f9e45\">\n\n\n\n<h3 class=\"has-text-align-center\">USNESEN\u00cd VL\u00c1DY \u010cESK\u00c9 REPUBLIKY<\/h3>\n\n\n\n<p style=\"text-align: center;\"><strong>\u010c\u00edslo ozn\u00e1men\u00ed:<\/strong> 08\/2020 <br><strong>Vyv\u011b\u0161eno od &#8211; do:<\/strong> 18.3.2020 <br><strong>Dokument:&nbsp;<span style=\"color: #5f9e45;\"><a style=\"color: #5f9e45;\" href=\"http:\/\/covecer.cz\/subdom\/kozarov\/wp-content\/uploads\/2021\/01\/247.pdf\" target=\"_blank\" rel=\"noopener\">P\u0159ijet\u00ed krizov\u00e9ho opat\u0159en\u00ed \u010d.247.pdf (n\u00e1hled\/st\u00e1hnout)<\/a><\/span><\/strong><br>\n<strong>Dokument:&nbsp;<span style=\"color: #5f9e45;\"><a style=\"color: #5f9e45;\" href=\"http:\/\/covecer.cz\/subdom\/kozarov\/wp-content\/uploads\/2021\/01\/248.pdf\" target=\"_blank\" rel=\"noopener\">P\u0159ijet\u00ed krizov\u00e9ho opat\u0159en\u00ed \u010d.248.pdf (n\u00e1hled\/st\u00e1hnout)<\/a><\/span><\/strong><br>\n<strong>Dokument:&nbsp;<span style=\"color: #5f9e45;\"><a style=\"color: #5f9e45;\" href=\"http:\/\/covecer.cz\/subdom\/kozarov\/wp-content\/uploads\/2021\/01\/249.pdf\" target=\"_blank\" rel=\"noopener\">P\u0159ijet\u00ed krizov\u00e9ho opat\u0159en\u00ed \u010d.249.pdf (n\u00e1hled\/st\u00e1hnout)<\/a><\/span><\/strong><\/p>\n\n\n\n<hr class=\"wp-block-separator has-text-color has-background is-style-wide\" style=\"background-color:#5f9e45;color:#5f9e45\">\n\n\n\n<h3 class=\"has-text-align-center\">ROZHODNUT\u00cd<\/h3>\n\n\n\n<p style=\"text-align: center;\"><strong>\u010c\u00edslo ozn\u00e1men\u00ed:<\/strong> 07\/2020 <br><strong>Vyv\u011b\u0161eno od &#8211; do:<\/strong> 17.3.2020 <br><strong>Dokument:&nbsp;<span style=\"color: #5f9e45;\"><a style=\"color: #5f9e45;\" href=\"http:\/\/covecer.cz\/subdom\/kozarov\/wp-content\/uploads\/2021\/01\/Rozhodnuti_-_regulace_dopravy.pdf\" target=\"_blank\" rel=\"noopener\">Rozhodnut\u00ed &#8211; regulace dopravy.pdf (n\u00e1hled\/st\u00e1hnout)<\/a><\/span><\/strong><\/p>\n\n\n\n<hr class=\"wp-block-separator has-text-color has-background is-style-wide\" style=\"background-color:#5f9e45;color:#5f9e45\">\n\n\n\n<h3 class=\"has-text-align-center\">INFORMACE K VYHL\u00c1\u0160EN\u00cd NOUZOV\u00c9HO STAVU<\/h3>\n\n\n\n<p style=\"text-align: center;\"><strong>\u010c\u00edslo ozn\u00e1men\u00ed:<\/strong> 06\/2020 <br><strong>Vyv\u011b\u0161eno od &#8211; do:<\/strong> 12.3.2020 <br><strong>Dokument:&nbsp;<span style=\"color: #5f9e45;\"><a style=\"color: #5f9e45;\" href=\"http:\/\/covecer.cz\/subdom\/kozarov\/wp-content\/uploads\/2021\/01\/Informace_k_nouzovemu_stavu.pdf\" target=\"_blank\" rel=\"noopener\">Informace k vyhl\u00e1\u0161en\u00ed nouzov\u00e9ho stavu.pdf (n\u00e1hled\/st\u00e1hnout)<\/a><\/span><\/strong><\/p>\n\n\n\n<hr class=\"wp-block-separator has-text-color has-background is-style-wide\" style=\"background-color:#5f9e45;color:#5f9e45\">\n\n\n\n<h3 class=\"has-text-align-center\">ZASED\u00c1N\u00cd ZASTUPITELSTVA<\/h3>\n\n\n\n<p style=\"text-align: center;\"><strong>\u010c\u00edslo ozn\u00e1men\u00ed:<\/strong> 05\/2020 <br><strong>Vyv\u011b\u0161eno od &#8211; do:<\/strong> 6.3.2020 <br><strong>Dokument:&nbsp;<span style=\"color: #5f9e45;\"><a style=\"color: #5f9e45;\" href=\"http:\/\/covecer.cz\/subdom\/kozarov\/wp-content\/uploads\/2021\/01\/Oznameni-3.pdf\" target=\"_blank\" rel=\"noopener\">Ozn\u00e1men\u00ed.pdf (n\u00e1hled\/st\u00e1hnout)<\/a><\/span><\/strong><\/p>\n\n\n\n<hr class=\"wp-block-separator has-text-color has-background is-style-wide\" style=\"background-color:#5f9e45;color:#5f9e45\">\n\n\n\n<h3 class=\"has-text-align-center\">N\u00c1VRH Z\u00c1V\u011aRE\u010cN\u00c9HO \u00da\u010cTU ZA ROK 2019 SVAZKU OBC\u00cd KUN\u0160T\u00c1TSKO-LYSICKO<\/h3>\n\n\n\n<p style=\"text-align: center;\"><strong>\u010c\u00edslo ozn\u00e1men\u00ed:<\/strong> 04\/2020 <br><strong>Vyv\u011b\u0161eno od &#8211; do:<\/strong> 6.3.2020 <br><strong>Dokument:&nbsp;<span style=\"color: #5f9e45;\"><a style=\"color: #5f9e45;\" href=\"http:\/\/covecer.cz\/subdom\/kozarov\/wp-content\/uploads\/2021\/01\/Vysledek_prezkoumani_hospodareni_za_rok_2019.pdf\" target=\"_blank\" rel=\"noopener\">V\u00fdsledky p\u0159ezkoum\u00e1n\u00ed hospoda\u0159en\u00ed.pdf (n\u00e1hled\/st\u00e1hnout)<\/a><\/span><\/strong><br>\n<strong>Dokument:&nbsp;<span style=\"color: #5f9e45;\"><a style=\"color: #5f9e45;\" href=\"http:\/\/covecer.cz\/subdom\/kozarov\/wp-content\/uploads\/2021\/01\/Navrh_zaverecneho_uctu_za_rok_2019.pdf\" target=\"_blank\" rel=\"noopener\">N\u00e1vrh z\u00e1v\u011bre\u010dn\u00e9ho \u00fa\u010dtu za rok 2019.pdf (n\u00e1hled\/st\u00e1hnout)<\/a><\/span><\/strong><\/p>\n\n\n\n<hr class=\"wp-block-separator has-text-color has-background is-style-wide\" style=\"background-color:#5f9e45;color:#5f9e45\">\n\n\n\n<h3 class=\"has-text-align-center\">ST\u0158EDN\u011aDOB\u00dd V\u00ddHLED ROZPO\u010cTU NA OBDOB\u00cd 2020 \u2013 2024<\/h3>\n\n\n\n<p style=\"text-align: center;\"><strong>\u010c\u00edslo ozn\u00e1men\u00ed:<\/strong> 02\/2020 <br><strong>Vyv\u011b\u0161eno od &#8211; do:<\/strong> 5.1.2020 <br><strong>Dokument:&nbsp;<span style=\"color: #5f9e45;\"><a style=\"color: #5f9e45;\" href=\"http:\/\/covecer.cz\/subdom\/kozarov\/wp-content\/uploads\/2021\/01\/Strednedoby_vyhled_2020.pdf\" target=\"_blank\" rel=\"noopener\">St\u0159edn\u011bdob\u00fd v\u00fdhled.pdf (n\u00e1hled\/st\u00e1hnout)<\/a><\/span><\/strong><\/p>\n\n\n\n<hr class=\"wp-block-separator has-text-color has-background is-style-wide\" style=\"background-color:#5f9e45;color:#5f9e45\">\n\n\n\n<h3 class=\"has-text-align-center\">ROZPO\u010cET OBCE KOZ\u00c1ROV NA ROK 2020<\/h3>\n\n\n\n<p style=\"text-align: center;\"><strong>\u010c\u00edslo ozn\u00e1men\u00ed:<\/strong> 01\/2020 <br><strong>Vyv\u011b\u0161eno od &#8211; do:<\/strong> 5.1.2020 <br><strong>Dokument:&nbsp;<span style=\"color: #5f9e45;\"><a style=\"color: #5f9e45;\" href=\"http:\/\/covecer.cz\/subdom\/kozarov\/wp-content\/uploads\/2021\/01\/Rozpocet_na_rok_2020.pdf\" target=\"_blank\" rel=\"noopener\">Rozpo\u010det obce.pdf (n\u00e1hled\/st\u00e1hnout)<\/a><\/span><\/strong><\/p>\n\n\n\n<hr class=\"wp-block-separator has-text-color has-background is-style-wide\" style=\"background-color:#5f9e45;color:#5f9e45\">\n\n\n\n<h3 class=\"has-text-align-center\">OZN\u00c1MEN\u00cd O ZASED\u00c1N\u00cd ZASTUPITELSTVA OBCE KOZ\u00c1ROV<\/h3>\n\n\n\n<p style=\"text-align: center;\"><strong>\u010c\u00edslo ozn\u00e1men\u00ed:<\/strong>27\/2019 <br><strong>Vyv\u011b\u0161eno od &#8211; do:<\/strong> 20.12.2019 <br><strong>Dokument:&nbsp;<span style=\"color: #5f9e45;\"><a style=\"color: #5f9e45;\" href=\"http:\/\/covecer.cz\/subdom\/kozarov\/wp-content\/uploads\/2021\/01\/Oznameni_o_zasedani_zastupitelstva_Kozarov_12_2_2019.pdf\" target=\"_blank\" rel=\"noopener\">Ozn\u00e1men\u00ed.pdf (n\u00e1hled\/st\u00e1hnout)<\/a><\/span><\/strong><\/p>\n\n\n\n<hr class=\"wp-block-separator has-text-color has-background is-style-wide\" style=\"background-color:#5f9e45;color:#5f9e45\">\n\n\n\n<h3 class=\"has-text-align-center\">N\u00c1VRH ST\u0158EDN\u011aDOB\u00c9HO V\u00ddHLEDU ROZPO\u010cTU OBCE KOZ\u00c1ROV NA OBDOB\u00cd 2020-2024<\/h3>\n\n\n\n<p style=\"text-align: center;\"><strong>\u010c\u00edslo ozn\u00e1men\u00ed:<\/strong>26\/2019 <br><strong>Vyv\u011b\u0161eno od &#8211; do:<\/strong> 13.12.2019 <br><strong>Dokument:&nbsp;<span style=\"color: #5f9e45;\"><a style=\"color: #5f9e45;\" href=\"http:\/\/covecer.cz\/subdom\/kozarov\/wp-content\/uploads\/2021\/01\/Navrh_strednedobeho_rozpoctu_Kozarov.pdf\" target=\"_blank\" rel=\"noopener\">N\u00e1vrh st\u0159edn\u011bdob\u00e9ho rozpo\u010dtu.pdf (n\u00e1hled\/st\u00e1hnout)<\/a><\/span><\/strong><\/p>\n\n\n\n<hr class=\"wp-block-separator has-text-color has-background is-style-wide\" style=\"background-color:#5f9e45;color:#5f9e45\">\n\n\n\n<h3 class=\"has-text-align-center\">N\u00c1VRH ROZPO\u010cTU OBCE KOZ\u00c1ROV NA ROK 2020<\/h3>\n\n\n\n<p style=\"text-align: center;\"><strong>\u010c\u00edslo ozn\u00e1men\u00ed:<\/strong>25\/2019 <br><strong>Vyv\u011b\u0161eno od &#8211; do:<\/strong> 13.12.2019 <br><strong>Dokument:&nbsp;<span style=\"color: #5f9e45;\"><a style=\"color: #5f9e45;\" href=\"http:\/\/covecer.cz\/subdom\/kozarov\/wp-content\/uploads\/2021\/01\/Navrh_rozpoctu_Kozarov_2020.pdf\" target=\"_blank\" rel=\"noopener\">N\u00e1vrh rozpo\u010dtu.pdf (n\u00e1hled\/st\u00e1hnout)<\/a><\/span><\/strong><\/p>\n\n\n\n<hr class=\"wp-block-separator has-text-color has-background is-style-wide\" style=\"background-color:#5f9e45;color:#5f9e45\">\n\n\n\n<h3 class=\"has-text-align-center\">ROZPO\u010cTOV\u00dd DOKLAD<\/h3>\n\n\n\n<p style=\"text-align: center;\"><strong>\u010c\u00edslo ozn\u00e1men\u00ed:<\/strong>24\/2019 <br><strong>Vyv\u011b\u0161eno od &#8211; do:<\/strong> 12.12.2019 <br><strong>Dokument:&nbsp;<span style=\"color: #5f9e45;\"><a style=\"color: #5f9e45;\" href=\"http:\/\/covecer.cz\/subdom\/kozarov\/wp-content\/uploads\/2021\/01\/Kozarov_RO_4_2019.pdf\" target=\"_blank\" rel=\"noopener\">Rozpo\u010dtov\u00fd doklad.pdf (n\u00e1hled\/st\u00e1hnout)<\/a><\/span><\/strong><\/p>\n\n\n\n<hr class=\"wp-block-separator has-text-color has-background is-style-wide\" style=\"background-color:#5f9e45;color:#5f9e45\">\n\n\n\n<h3 class=\"has-text-align-center\">ZASED\u00c1N\u00cd ZASTUPITELSTVA<\/h3>\n\n\n\n<p style=\"text-align: center;\"><strong>\u010c\u00edslo ozn\u00e1men\u00ed:<\/strong>23\/2019 <br><strong>Vyv\u011b\u0161eno od &#8211; do:<\/strong> 6.12.2019 <br><strong>Dokument:&nbsp;<span style=\"color: #5f9e45;\"><a style=\"color: #5f9e45;\" href=\"http:\/\/covecer.cz\/subdom\/kozarov\/wp-content\/uploads\/2021\/01\/Oznameni_o_zasedani_zast._Kozarov_12_2019.pdf\" target=\"_blank\" rel=\"noopener\">Pozv\u00e1nka.pdf (n\u00e1hled\/st\u00e1hnout)<\/a><\/span><\/strong><\/p>\n\n\n\n<hr class=\"wp-block-separator has-text-color has-background is-style-wide\" style=\"background-color:#5f9e45;color:#5f9e45\">\n\n\n\n<h3 class=\"has-text-align-center\">OZN\u00c1MEN\u00cd O ZVE\u0158EJN\u011aN\u00cd DOKUMENT\u016e ROZPO\u010cTOV\u00c9HO HOSPODA\u0158EN\u00cd SVAZKU OBC\u00cd KUN\u0160T\u00c1TSKO-LYSICKO<\/h3>\n\n\n\n<p style=\"text-align: center;\"><strong>\u010c\u00edslo ozn\u00e1men\u00ed:<\/strong>22\/2019 <br><strong>Vyv\u011b\u0161eno od &#8211; do:<\/strong> 22.11.2019 <br><strong>Dokument:&nbsp;<span style=\"color: #5f9e45;\"><a style=\"color: #5f9e45;\" href=\"http:\/\/covecer.cz\/subdom\/kozarov\/wp-content\/uploads\/2021\/01\/Oznameni_o_zverejneni_dokumentu.pdf\" target=\"_blank\" rel=\"noopener\">Ozn\u00e1men\u00ed o zve\u0159ejn\u011bn\u00ed dokument\u016f.pdf (n\u00e1hled\/st\u00e1hnout)<\/a><\/span><\/strong><\/p>\n\n\n\n<hr class=\"wp-block-separator has-text-color has-background is-style-wide\" style=\"background-color:#5f9e45;color:#5f9e45\">\n\n\n\n<h3 class=\"has-text-align-center\">N\u00c1VRH ZPR\u00c1VY O UPLAT\u0147OV\u00c1N\u00cd \u00daP KOZ\u00c1ROV OBDOB\u00cd 12\/2015 \u2013 11\/2019<\/h3>\n\n\n\n<p style=\"text-align: center;\"><strong>\u010c\u00edslo ozn\u00e1men\u00ed:<\/strong>21\/2019 <br><strong>Vyv\u011b\u0161eno od &#8211; do:<\/strong> 18.11.2019 &#8211; 19.12.2019 <br><strong>Dokument:&nbsp;<span style=\"color: #5f9e45;\"><a style=\"color: #5f9e45;\" href=\"http:\/\/covecer.cz\/subdom\/kozarov\/wp-content\/uploads\/2021\/01\/Oznam._o_projed.__navrhu_Zpravy_o_uplat__UP_Kozarov_12_2015-11_2019_el._p_001.pdf\" target=\"_blank\" rel=\"noopener\">Ozn\u00e1men\u00ed o projedn\u00e1v\u00e1n\u00ed n\u00e1vrhu zpr\u00e1vy o \u00daP.pdf (n\u00e1hled\/st\u00e1hnout)<\/a><\/span><\/strong><br>\n<strong>Dokument:&nbsp;<span style=\"color: #5f9e45;\"><a style=\"color: #5f9e45;\" href=\"http:\/\/covecer.cz\/subdom\/kozarov\/wp-content\/uploads\/2021\/01\/Navrh_zpravy_o_uplatnovani_UP_Kozarov_12_2015-11_2019_na_projednani.pdf\" target=\"_blank\" rel=\"noopener\">N\u00e1vrh zpr\u00e1vy o uplat\u0148ov\u00e1n\u00ed \u00daP Koz\u00e1rov obdob\u00ed 12\/2015 &#8211; 11\/2019P.pdf (n\u00e1hled\/st\u00e1hnout)<\/a><\/span><\/strong>\n<br>\n<strong>Dokument:&nbsp;<span style=\"color: #5f9e45;\"><a style=\"color: #5f9e45;\" href=\"http:\/\/covecer.cz\/subdom\/kozarov\/wp-content\/uploads\/2021\/01\/UP_Kozarov_cistopis.zip\" target=\"_blank\" rel=\"noopener\">\u00dazemn\u00ed pl\u00e1n Koz\u00e1rov.zip (st\u00e1hnout)<\/a><\/span><\/strong><\/p>\n\n\n\n<hr class=\"wp-block-separator has-text-color has-background is-style-wide\" style=\"background-color:#5f9e45;color:#5f9e45\">\n\n\n\n<h3 class=\"has-text-align-center\">POZV\u00c1NKA O ZASED\u00c1N\u00cd ZASTUPITELSTVA<\/h3>\n\n\n\n<p style=\"text-align: center;\"><strong>\u010c\u00edslo ozn\u00e1men\u00ed:<\/strong>20\/2019 <br><strong>Vyv\u011b\u0161eno od &#8211; do:<\/strong> 15.11.2019 <br><strong>Dokument:&nbsp;<span style=\"color: #5f9e45;\"><a style=\"color: #5f9e45;\" href=\"http:\/\/covecer.cz\/subdom\/kozarov\/wp-content\/uploads\/2021\/01\/Pozvanka-1.pdf\" target=\"_blank\" rel=\"noopener\">Pozv\u00e1nka.pdf (n\u00e1hled\/st\u00e1hnout)<\/a><\/span><\/strong><\/p>\n\n\n\n<hr class=\"wp-block-separator has-text-color has-background is-style-wide\" style=\"background-color:#5f9e45;color:#5f9e45\">\n\n\n\n<h3 class=\"has-text-align-center\">N\u00c1VRH ROZPO\u010cTU NA ROK 2020 SVAZKU OBC\u00cd K-L<\/h3>\n\n\n\n<p style=\"text-align: center;\"><strong>\u010c\u00edslo ozn\u00e1men\u00ed:<\/strong>19\/2019 <br><strong>Vyv\u011b\u0161eno od &#8211; do:<\/strong> 24.10.2019 &#8211; 8.11.2019 <br><strong>Dokument:&nbsp;<span style=\"color: #5f9e45;\"><a style=\"color: #5f9e45;\" href=\"http:\/\/covecer.cz\/subdom\/kozarov\/wp-content\/uploads\/2021\/01\/Navrh_rozpoctu_na_rok_2020_KL.pdf\" target=\"_blank\" rel=\"noopener\">N\u00e1vrh rozpo\u010dtu na rok 2020.pdf (n\u00e1hled\/st\u00e1hnout)<\/a><\/span><\/strong><\/p>\n\n\n\n<hr class=\"wp-block-separator has-text-color has-background is-style-wide\" style=\"background-color:#5f9e45;color:#5f9e45\">\n\n\n\n<h3 class=\"has-text-align-center\">OBEC KOZ\u00c1ROV \u2013 ROZPO\u010cTOV\u00dd DOKLAD \u010c.3<\/h3>\n\n\n\n<p style=\"text-align: center;\"><strong>\u010c\u00edslo ozn\u00e1men\u00ed:<\/strong>18\/2019 <br><strong>Vyv\u011b\u0161eno od &#8211; do:<\/strong> 15.10.2019<br><strong>Dokument:&nbsp;<span style=\"color: #5f9e45;\"><a style=\"color: #5f9e45;\" href=\"http:\/\/covecer.cz\/subdom\/kozarov\/wp-content\/uploads\/2021\/01\/Rozpoctovy_doklad-1.pdf\" target=\"_blank\" rel=\"noopener\">Rozpo\u010dtov\u00fd doklad.pdf (n\u00e1hled\/st\u00e1hnout)<\/a><\/span><\/strong><\/p>\n\n\n\n<hr class=\"wp-block-separator has-text-color has-background is-style-wide\" style=\"background-color:#5f9e45;color:#5f9e45\">\n\n\n\n<h3 class=\"has-text-align-center\">ZASED\u00c1N\u00cd ZASTUPITELSTVA<\/h3>\n\n\n\n<p style=\"text-align: center;\"><strong>\u010c\u00edslo ozn\u00e1men\u00ed:<\/strong>17\/2019 <br><strong>Vyv\u011b\u0161eno od &#8211; do:<\/strong> 27.9.2019<br><strong>Dokument:&nbsp;<span style=\"color: #5f9e45;\"><a style=\"color: #5f9e45;\" href=\"http:\/\/covecer.cz\/subdom\/kozarov\/wp-content\/uploads\/2021\/01\/Oznameni-1-1.pdf\" target=\"_blank\" rel=\"noopener\">Ozn\u00e1men\u00ed.pdf (n\u00e1hled\/st\u00e1hnout)<\/a><\/span><\/strong><\/p>\n\n\n\n<hr class=\"wp-block-separator has-text-color has-background is-style-wide\" style=\"background-color:#5f9e45;color:#5f9e45\">\n\n\n\n<h3 class=\"has-text-align-center\">ROZPO\u010cTOV\u00c9 OPAT\u0158EN\u00cd<\/h3>\n\n\n\n<p style=\"text-align: center;\"><strong>\u010c\u00edslo ozn\u00e1men\u00ed:<\/strong>16\/2019 <br><strong>Vyv\u011b\u0161eno od &#8211; do:<\/strong> 17.8.2019<br><strong>Dokument:&nbsp;<span style=\"color: #5f9e45;\"><a style=\"color: #5f9e45;\" href=\"http:\/\/covecer.cz\/subdom\/kozarov\/wp-content\/uploads\/2021\/01\/Rozpoctovy_doklad_Kozarov.pdf\" target=\"_blank\" rel=\"noopener\">Rozpo\u010dtov\u00fd doklad.pdf (n\u00e1hled\/st\u00e1hnout)<\/a><\/span><\/strong><\/p>\n\n\n\n<hr class=\"wp-block-separator has-text-color has-background is-style-wide\" style=\"background-color:#5f9e45;color:#5f9e45\">\n\n\n\n<h3 class=\"has-text-align-center\">ROZPO\u010cTOV\u00c9 OPAT\u0158EN\u00cd<\/h3>\n\n\n\n<p style=\"text-align: center;\"><strong>\u010c\u00edslo ozn\u00e1men\u00ed:<\/strong>15\/2019 <br><strong>Vyv\u011b\u0161eno od &#8211; do:<\/strong> 1.8.2019<br><strong>Dokument:&nbsp;<span style=\"color: #5f9e45;\"><a style=\"color: #5f9e45;\" href=\"http:\/\/covecer.cz\/subdom\/kozarov\/wp-content\/uploads\/2021\/01\/Rozpoctovy_doklad.pdf\" target=\"_blank\" rel=\"noopener\">Rozpo\u010dtov\u00fd doklad.pdf (n\u00e1hled\/st\u00e1hnout)<\/a><\/span><\/strong><\/p>\n\n\n\n<hr class=\"wp-block-separator has-text-color has-background is-style-wide\" style=\"background-color:#5f9e45;color:#5f9e45\">\n\n\n\n<h3 class=\"has-text-align-center\">OZN\u00c1MEN\u00cd O ZVE\u0158EJN\u011aN\u00cd DOKUMENT\u016e ROZPO\u010cTOV\u00c9HO HOSPODA\u0158EN\u00cd<\/h3>\n\n\n\n<p style=\"text-align: center;\"><strong>\u010c\u00edslo ozn\u00e1men\u00ed:<\/strong>14\/2019 <br><strong>Vyv\u011b\u0161eno od &#8211; do:<\/strong>6.7.2019<br><strong>Dokument:&nbsp;<span style=\"color: #5f9e45;\"><a style=\"color: #5f9e45;\" href=\"http:\/\/covecer.cz\/subdom\/kozarov\/wp-content\/uploads\/2021\/01\/Oznameni-2-1.pdf\" target=\"_blank\" rel=\"noopener\">Ozn\u00e1men\u00ed.pdf (n\u00e1hled\/st\u00e1hnout)<\/a><\/span><\/strong><\/p>\n\n\n\n<hr class=\"wp-block-separator has-text-color has-background is-style-wide\" style=\"background-color:#5f9e45;color:#5f9e45\">\n\n\n\n<h3 class=\"has-text-align-center\">Z\u00c1V\u011aRE\u010cN\u00dd \u00da\u010cET ZA ROK 2018<\/h3>\n\n\n\n<p style=\"text-align: center;\"><strong>\u010c\u00edslo ozn\u00e1men\u00ed:<\/strong>13\/2019 <br><strong>Vyv\u011b\u0161eno od &#8211; do:<\/strong>5.7.2019<br><strong>Dokument:&nbsp;<span style=\"color: #5f9e45;\"><a style=\"color: #5f9e45;\" href=\"http:\/\/covecer.cz\/subdom\/kozarov\/wp-content\/uploads\/2021\/01\/Zaverecny_ucet-1.pdf\" target=\"_blank\" rel=\"noopener\">Z\u00e1v\u011bre\u010dn\u00fd \u00fa\u010det za rok 2018.pdf (n\u00e1hled\/st\u00e1hnout)<\/a><\/span><\/strong><\/p>\n\n\n\n<hr class=\"wp-block-separator has-text-color has-background is-style-wide\" style=\"background-color:#5f9e45;color:#5f9e45\">\n\n\n\n<h3 class=\"has-text-align-center\">OZN\u00c1MEN\u00cd O ZASED\u00c1N\u00cd ZASTUPITELSTVA OBCE KOZ\u00c1ROV<\/h3>\n\n\n\n<p style=\"text-align: center;\"><strong>\u010c\u00edslo ozn\u00e1men\u00ed:<\/strong>12\/2019 <br><strong>Vyv\u011b\u0161eno od &#8211; do:<\/strong>21.6.2019<br><strong>Dokument:&nbsp;<span style=\"color: #5f9e45;\"><a style=\"color: #5f9e45;\" href=\"http:\/\/covecer.cz\/subdom\/kozarov\/wp-content\/uploads\/2021\/01\/Oznameni_zasedani_Kozarov.pdf\" target=\"_blank\" rel=\"noopener\">Ozn\u00e1men\u00ed.pdf (n\u00e1hled\/st\u00e1hnout)<\/a><\/span><\/strong><\/p>\n\n\n\n<hr class=\"wp-block-separator has-text-color has-background is-style-wide\" style=\"background-color:#5f9e45;color:#5f9e45\">\n\n\n\n<h3 class=\"has-text-align-center\">OZN\u00c1MEN\u00cd O ZASED\u00c1N\u00cd ZASTUPITELSTVA OBCE KOZ\u00c1ROV<\/h3>\n\n\n\n<p style=\"text-align: center;\"><strong>\u010c\u00edslo ozn\u00e1men\u00ed:<\/strong>11\/2019 <br><strong>Vyv\u011b\u0161eno od &#8211; do:<\/strong>7.6.2019<br><strong>Dokument:&nbsp;<span style=\"color: #5f9e45;\"><a style=\"color: #5f9e45;\" href=\"http:\/\/covecer.cz\/subdom\/kozarov\/wp-content\/uploads\/2021\/01\/Oznameni-4.pdf\" target=\"_blank\" rel=\"noopener\">Ozn\u00e1men\u00ed.pdf (n\u00e1hled\/st\u00e1hnout)<\/a><\/span><\/strong><\/p>\n\n\n\n<hr class=\"wp-block-separator has-text-color has-background is-style-wide\" style=\"background-color:#5f9e45;color:#5f9e45\">\n\n\n\n<h3 class=\"has-text-align-center\">N\u00c1VRH Z\u00c1V\u011aRE\u010cN\u00c9HO \u00da\u010cTU ZA ROK 2018<\/h3>\n\n\n\n<p style=\"text-align: center;\"><strong>\u010c\u00edslo ozn\u00e1men\u00ed:<\/strong>10\/2019 <br><strong>Vyv\u011b\u0161eno od &#8211; do:<\/strong>5.6.2019<br><strong>Dokument:&nbsp;<span style=\"color: #5f9e45;\"><a style=\"color: #5f9e45;\" href=\"http:\/\/covecer.cz\/subdom\/kozarov\/wp-content\/uploads\/2021\/01\/Navrh_ZU_Kozarov_2018.pdf\" target=\"_blank\" rel=\"noopener\">Dokument.pdf (n\u00e1hled\/st\u00e1hnout)<\/a><\/span><\/strong><\/p>\n\n\n\n<hr class=\"wp-block-separator has-text-color has-background is-style-wide\" style=\"background-color:#5f9e45;color:#5f9e45\">\n\n\n\n<h3 class=\"has-text-align-center\">FINAN\u010cN\u00cd \u00da\u0158AD \u2013 VE\u0158EJN\u00c1 VYHL\u00c1\u0160KA<\/h3>\n\n\n\n<p style=\"text-align: center;\"><strong>\u010c\u00edslo ozn\u00e1men\u00ed:<\/strong>09\/2019 <br><strong>Vyv\u011b\u0161eno od &#8211; do:<\/strong>25.4.2019<br><strong>Dokument:&nbsp;<span style=\"color: #5f9e45;\"><a style=\"color: #5f9e45;\" href=\"http:\/\/covecer.cz\/subdom\/kozarov\/wp-content\/uploads\/2021\/01\/FU_Vyhlaska.pdf\" target=\"_blank\" rel=\"noopener\">Ve\u0159ejn\u00e1 vyhl\u00e1\u0161ka.pdf (n\u00e1hled\/st\u00e1hnout)<\/a><\/span><\/strong><\/p>\n\n\n\n<hr class=\"wp-block-separator has-text-color has-background is-style-wide\" style=\"background-color:#5f9e45;color:#5f9e45\">\n\n\n\n<h3 class=\"has-text-align-center\">OZN\u00c1MEN\u00cd O ZASED\u00c1N\u00cd ZASTUPITELSTVA OBCE KOZ\u00c1ROV<\/h3>\n\n\n\n<p style=\"text-align: center;\"><strong>\u010c\u00edslo ozn\u00e1men\u00ed:<\/strong>08\/2019 <br><strong>Vyv\u011b\u0161eno od &#8211; do:<\/strong>20.4.2019<br><strong>Dokument:&nbsp;<span style=\"color: #5f9e45;\"><a style=\"color: #5f9e45;\" href=\"http:\/\/covecer.cz\/subdom\/kozarov\/wp-content\/uploads\/2021\/01\/Oznameni_o_zasedani-1.pdf\" target=\"_blank\" rel=\"noopener\">Ozn\u00e1men\u00ed.pdf (n\u00e1hled\/st\u00e1hnout)<\/a><\/span><\/strong><\/p>\n\n\n\n<hr class=\"wp-block-separator has-text-color has-background is-style-wide\" style=\"background-color:#5f9e45;color:#5f9e45\">\n\n\n\n<h3 class=\"has-text-align-center\">OZN\u00c1MEN\u00cd O ZVE\u0158EJN\u011aN\u00cd DOKUMENT\u016e ROZPO\u010cTOV\u00c9HO HOSPODA\u0158EN\u00cd SVAZKU OBC\u00cd<\/h3>\n\n\n\n<p style=\"text-align: center;\"><strong>\u010c\u00edslo ozn\u00e1men\u00ed:<\/strong>07\/2019 <br><strong>Vyv\u011b\u0161eno od &#8211; do:<\/strong>18.4.2019<br><strong>Dokument:&nbsp;<span style=\"color: #5f9e45;\"><a style=\"color: #5f9e45;\" href=\"http:\/\/covecer.cz\/subdom\/kozarov\/wp-content\/uploads\/2021\/01\/Svazek_obci_KL.pdf\" target=\"_blank\" rel=\"noopener\">Ozn\u00e1men\u00ed.pdf (n\u00e1hled\/st\u00e1hnout)<\/a><\/span><\/strong><\/p>\n\n\n\n<hr class=\"wp-block-separator has-text-color has-background is-style-wide\" style=\"background-color:#5f9e45;color:#5f9e45\">\n\n\n\n<h3 class=\"has-text-align-center\">VOLBY DO EVROPSK\u00c9HO PARLAMENTU<\/h3>\n\n\n\n<p style=\"text-align: center;\"><strong>\u010c\u00edslo ozn\u00e1men\u00ed:<\/strong>06\/2019 <br><strong>Vyv\u011b\u0161eno od &#8211; do:<\/strong>14.3.2019<br><strong>Dokument:&nbsp;<span style=\"color: #5f9e45;\"><a style=\"color: #5f9e45;\" href=\"http:\/\/covecer.cz\/subdom\/kozarov\/wp-content\/uploads\/2021\/01\/Volby_2019.pdf\" target=\"_blank\" rel=\"noopener\">Volby.pdf (n\u00e1hled\/st\u00e1hnout)<\/a><\/span><\/strong><\/p>\n\n\n\n<hr class=\"wp-block-separator has-text-color has-background is-style-wide\" style=\"background-color:#5f9e45;color:#5f9e45\">\n\n\n\n<h3 class=\"has-text-align-center\">SVAZEK OBC\u00cd KUN\u0160T\u00c1TSKO-LYSICKO<\/h3>\n\n\n\n<p style=\"text-align: center;\"><strong>\u010c\u00edslo ozn\u00e1men\u00ed:<\/strong>05\/2019 <br><strong>Vyv\u011b\u0161eno od &#8211; do:<\/strong>13.3.2019<br><strong>Dokument:&nbsp;<span style=\"color: #5f9e45;\"><a style=\"color: #5f9e45;\" href=\"http:\/\/covecer.cz\/subdom\/kozarov\/wp-content\/uploads\/2021\/01\/Prezkoumani_hospodareni_za_rok_2018_svazek_obci_K-L.pdf\" target=\"_blank\" rel=\"noopener\">Zpr\u00e1va o v\u00fdsledku p\u0159ezkoum\u00e1n\u00ed hospoda\u0159en\u00ed za rok 2018.pdf (n\u00e1hled\/st\u00e1hnout)<\/a><\/span><\/strong><br>\n<strong>Dokument:&nbsp;<span style=\"color: #5f9e45;\"><a style=\"color: #5f9e45;\" href=\"http:\/\/covecer.cz\/subdom\/kozarov\/wp-content\/uploads\/2021\/01\/Navrh_zaverecneho_uctu_svazku_obci_K-L_2018.pdf\" target=\"_blank\" rel=\"noopener\">N\u00e1vrh z\u00e1v\u011bre\u010dn\u00e9ho \u00fa\u010dtu za rok 2018.pdf (n\u00e1hled\/st\u00e1hnout)<\/a><\/span><\/strong><\/p>\n\n\n\n<hr class=\"wp-block-separator has-text-color has-background is-style-wide\" style=\"background-color:#5f9e45;color:#5f9e45\">\n\n\n\n<h3 class=\"has-text-align-center\">Z\u00c1M\u011aR OBCE<\/h3>\n\n\n\n<p style=\"text-align: center;\"><strong>\u010c\u00edslo ozn\u00e1men\u00ed:<\/strong>04\/2019 <br><strong>Vyv\u011b\u0161eno od &#8211; do:<\/strong>2.3.2019<br><strong>Dokument:&nbsp;<span style=\"color: #5f9e45;\"><a style=\"color: #5f9e45;\" href=\"http:\/\/covecer.cz\/subdom\/kozarov\/wp-content\/uploads\/2021\/01\/Zamer_obce-2.pdf\" target=\"_blank\" rel=\"noopener\">Z\u00e1m\u011br obce.pdf (n\u00e1hled\/st\u00e1hnout)<\/a><\/span><\/strong><\/p>\n\n\n\n<hr class=\"wp-block-separator has-text-color has-background is-style-wide\" style=\"background-color:#5f9e45;color:#5f9e45\">\n\n\n\n<h3 class=\"has-text-align-center\">OZN\u00c1MEN\u00cd O ZASED\u00c1N\u00cd ZASTUPITELSTVA OBCE KOZ\u00c1ROV<\/h3>\n\n\n\n<p style=\"text-align: center;\"><strong>\u010c\u00edslo ozn\u00e1men\u00ed:<\/strong>03\/2019 <br><strong>Vyv\u011b\u0161eno od &#8211; do:<\/strong>15.2.2019<br><strong>Dokument:&nbsp;<span style=\"color: #5f9e45;\"><a style=\"color: #5f9e45;\" href=\"http:\/\/covecer.cz\/subdom\/kozarov\/wp-content\/uploads\/2021\/01\/Kozarov_zasedani_zastupitelstva.pdf\" target=\"_blank\" rel=\"noopener\">Ozn\u00e1men\u00ed.pdf (n\u00e1hled\/st\u00e1hnout)<\/a><\/span><\/strong><\/p>\n\n\n\n<hr class=\"wp-block-separator has-text-color has-background is-style-wide\" style=\"background-color:#5f9e45;color:#5f9e45\">\n\n\n\n<h3 class=\"has-text-align-center\">OZN\u00c1MEN\u00cd O ZVE\u0158EJN\u011aN\u00cd DOKUMENT\u016e ROZPO\u010cTOV\u00c9HO HOSPODA\u0158EN\u00cd SVAZKU OBC\u00cd K-L<\/h3>\n\n\n\n<p style=\"text-align: center;\"><strong>\u010c\u00edslo ozn\u00e1men\u00ed:<\/strong>02\/2019 <br><strong>Vyv\u011b\u0161eno od &#8211; do:<\/strong>28.1.2019<br><strong>Dokument:&nbsp;<span style=\"color: #5f9e45;\"><a style=\"color: #5f9e45;\" href=\"http:\/\/covecer.cz\/subdom\/kozarov\/wp-content\/uploads\/2021\/01\/Oznameni_o_zverejneni_dokumentu_Svazek_obci_K-L.pdf\" target=\"_blank\" rel=\"noopener\">Ozn\u00e1men\u00ed.pdf (n\u00e1hled\/st\u00e1hnout)<\/a><\/span><\/strong><\/p>\n\n\n\n<hr class=\"wp-block-separator has-text-color has-background is-style-wide\" style=\"background-color:#5f9e45;color:#5f9e45\">\n\n\n\n<h3 class=\"has-text-align-center\">ROZPO\u010cTOV\u00c9 OPAT\u0158EN\u00cd<\/h3>\n\n\n\n<p style=\"text-align: center;\"><strong>\u010c\u00edslo ozn\u00e1men\u00ed:<\/strong>01\/2019 <br><strong>Vyv\u011b\u0161eno od &#8211; do:<\/strong>4.1.2019<br><strong>Dokument:&nbsp;<span style=\"color: #5f9e45;\"><a style=\"color: #5f9e45;\" href=\"http:\/\/covecer.cz\/subdom\/kozarov\/wp-content\/uploads\/2021\/01\/kozarov_RO_4.pdf\" target=\"_blank\" rel=\"noopener\">Rozpo\u010dtov\u00fd doklad.pdf (n\u00e1hled\/st\u00e1hnout)<\/a><\/span><\/strong><\/p>\n\n\n\n<hr class=\"wp-block-separator has-text-color has-background is-style-wide\" style=\"background-color:#5f9e45;color:#5f9e45\">\n\n\n\n<p><\/p>\n","protected":false},"excerpt":{"rendered":"<p>Fyzick\u00e1 \u00fa\u0159edn\u00ed deska je um\u00edst\u011bna na n\u00e1vsi naproti autobusov\u00e9 zast\u00e1vce. Na tuto \u00fa\u0159edn\u00ed desku jsou v souladu se z\u00e1konem \u010d. 500\/2004 Sb. ( Spr\u00e1vn\u00ed \u0159\u00e1d&hellip;<\/p>\n","protected":false},"author":1,"featured_media":0,"parent":0,"menu_order":0,"comment_status":"closed","ping_status":"closed","template":"","meta":{"ngg_post_thumbnail":0},"_links":{"self":[{"href":"http:\/\/covecer.cz\/subdom\/kozarov\/wp-json\/wp\/v2\/pages\/64"}],"collection":[{"href":"http:\/\/covecer.cz\/subdom\/kozarov\/wp-json\/wp\/v2\/pages"}],"about":[{"href":"http:\/\/covecer.cz\/subdom\/kozarov\/wp-json\/wp\/v2\/types\/page"}],"author":[{"embeddable":true,"href":"http:\/\/covecer.cz\/subdom\/kozarov\/wp-json\/wp\/v2\/users\/1"}],"replies":[{"embeddable":true,"href":"http:\/\/covecer.cz\/subdom\/kozarov\/wp-json\/wp\/v2\/comments?post=64"}],"version-history":[{"count":80,"href":"http:\/\/covecer.cz\/subdom\/kozarov\/wp-json\/wp\/v2\/pages\/64\/revisions"}],"predecessor-version":[{"id":1067,"href":"http:\/\/covecer.cz\/subdom\/kozarov\/wp-json\/wp\/v2\/pages\/64\/revisions\/1067"}],"wp:attachment":[{"href":"http:\/\/covecer.cz\/subdom\/kozarov\/wp-json\/wp\/v2\/media?parent=64"}],"curies":[{"name":"wp","href":"https:\/\/api.w.org\/{rel}","templated":true}]}}