{"id":72,"date":"2020-12-09T09:04:31","date_gmt":"2020-12-09T08:04:31","guid":{"rendered":"http:\/\/covecer.cz\/subdom\/kozarov\/?page_id=72"},"modified":"2021-01-07T16:39:59","modified_gmt":"2021-01-07T15:39:59","slug":"publikace-k-400-let-obce","status":"publish","type":"page","link":"http:\/\/covecer.cz\/subdom\/kozarov\/publikace-k-400-let-obce\/","title":{"rendered":"Publikace k 400 let obce"},"content":{"rendered":"\n<div class=\"wp-block-image is-style-default\"><figure class=\"aligncenter is-resized\"><img loading=\"lazy\" src=\"http:\/\/covecer.cz\/subdom\/kozarov\/wp-content\/uploads\/2021\/01\/titulni-729x1024.jpg\" alt=\"\" class=\"wp-image-1068\" width=\"547\" height=\"768\" srcset=\"http:\/\/covecer.cz\/subdom\/kozarov\/wp-content\/uploads\/2021\/01\/titulni-729x1024.jpg 729w, http:\/\/covecer.cz\/subdom\/kozarov\/wp-content\/uploads\/2021\/01\/titulni-214x300.jpg 214w, http:\/\/covecer.cz\/subdom\/kozarov\/wp-content\/uploads\/2021\/01\/titulni-768x1078.jpg 768w, http:\/\/covecer.cz\/subdom\/kozarov\/wp-content\/uploads\/2021\/01\/titulni-1094x1536.jpg 1094w, http:\/\/covecer.cz\/subdom\/kozarov\/wp-content\/uploads\/2021\/01\/titulni-1458x2048.jpg 1458w, http:\/\/covecer.cz\/subdom\/kozarov\/wp-content\/uploads\/2021\/01\/titulni.jpg 1707w\" sizes=\"(max-width: 547px) 100vw, 547px\" \/><\/figure><\/div>\n\n\n\n<h2>Obsah<\/h2>\n\n\n\n<ul><li><a href=\"http:\/\/covecer.cz\/subdom\/kozarov\/publikace-k-400-let-obce\/#slovouvodem\">Slovo \u00favodem<\/a><\/li><li><a href=\"http:\/\/covecer.cz\/subdom\/kozarov\/publikace-k-400-let-obce\/#geografickapoloha\">Geografick\u00e1 poloha<\/a><\/li><li><a href=\"http:\/\/covecer.cz\/subdom\/kozarov\/publikace-k-400-let-obce\/#geologieoblasti\">Geologie oblasti<\/a><\/li><li><a href=\"http:\/\/covecer.cz\/subdom\/kozarov\/publikace-k-400-let-obce\/#geomorfologie\">Geomorfologie<\/a><\/li><li><a href=\"http:\/\/covecer.cz\/subdom\/kozarov\/publikace-k-400-let-obce\/#pamatky\">Pam\u00e1tky<\/a><\/li><li><a href=\"http:\/\/covecer.cz\/subdom\/kozarov\/publikace-k-400-let-obce\/#podnebiapocasi\">Podneb\u00ed a po\u010das\u00ed<\/a><\/li><li><a href=\"http:\/\/covecer.cz\/subdom\/kozarov\/publikace-k-400-let-obce\/#pozaryvobci\">Po\u017e\u00e1ry v obci<\/a><\/li><li><a href=\"http:\/\/covecer.cz\/subdom\/kozarov\/publikace-k-400-let-obce\/#zhistoriekozarova\">Z historie Koz\u00e1rova<\/a><\/li><li><a href=\"http:\/\/covecer.cz\/subdom\/kozarov\/publikace-k-400-let-obce\/#historievdatech\">Historie v datech<\/a><\/li><li><a href=\"http:\/\/covecer.cz\/subdom\/kozarov\/publikace-k-400-let-obce\/#pouzitaliteraturaamaterialy\">Pou\u017eit\u00e1 literatura a materi\u00e1ly<\/a><\/li><\/ul>\n\n\n\n<h2 id=\"slovouvodem\">Slovo \u00favodem<\/h2>\n\n\n\n<p>V\u00e1\u017een\u00ed \u010dten\u00e1\u0159i,<\/p>\n\n\n\n<p>do rukou se V\u00e1m dost\u00e1v\u00e1 publikace, vydan\u00e1 u p\u0159\u00edle\u017eitosti \u010dty\u0159st\u00e9ho v\u00fdro\u010d\u00ed zalo\u017een\u00ed obce Koz\u00e1rov.<\/p>\n\n\n\n<p>Motivac\u00ed k naps\u00e1n\u00ed t\u00e9to publikace byla snaha pos\u00edlit vztahy ob\u010dan\u016f k m\u00edstu sv\u00e9ho rodi\u0161t\u011b a sezn\u00e1mit ve\u0159ejnost s minulost\u00ed na\u0161\u00ed vesnice.<\/p>\n\n\n\n<p>Na\u0161\u00edm c\u00edlem nebylo vytvo\u0159it odbornou publikaci, ale shrom\u00e1\u017edit z\u00e1kladn\u00ed informace, mnohalet\u00e9 zku\u0161enosti, poznatky, kter\u00e9 by m\u011bly slou\u017eit ob\u010dan\u016fm k pochopen\u00ed a prohlouben\u00ed jejich sebev\u011bdom\u00ed o sv\u00e9m rodn\u00e9m kraji, k tomu, co vytvo\u0159ili a n\u00e1m zachovali na\u0161i p\u0159edkov\u00e9.<\/p>\n\n\n\n<p>D\u011bkuji v\u0161em autor\u016fm pod\u00edlej\u00edc\u00edch se jak\u00fdmkoliv zp\u016fsobem na vzniku t\u00e9to publikace. Franti\u0161ku Sedl\u00e1\u010dkovi za spolupr\u00e1ci p\u0159i zpracov\u00e1n\u00ed historick\u00e9 \u010d\u00e1sti, ing. Franti\u0161ku Mlate\u010dkovi za materi\u00e1ly Ok\u00da. V neposledn\u00ed \u0159ad\u011b vyslovuji pod\u011bkov\u00e1n\u00ed Obecn\u00edmu \u00fa\u0159adu Koz\u00e1rov.<\/p>\n\n\n\n<p>V Koz\u00e1rov\u011b dne 8. 6. 2001<\/p>\n\n\n\n<p class=\"has-text-align-right\">Lucie Sedl\u00e1\u010dkov\u00e1<\/p>\n\n\n\n<h2 id=\"geografickapoloha\">Geografick\u00e1 poloha<\/h2>\n\n\n\n<p>Obec Koz\u00e1rov se rozkl\u00e1d\u00e1&nbsp; uprost\u0159ed troj\u00faheln\u00edku m\u011bst Ti\u0161nov, Boskovice a Byst\u0159ice nad Pern\u0161tejnem v&nbsp;okrese Blansko. P\u0159esn\u011bji na z\u00e1padn\u00edm \u00fabo\u010d\u00ed vrchu \u201c Babylonu\u201c na \u010ceskomoravsk\u00e9 vrchovin\u011b, v&nbsp;kr\u00e1sn\u00e9m kopcovit\u00e9m ter\u00e9nu s&nbsp;dalek\u00fdmi v\u00fdhledy a s&nbsp;nadmo\u0159skou v\u00fd\u0161kou 614 m.- sev. 15 km od Ti\u0161nova. Koz\u00e1rovsk\u00fdmi \u201esousedy\u201c jsou obce: Kun\u010dina Ves, Bed\u0159ichov, Strha\u0159e a Ra\u0161ov. Nejbli\u017e\u0161\u00ed v\u011bt\u0161\u00ed m\u011bsta jsou Blansko&nbsp; (22 km), Boskovice (19 km), Ti\u0161nov (15 km) a Kun\u0161t\u00e1t (15 km).<\/p>\n\n\n\n<p>Dopravn\u00ed spojen\u00ed zaji\u0161\u0165uje autobusov\u00e1 doprava, a to ve sm\u011bru na&nbsp;Blansko a Boskovice p\u011bt dn\u00ed v&nbsp;t\u00fddnu. Nem\u00e9n\u011b v\u00fdznamn\u00e1 je ov\u0161em i obec Lysice, kter\u00e1 Koz\u00e1rovu (spole\u010dn\u011b s&nbsp;dal\u0161\u00edmi obcemi) poskytuje \u0159adu slu\u017eeb, jako nap\u0159. mate\u0159skou \u0161kolu, z\u00e1kladn\u00ed \u0161kolu, zdravotnick\u00e9 za\u0159\u00edzen\u00ed, n\u011bkter\u00e9 obchody, po\u0161tu, pracovn\u00ed p\u0159\u00edle\u017eitosti\u2026\u2026<\/p>\n\n\n\n<p>Z hlediska sp\u00e1dovosti m\u011bla a\u017e do 70. let obdobn\u00fd v\u00fdznam i obec Lomnice u Ti\u0161nova.<\/p>\n\n\n\n<h2 id=\"geologieoblasti\">Geologie oblasti<\/h2>\n\n\n\n<p>Z&nbsp;hlediska region\u00e1ln\u00edho \u010dlen\u011bn\u00ed povrchu pat\u0159\u00ed Koz\u00e1rovsko k&nbsp;provincii \u010cesk\u00e1 vyso\u010dina. Ta se d\u00e1le d\u011bl\u00ed na subprovincie, oblasti, celky a podcelky. V&nbsp;na\u0161em p\u0159\u00edpad\u011b jde o subprovincii \u010cesko-moravskou, oblast \u2013 \u010ceskomoravsk\u00e1 vrchovina, celek \u2013 Hornosvrateck\u00e1 vrchovina, podcelek \u2013 Nedv\u011bdick\u00e1 vrchovina.<\/p>\n\n\n\n<p>R\u00e1z krajiny je kopcovit\u00fd. Dom\u00e9nou \u00fazem\u00ed je kopec Babylon (664 m.n.m.).<\/p>\n\n\n\n<p>V&nbsp;pom\u011brn\u011b rozs\u00e1hl\u00e9m \u00fazem\u00ed \u2013 odborn\u011b naz\u00fdv\u00e1no krystalikum \u2013 se nach\u00e1z\u00ed rula. Je to velmi star\u00e1 p\u0159em\u011bn\u011bn\u00e1 hornina. Vznikla patrn\u011b ve starohor\u00e1ch, asi p\u0159ed p\u016fl miliardou let. T\u00e1hne se v&nbsp;\u0161irok\u00e9m pruhu od Lomnice na sever kolem Koz\u00e1rova, Bed\u0159ichova, \u010cernovic, Hodon\u00edna, Tasovic, \u0160t\u011bchova, Lysic a d\u00e1le. Na&nbsp;vzhled jsou ruly dosti rozmanit\u00e9, proto\u017ee byly rozmanit\u00e9 i p\u016fvodn\u00ed horniny, ze kter\u00fdch vznikaly. Z&nbsp;vyv\u0159elin vznikaly ortoruly, nap\u0159\u00edklad b\u00edte\u0161sk\u00e1 rula, kter\u00e1 tvo\u0159\u00ed rozs\u00e1hlou oblast kolem Koz\u00e1rova, Bed\u0159ichova, Hodon\u00edna a Tasovic.<\/p>\n\n\n\n<h2 id=\"geomorfologie\">Geomorfologie<\/h2>\n\n\n\n<p>Katastr obce Koz\u00e1rov se nach\u00e1z\u00ed v&nbsp;z\u00e1padn\u00ed \u010d\u00e1sti okresu Blansko na rozhran\u00ed zem\u011bd\u011blsk\u00e9 krajiny Boskovick\u00e9 br\u00e1zdy a Svrateck\u00e9 hornatiny.<\/p>\n\n\n\n<p>Krajina zde m\u00e1 zem\u011bd\u011blsko \u2013 lesn\u00ed charakter, rozloha katastru a \u010dlen\u011bn\u00ed na jednotliv\u00e9 kultury je n\u00e1sleduj\u00edc\u00ed:<\/p>\n\n\n\n<p>(\u00fadaje jsou v&nbsp;ha)<\/p>\n\n\n\n<figure class=\"wp-block-table aligncenter\"><table><tbody><tr><td class=\"has-text-align-center\" data-align=\"center\">N\u00e1zev katastru<\/td><td class=\"has-text-align-center\" data-align=\"center\">Plocha Celkem<\/td><td class=\"has-text-align-center\" data-align=\"center\">Zem\u011bd. p\u016fda<\/td><td class=\"has-text-align-center\" data-align=\"center\">Lesn\u00ed p\u016fda<\/td><td class=\"has-text-align-center\" data-align=\"center\">Rybn\u00edky<\/td><td class=\"has-text-align-center\" data-align=\"center\">Ostatn\u00ed vody<\/td><td class=\"has-text-align-center\" data-align=\"center\">Zastav. plochy<\/td><td class=\"has-text-align-center\" data-align=\"center\">Ostatn\u00ed plochy<\/td><\/tr><tr><td class=\"has-text-align-center\" data-align=\"center\">Koz\u00e1rov<\/td><td class=\"has-text-align-center\" data-align=\"center\">229,49<\/td><td class=\"has-text-align-center\" data-align=\"center\">148,88<\/td><td class=\"has-text-align-center\" data-align=\"center\">68,06<\/td><td class=\"has-text-align-center\" data-align=\"center\">0,00<\/td><td class=\"has-text-align-center\" data-align=\"center\">0,01<\/td><td class=\"has-text-align-center\" data-align=\"center\">2,41<\/td><td class=\"has-text-align-center\" data-align=\"center\">10,13<\/td><\/tr><\/tbody><\/table><\/figure>\n\n\n\n<p>\u00dazem\u00ed le\u017e\u00ed p\u0159i jihov\u00fdchodn\u00edm okraji \u010ceskomoravsk\u00e9 vrchoviny, v&nbsp;geomorfologick\u00e9m okrsku S\u00fdko\u0159sk\u00e1 hornatina. Reli\u00e9f m\u00e1 parametry \u010dlenit\u00e9 vrchoviny a\u017e ploch\u00e9 hornatiny a pohybuje se v&nbsp;rozmez\u00ed nadmo\u0159sk\u00fdch v\u00fd\u0161ek od 510 metr\u016f (\u00fadol\u00ed Koz\u00e1rovsk\u00e9ho potoka JZ od obce) po 664 m.n.m. (kopec Babylon&nbsp;\u2013&nbsp;Koz\u00e1rovsk\u00fd kopec sev. od obce). Reli\u00e9f se tedy celkov\u011b zved\u00e1 od SZ- JV.<\/p>\n\n\n\n<div class=\"wp-block-image is-style-default\"><figure class=\"aligncenter size-large is-resized\"><img loading=\"lazy\" src=\"http:\/\/covecer.cz\/subdom\/kozarov\/wp-content\/uploads\/2021\/01\/02-1024x659.jpg\" alt=\"\" class=\"wp-image-1087\" width=\"768\" height=\"494\" srcset=\"http:\/\/covecer.cz\/subdom\/kozarov\/wp-content\/uploads\/2021\/01\/02-1024x659.jpg 1024w, http:\/\/covecer.cz\/subdom\/kozarov\/wp-content\/uploads\/2021\/01\/02-300x193.jpg 300w, http:\/\/covecer.cz\/subdom\/kozarov\/wp-content\/uploads\/2021\/01\/02-768x494.jpg 768w, http:\/\/covecer.cz\/subdom\/kozarov\/wp-content\/uploads\/2021\/01\/02.jpg 1406w\" sizes=\"(max-width: 768px) 100vw, 768px\" \/><\/figure><\/div>\n\n\n\n<p>Z&nbsp;geologick\u00e9ho hlediska se jedn\u00e1 o sou\u010d\u00e1st Svrateck\u00e9 klenby, tvo\u0159en\u00e9 p\u0159ev\u00e1\u017en\u011b b\u00edte\u0161sk\u00fdmi ortorulami, jejich\u017e v\u00fdchoz\u00ed m\u00edsta vych\u00e1zej\u00ed a\u017e na povrch.<\/p>\n\n\n\n<p>V&nbsp;\u00fazem\u00ed se zachovaly i tradi\u010dn\u00ed formy antropogenn\u00ed modelace reli\u00e9fu, p\u0159edev\u0161\u00edm meze a star\u00e9 agr\u00e1rn\u00ed terasy, m\u00edsty s&nbsp;kamenicemi a se zbytky nezpevn\u011bn\u00fdch kamenn\u00fdch z\u00eddek.<\/p>\n\n\n\n<h3>Vodn\u00ed toky a plochy<\/h3>\n\n\n\n<p>Katastr obce Koz\u00e1rov je sou\u010d\u00e1st\u00ed hlavn\u00edho povod\u00ed \u0159eky Moravy, d\u00edl\u010d\u00ed \u00fasek povod\u00ed Svratky. Nejv\u00fdznamn\u011bj\u0161\u00edm tokem \u0161ir\u0161\u00edho regionu je Bes\u00e9nek. Popisovan\u00fdm \u00fazem\u00edm prot\u00e9k\u00e1 Koz\u00e1rovsk\u00fd potok (pramen\u00edc\u00edm na ji\u017en\u00edm okraji obce Koz\u00e1rov), na jeho\u017e st\u0159edn\u00edm toku je v&nbsp;les\u00edch vybudov\u00e1na reten\u010dn\u00ed n\u00e1dr\u017e.<\/p>\n\n\n\n<p>Ze souboru map fyzickogeografick\u00e9 regionalizace \u010cR vypl\u00fdv\u00e1, \u017ee popisovan\u00fd katastr spad\u00e1 do oblasti m\u00e1lo vodn\u00e9. Reten\u010dn\u00ed schopnost je mal\u00e1, odtok st\u0159edn\u011b a\u017e siln\u011b rozkol\u00edsan\u00fd, koeficient odtoku st\u0159edn\u00ed.<\/p>\n\n\n\n<h3>P\u016fdn\u00ed pom\u011bry<\/h3>\n\n\n\n<p>Nejroz\u0161\u00ed\u0159en\u011bj\u0161\u00edm p\u016fdn\u00edm typem katastru je na zem\u011bd\u011blsk\u00e9m p\u016fdn\u00edm fondu m\u011blk\u00e1 hn\u011bd\u00e1 p\u016fda, na dal\u0161\u00edm po\u0159ad\u00ed n\u00e1sleduj\u00ed hn\u011bd\u00e1 p\u016fda kysel\u00e1 a hn\u011bd\u00e1 p\u016fda podzolov\u00e1 s&nbsp;m\u00edsty slab\u011b oglejen\u00fdmi (zamok\u0159en\u00fdmi) formami.<\/p>\n\n\n\n<p>V&nbsp;r\u00e1mci lesn\u00edho p\u016fdn\u00edho fondu je zastoupen\u00ed p\u016fd obdobn\u00e9: p\u0159eva\u017euj\u00ed st\u0159edn\u011b bohat\u00e9 hn\u011bd\u00e9 p\u016fdy, n\u00e1sleduj\u00ed hn\u011bd\u00e9 p\u016fdy kysel\u00e9.<\/p>\n\n\n\n<p>V&nbsp;\u00fadol\u00ed potoka a \u00fa\u017elabin\u00e1ch se vyskytuj\u00ed p\u016fdy zamok\u0159en\u00e9.<\/p>\n\n\n\n<h3>Biogeografick\u00e1 charakteristika<\/h3>\n\n\n\n<p>Pom\u011brn\u011b vysok\u00e1 r\u016fznorodost rostlinn\u00e9ho pokryvu a vyskytuj\u00edc\u00edch se \u017eivo\u010dich\u016f (biodiverzita) je podm\u00edn\u011bna p\u0159edev\u0161\u00edm geografickou polohou a \u010dlenitost\u00ed reli\u00e9fu.<\/p>\n\n\n\n<p>V&nbsp;r\u00e1mci biogeografick\u00e9 diferenciace a skupin typ\u016f geobioc\u00e9nu pat\u0159\u00ed ji\u017en\u00ed \u010d\u00e1st \u00fazem\u00ed katastru Koz\u00e1rov do&nbsp;4.&nbsp;\u2013 bukov\u00e9ho vegeta\u010dn\u00edho stupn\u011b, severn\u00ed \u010d\u00e1st do 5. \u2013 jedlobukov\u00e9ho vegeta\u010dn\u00edho stupn\u011b.<\/p>\n\n\n\n<p>Floru katastru tvo\u0159\u00ed byliny ve vztahu k&nbsp;z\u00e1sobenosti podlo\u017e\u00ed st\u0159edn\u011b n\u00e1ro\u010dn\u00e9, v&nbsp;les\u00edch p\u0159evl\u00e1daj\u00ed druhy st\u0159edoevropsk\u00fdch listnat\u00fdch a sm\u00ed\u0161en\u00fdch les\u016f.<\/p>\n\n\n\n<p>Faunu tvo\u0159\u00ed bohat\u00fd soupis pta\u010d\u00edch druh\u016f a lesn\u00ed zv\u011b\u0159e.<\/p>\n\n\n\n<h3>V\u00fdznam \u00fazem\u00ed pro zachov\u00e1n\u00ed genofondu krajiny<\/h3>\n\n\n\n<p>\u00dazem\u00ed katastru obce Koz\u00e1rov m\u00e1 pro svou polohu a r\u016fznorodost velk\u00fd v\u00fdznam pro zachov\u00e1n\u00ed vz\u00e1cn\u00e9ho&nbsp;genofondu krajiny.<\/p>\n\n\n\n<p>Z&nbsp;p\u0159\u00edrod\u011b bl\u00edzk\u00fdch a\u017e p\u0159irozen\u00fdch typ\u016f vegetace jsou zde v&nbsp;tomto sm\u011bru nejv\u00fdznamn\u011bj\u0161\u00ed zbytky listnat\u00fdch les\u016f (bukov\u00fdch s&nbsp;habrem, javorem, jasanem a l\u00edpou, v&nbsp;mok\u0159in\u00e1ch ol\u0161ov\u00fdch), mimo lesn\u00ed formace pak r\u016fzn\u00e9 druhy ladn\u00edch spole\u010denstev.<\/p>\n\n\n\n<p>Tato skute\u010dnost se pak odr\u00e1\u017e\u00ed p\u0159edev\u0161\u00edm ve faktu, \u017ee z&nbsp;hlediska v\u0161eobecn\u00e9 a velkoplo\u0161n\u00e9 ochrany krajiny je tato z\u00e1padn\u00ed \u010d\u00e1st okresu Blansko chr\u00e1n\u011bna vyhl\u00e1\u0161en\u00fdm syst\u00e9mem celkem t\u0159\u00ed p\u0159\u00edrodn\u00edch park\u016f.<\/p>\n\n\n\n<h3>P\u0159\u00edrodn\u00ed parky<\/h3>\n\n\n\n<p>P\u0159\u00edrodn\u00ed parky jsou z\u0159izov\u00e1ny za \u00fa\u010delem ochrany v\u011bt\u0161\u00edho vymezen\u00e9ho \u00fazem\u00ed (kter\u00e9 nen\u00ed chr\u00e1n\u011bno jinou kategori\u00ed ochrany, nap\u0159. jako chr\u00e1n\u011bn\u00e1 krajinn\u00e1 oblast) s&nbsp;v\u00fdznamn\u00fdmi soust\u0159ed\u011bn\u00fdmi biologick\u00fdmi a&nbsp;estetick\u00fdmi hodnotami.<\/p>\n\n\n\n<p>Posl\u00e1n\u00edm p\u0159\u00edrodn\u00edch park\u016f je zachovat a podpo\u0159it p\u0159\u00edrodn\u00ed a kulturn\u00ed hodnoty vyv\u00e1\u017een\u00e9 krajiny. D\u016fvody pro jejich z\u0159\u00edzen\u00ed jsou tedy biologicko \u2013 krajin\u00e1\u0159sk\u00e9, kdy velk\u00fd d\u016fraz je zde kladen na zachov\u00e1n\u00ed tzv. krajinn\u00e9ho r\u00e1zu. P\u0159i z\u0159izov\u00e1n\u00ed p\u0159\u00edrodn\u00edch park\u016f se p\u0159edev\u0161\u00edm p\u0159edpokl\u00e1d\u00e1 zachov\u00e1n\u00ed p\u0159irozen\u00e9 mozaikovitosti takto chr\u00e1n\u011bn\u00e9 krajiny: uchov\u00e1n\u00ed trval\u00fdch travn\u00edch porost\u016f, orn\u00e9 p\u016fdy, rozpt\u00fdlen\u00e9 zelen\u011b, okraj\u016f les\u016f zpevn\u011bn\u00fdch p\u00e1sy k\u0159ovin, ponech\u00e1n\u00ed star\u00fdch strom\u016f na hrani\u010dn\u00edch lini\u00edch a pod.<\/p>\n\n\n\n<p>V&nbsp;z\u00e1padn\u00ed \u010d\u00e1sti okresu jsou Okresn\u00edm \u00fa\u0159adem Blansko \u2013 refer\u00e1tem \u017eivotn\u00edho prost\u0159ed\u00ed vyhl\u00e1\u0161eny p\u0159\u00edrodn\u00ed parky Halasovo Kun\u0161t\u00e1tsko, Svrateck\u00e1 hornatina a Lysicko, katastr Koz\u00e1rov le\u017e\u00ed na hranic\u00edch p\u0159\u00edrodn\u00edho parku Svrateck\u00e1 hornatina a Lysicko:<\/p>\n\n\n\n<p><strong>P\u0159\u00edrodn\u00ed park Svrateck\u00e1 hornatina<\/strong>&nbsp;(p\u016fvodn\u00ed vyhl\u00e1\u0161ka ze dne 4. \u0159\u00edjna 1990, novela vyhl\u00e1\u0161ky ke dni 1.9.1995, plocha na okr. Blansko 100,7 km \u010dtvere\u010dn\u00edch), zahrnuje podstatnou \u010d\u00e1st katastru Koz\u00e1rov.<\/p>\n\n\n\n<p>P\u0159\u00edrodn\u00ed park Lysicko (vyhl\u00e1\u0161ka ze dne 20.4.1994, celkov\u00e1 plocha 40,2 km. \u010dtvere\u010dn\u00edch), v&nbsp;popisovan\u00e9m \u00fazem\u00ed le\u017e\u00ed pouze severn\u00ed \u010d\u00e1st katastru obce kolem Babylonu.<\/p>\n\n\n\n<h3>Zvl\u00e1\u0161t\u011b chr\u00e1n\u011bn\u00e1 \u00fazem\u00ed<\/h3>\n\n\n\n<p>Tato kategorie ochrany nen\u00ed na \u00fazem\u00ed katastru zastoupena.<\/p>\n\n\n\n<h3>V\u00fdznamn\u00e9 krajinn\u00e9 prvky<\/h3>\n\n\n\n<p>V\u00fdznamn\u00e9 krajinn\u00e9 prvky jsou ekologicky, geomorfologicky nebo esteticky (tedy krajin\u00e1\u0159sky) hodnotn\u00e9 \u010d\u00e1sti krajiny, kter\u00e9 utv\u00e1\u0159ej\u00ed jej\u00ed typick\u00fd vzhled nebo p\u0159isp\u00edvaj\u00ed k&nbsp;udr\u017een\u00ed jej\u00ed stability.<\/p>\n\n\n\n<p>Ve vyli\u0161en\u00e9m z\u00e1jmov\u00e9m \u00fazem\u00ed jsou refer\u00e1tem \u017eivotn\u00edho prost\u0159ed\u00ed Okresn\u00edho \u00fa\u0159adu Blansko vyli\u0161eny a&nbsp;evidov\u00e1ny tyto v\u00fdznamn\u00e9 krajinn\u00e9 prvky:<\/p>\n\n\n\n<p><strong>Koz\u00e1rovsk\u00fd h\u00e1jek:<\/strong>&nbsp;le\u017e\u00ed cca 0,5 km jiho-jihoz\u00e1padn\u011b od Koz\u00e1rova u objektu \u017eivo\u010di\u0161n\u00e9 v\u00fdroby. \u0160iroce klenut\u00fd h\u0159bet v\u00fdchodn\u00edho okraje S\u00fdko\u0159sk\u00e9 pahorkatiny, spadaj\u00edc\u00ed sm\u011brem k&nbsp;jihu, z&nbsp;jeho\u017e pom\u011brn\u011b ploch\u00e9ho reli\u00e9fu vystupuje \u0159ada izolovan\u00fdch vyv\u00fd\u0161enin, pahork\u016f a tzv. \u201esou\u010dk\u016f\u201c. Jedn\u00edm z&nbsp;nich je pr\u00e1v\u011b Koz\u00e1rovsk\u00fd h\u00e1jek. Ve vztahu k&nbsp;nejbli\u017e\u0161\u00edmu okol\u00ed se jedn\u00e1 o n\u00edzk\u00fd pahorek v&nbsp;nadmo\u0159sk\u00e9 v\u00fd\u0161ce 580 \u2013 599 m., kde vystupuje kamenit\u011b se rozpadaj\u00edc\u00ed skaln\u00ed podlo\u017e\u00ed b\u00edte\u0161sk\u00fdch rul bl\u00edzko k&nbsp;povrchu. Povrch je proto siln\u011b kamenit\u00fd, pod\u00e9l okraj\u016f h\u00e1jk\u016f jsou kamenice z&nbsp;ploch\u00fdch rulov\u00fdch kamen\u016f, vyn\u00e1\u0161en\u00fdch z&nbsp;okoln\u00edch pol\u00ed. Jedn\u00e1 se o m\u00edrn\u011b teplou, siln\u011b v\u011btrnou vrcholovou polohu.<\/p>\n\n\n\n<p>Jedn\u00e1 se o izolovan\u00fd les\u00edk uprost\u0159ed pol\u00ed, jeden z&nbsp;nejv\u00fd\u0161e polo\u017een\u00fdch habrov\u00fdch h\u00e1jk\u016f (pravd\u011bpodobn\u011b v\u00fdmladkov\u00e9ho p\u016fvodu) v&nbsp;r\u00e1mci cel\u00e9 \u010ceskomoravsk\u00e9 vrchoviny. Fytogeograficky zaj\u00edmav\u00fd p\u0159\u00edklad p\u0159irozen\u00e9ho v\u00fdskytu teplomiln\u011bj\u0161\u00ed d\u0159eviny v&nbsp;relativn\u011b vysok\u00e9 nadmo\u0159sk\u00e9 v\u00fd\u0161ce (t\u00e9m\u011b\u0159 600 m.n.m.). Vz\u00e1cn\u011b je vtrou\u0161en buk, p\u0159i ji\u017en\u00edm okraji je um\u011ble vys\u00e1zena borovice lesn\u00ed, na okraj\u00edch les\u00edku rostou b\u0159\u00edza bradavi\u010dnat\u00e1, r\u016f\u017ee \u0161\u00edpkov\u00e1 a teplomiln\u00e9 hlohy.<\/p>\n\n\n\n<p>Druhov\u011b pom\u011brn\u011b pestr\u00fd bylinn\u00fd podrost s&nbsp;ostr\u016fvkovitou pokryvnost\u00ed tvo\u0159\u00ed s&nbsp;p\u0159evl\u00e1daj\u00edc\u00edm zastoupen\u00edm konvalinka vonn\u00e1 a pstro\u010dek dvoulist\u00fd. Charakteristicky se zde vyskytuj\u00ed m\u00e9n\u011b n\u00e1ro\u010dn\u00e9 teplomiln\u00e9 byliny:&nbsp;\u010dern\u00fd\u0161 hajn\u00ed, pry\u0161ec chvojka, \u010dilimn\u00edk n\u00edzk\u00fd a rozchodn\u00edk velik\u00fd nejv\u011bt\u0161\u00ed.<\/p>\n\n\n\n<p>D\u016fle\u017eit\u00e9 refugium (\u00fato\u010di\u0161t\u011b) ptactva a zv\u011b\u0159e uprost\u0159ed pol\u00ed je z&nbsp;krajin\u00e1\u0159sk\u00e9ho hlediska tento h\u00e1jek esteticky v\u00fdznamn\u00fd prvek.<\/p>\n\n\n\n<p><strong>Koz\u00e1rovsk\u00fd kopec:<\/strong>&nbsp;le\u017e\u00ed cca 0,2 km v\u00fdchodn\u011b od Koz\u00e1rova u fotbalov\u00e9ho h\u0159i\u0161t\u011b v&nbsp;nadmo\u0159sk\u00e9 v\u00fd\u0161ce 664 m. Kulmina\u010dn\u00ed \u010d\u00e1st S\u00fdko\u0159sk\u00e9 hornatiny p\u0159i v\u00fdchodn\u00edm okraji \u010ceskomoravsk\u00e9 vrchoviny. Lokalita zauj\u00edm\u00e1 st\u0159edn\u00ed \u010d\u00e1st JZ svah\u016f koz\u00e1rovsk\u00e9ho kopce (\u00fa\u0159edn\u011b naz\u00fdvan\u00e9ho Babylon), kter\u00fd je charakteristickou, ji\u017e z&nbsp;d\u00e1lky dob\u0159e patrnou vyv\u00fd\u0161eninou na vrcholov\u00e9m h\u0159betu, sm\u011b\u0159uj\u00edc\u00edho nad Koz\u00e1rov ze severu, m\u00edrn\u011b chladn\u00e1, siln\u011b v\u011btrn\u00e1 vrcholov\u00e1 poloha.<\/p>\n\n\n\n<p>Zbytek harmonick\u00e9 kulturn\u00ed krajiny, vznikl\u00e9 tradi\u010dn\u00edm&nbsp; maloplo\u0161n\u00fdm zp\u016fsobem zem\u011bd\u011blsk\u00e9ho obhospoda\u0159ov\u00e1n\u00ed \u2013 svahy jsou zde pod\u00e9ln\u011b roz\u010dlen\u011bny soustavou mez\u00ed s kamenicemi. Zachov\u00e1na je&nbsp;mozaika drobn\u00fdch pol\u00ed\u010dek, polokulturn\u00edch luk a lad, roz\u010dlen\u011bn\u00fdch d\u0159evinn\u00fdmi liniemi na mez\u00edch s&nbsp;kamenicemi. Jedn\u00e1 se o p\u011bkn\u00e9 uk\u00e1zky tradi\u010dn\u00edch antropogenn\u00edch (\u010dlov\u011bkem ovlivn\u011bn\u00fdch) forem reli\u00e9fu&nbsp;\u2013&nbsp;mez\u00ed a kamenic.<\/p>\n\n\n\n<p>Zbytky region\u00e1ln\u011b siln\u011b ohro\u017een\u00e9ho spole\u010denstva t\u0159\u00eddy Nardo-Callunetea v&nbsp;relativn\u011b vysok\u00e9 nadmo\u0159sk\u00e9 v\u00fd\u0161ce&nbsp;s v\u00fdskytem n\u011bkter\u00fdch m\u00e9n\u011b n\u00e1ro\u010dn\u00fdch teplomiln\u00fdch rostlin, jako jsou nap\u0159. devatern\u00edk pen\u00edzkovit\u00fd, \u010dilimn\u00edk n\u00edzk\u00fd, trojzubec pol\u00e9hav\u00fd aj. V&nbsp;drobn\u00fdch pol\u00edch je m\u00edsty hojn\u00e1 region\u00e1ln\u011b siln\u011b ohro\u017een\u00e1 chrpa modr\u00e1k.<\/p>\n\n\n\n<p>Lokalita je hn\u00edzdi\u0161t\u011bm ohro\u017een\u00fdch druh\u016f pt\u00e1k\u016f \u2013 \u0165uh\u00fdka obecn\u00e9ho a k\u0159epelky obecn\u00e9.<\/p>\n\n\n\n<p><strong>Koz\u00e1rovsk\u00fd potok:<\/strong>&nbsp;kat. \u00fazem\u00ed Koz\u00e1rov.Vodn\u00ed tok a jeho \u00fadoln\u00ed niva \u2013 v\u00fdznamn\u00fd krajinn\u00fd prvek.<\/p>\n\n\n\n<p><strong>Reten\u010dn\u00ed n\u00e1dr\u017e:<\/strong>&nbsp;na vodn\u00edm toku Koz\u00e1rovsk\u00e9ho potoka. Rybn\u00edk (vodn\u00ed n\u00e1dr\u017e) \u2013 v\u00fdznamn\u00fd krajinn\u00fd prvek.<\/p>\n\n\n\n<h3>\u00dazemn\u00ed syst\u00e9m ekologick\u00e9 stability krajiny<\/h3>\n\n\n\n<p>Ve vymezen\u00e9m z\u00e1jmov\u00e9m \u00fazem\u00ed byla p\u0159i vyli\u0161ov\u00e1n\u00ed generelu \u00fazemn\u00edho syst\u00e9mu ekologick\u00e9 stability navr\u017eena cel\u00e1 s\u00edt\u02c7 biocenter. N\u011bkter\u00e1 z&nbsp;nich (kter\u00e1 odpov\u00eddala p\u0159\u00edsn\u011bj\u0161\u00edm kriteri\u00edm) byla zahrnuta do s\u00edt\u011b ekologicky v\u00fdznamn\u00fdch segment\u016f krajiny a jsou nyn\u00ed vedena jako potenci\u00e1ln\u00ed zdroj v\u00fdznamn\u00fdch krajinn\u00fdch prvk\u016f.<\/p>\n\n\n\n<p>Na \u00fazem\u00ed katastru bylo vyli\u0161eno pouze biocentrum Ve vr\u0161\u00edch.<\/p>\n\n\n\n<p><strong>Ve vr\u0161\u00edch:<\/strong>&nbsp;lesn\u00ed biocentrum m\u00edstn\u00edho v\u00fdznamu, v\u00fdm\u011bra cca 3 ha. Nutn\u00e1 p\u0159em\u011bna sou\u010dasn\u00e9 smrkov\u00e9 monokultury na druhovou skladbu odpov\u00eddaj\u00edc\u00ed p\u0159\u00edrodn\u00edm podm\u00ednk\u00e1m, p\u0159edev\u0161\u00edm zaveden\u00ed listnat\u00e9 p\u0159\u00edm\u011bsi.<\/p>\n\n\n\n<h3>Pam\u00e1tn\u00e9 stromy<\/h3>\n\n\n\n<p>Pro katastr\u00e1ln\u00ed \u00fazem\u00ed Koz\u00e1rov nejsou v&nbsp;dostupn\u00fdch materi\u00e1lech uvedeny \u017e\u00e1dn\u00e9 registrovan\u00e9 pam\u00e1tn\u00e9 stromy.<\/p>\n\n\n\n<h2 id=\"pamatky\">Pam\u00e1tky<\/h2>\n\n\n\n<h3>C\u00edrkevn\u00ed pam\u00e1tky<\/h3>\n\n\n\n<p>Kaple sv. Anny byla vysv\u011bcena r.l919. Nad vchodem do kaple je um\u00edst\u011bn\u00fd kulat\u00fd obr\u00e1zek Panny Marie s&nbsp;d\u00edt\u011btem. Vedle kaple stoj\u00ed mramorov\u00fd k\u0159\u00ed\u017e z r. 1915, rovn\u011b\u017e se so\u0161kou Panny Marie v zasklen\u00e9m v\u00fdklenku.&nbsp;<\/p>\n\n\n\n<div class=\"wp-block-image is-style-default\"><figure class=\"aligncenter size-large is-resized\"><img loading=\"lazy\" src=\"http:\/\/covecer.cz\/subdom\/kozarov\/wp-content\/uploads\/2021\/01\/03-693x1024.jpg\" alt=\"\" class=\"wp-image-1092\" width=\"520\" height=\"768\" srcset=\"http:\/\/covecer.cz\/subdom\/kozarov\/wp-content\/uploads\/2021\/01\/03-693x1024.jpg 693w, http:\/\/covecer.cz\/subdom\/kozarov\/wp-content\/uploads\/2021\/01\/03-203x300.jpg 203w, http:\/\/covecer.cz\/subdom\/kozarov\/wp-content\/uploads\/2021\/01\/03-768x1135.jpg 768w, http:\/\/covecer.cz\/subdom\/kozarov\/wp-content\/uploads\/2021\/01\/03-1039x1536.jpg 1039w, http:\/\/covecer.cz\/subdom\/kozarov\/wp-content\/uploads\/2021\/01\/03-1386x2048.jpg 1386w, http:\/\/covecer.cz\/subdom\/kozarov\/wp-content\/uploads\/2021\/01\/03.jpg 1435w\" sizes=\"(max-width: 520px) 100vw, 520px\" \/><\/figure><\/div>\n\n\n\n<p>\u010cty\u0159i k\u0159\u00ed\u017ee se nach\u00e1zej\u00ed p\u0159i p\u0159\u00edjezdov\u00fdch cest\u00e1ch do obce: Litinov\u00fd k\u0159\u00ed\u017e na p\u00edskovcov\u00e9m podstavci u silnice ve sm\u011bru do Bed\u0159ichova v\u011bnovali Franti\u0161ek a Franti\u0161ka Vejrostovi v r.1869. Mramorov\u00fd k\u0159\u00ed\u017e za obc\u00ed u&nbsp;silnice do Ra\u0161ova a Kun\u010diny Vsi nese na podstavci mal\u00fd reli\u00e9f Panny Marie. Byl v r. 1903 v\u011bnov\u00e1n d\u011btmi zem\u0159el\u00e9ho Jana Lorence k uct\u011bn\u00ed pam\u00e1tky jeho i dvou Lorencov\u00fdch man\u017eelek. K\u0159\u00ed\u017e nese signaturu J. \u00dcberall v Nedv\u011bdici. Uprost\u0159ed louky u cesty do Strha\u0159\u016f stoj\u00ed dal\u0161\u00ed mramorov\u00fd k\u0159\u00ed\u017e rovn\u011b\u017e s reli\u00e9fem Panny Marie, kter\u00fd zde nechal zhotovit v r. 1909 Jan Tat\u00ed\u010dek s man\u017eelkou Annou. D\u0159ev\u011bn\u00fd&nbsp; k\u0159\u00ed\u017e&nbsp; s plechov\u00fdm korpusem Krista, nach\u00e1zej\u00edc\u00ed se u poln\u00ed cesty za vs\u00ed sm\u011brem do Osik, zbudoval v r. 1941 Vincenc Holcner. Tento k\u0159\u00ed\u017e byl v r. 2001 za pomoci m\u00edstn\u00edch ob\u010dan\u016f&nbsp; a&nbsp; Stanislava Kone\u010dn\u00e9ho z Ra\u0161ova&nbsp; zrestaurov\u00e1n.<\/p>\n\n\n\n<h3>Pomn\u00edky<\/h3>\n\n\n\n<p>Kamenn\u00fd kv\u00e1dr s k\u0159\u00ed\u017ekem a n\u00e1pisem LP 1809 v trati Krav\u00ed hlava (ve Vrankov\u00e9m lese na k.\u00fa. Ra\u0161ov) je&nbsp;snad p\u0159ipom\u00ednkou jedn\u00e9 z ob\u011bt\u00ed napoleonsk\u00fdch v\u00e1lek.Podle pov\u011bsti \u0161lo o \u00famrt\u00ed man\u017eelky jak\u00e9hosi francouzsk\u00e9ho d\u016fstojn\u00edka. Podle tradice zde m\u011bla b\u00fdt jen kovov\u00e1 schr\u00e1nka na strom\u011b a o ni m\u011bla na&nbsp;\u017e\u00e1dost Francouz\u016f pe\u010dovat jedna koz\u00e1rovsk\u00e1 rodina.<\/p>\n\n\n\n<div class=\"wp-block-image is-style-default\"><figure class=\"aligncenter size-large is-resized\"><img loading=\"lazy\" src=\"http:\/\/covecer.cz\/subdom\/kozarov\/wp-content\/uploads\/2021\/01\/03_1-1024x657.jpg\" alt=\"\" class=\"wp-image-1095\" width=\"768\" height=\"493\" srcset=\"http:\/\/covecer.cz\/subdom\/kozarov\/wp-content\/uploads\/2021\/01\/03_1-1024x657.jpg 1024w, http:\/\/covecer.cz\/subdom\/kozarov\/wp-content\/uploads\/2021\/01\/03_1-300x193.jpg 300w, http:\/\/covecer.cz\/subdom\/kozarov\/wp-content\/uploads\/2021\/01\/03_1-768x493.jpg 768w, http:\/\/covecer.cz\/subdom\/kozarov\/wp-content\/uploads\/2021\/01\/03_1.jpg 1435w\" sizes=\"(max-width: 768px) 100vw, 768px\" \/><\/figure><\/div>\n\n\n\n<h2 id=\"podnebiapocasi\">Podneb\u00ed a po\u010das\u00ed<\/h2>\n\n\n\n<p>Oblast Koz\u00e1rovska je m\u00edrn\u011b tepl\u00e1, ale s krat\u0161\u00edm l\u00e9tem a norm\u00e1ln\u00ed zimou.<\/p>\n\n\n\n<h3>Extr\u00e9mn\u00ed v\u00fdkyvy po\u010das\u00ed<\/h3>\n\n\n\n<ul><li>27. 5. 1922 pr\u016ftr\u017e mra\u010den \u2013 byly poni\u010deny obecn\u00ed cesty.<\/li><li>12. 7. 1922 po t\u0159\u00edhodinov\u00e9 pr\u016ftr\u017ei mra\u010den s krupobit\u00edm byla zni\u010dena \u00faroda. V\u0161e se podepsalo i&nbsp;na&nbsp;vzhledu vesnice.<\/li><li>25. 7. 1929 byla obec posti\u017eena dvacetiminutovou pr\u016ftr\u017e\u00ed mra\u010den, jen\u017e zni\u010dila zral\u00e9 obil\u00ed.<\/li><li>29. 5. 1941 bylo mo\u017en\u00e9 pozorovat kr\u00e1snou pol\u00e1rn\u00ed z\u00e1\u0159i. Tak\u00e9 v noci z 27. na 28. 6. 1946 byla viditeln\u00e1 pol\u00e1rn\u00ed z\u00e1\u0159e.<\/li><li>26. 6. 1955 za velk\u00e9 bou\u0159e ude\u0159il blesk do staven\u00ed \u010d. 7. Ohe\u0148 byl v\u010dasn\u00fdm z\u00e1sahem m\u00edstn\u00edho hasi\u010dsk\u00e9ho sboru uha\u0161en.&nbsp;V ten den sou\u010dasn\u011b ude\u0159ilo do domu Vil\u00e9ma Pa\u0159\u00edzka \u010d. 36. D\u016fm zap\u00e1len nebyl, ale tento blesk jeho majitele usmrtil.<\/li><li>Za\u010d\u00e1tkem roku 1956 byly velk\u00e9 mrazy dosahuj\u00edc\u00ed a\u017e -30 \u00b0C.<\/li><li>V roce 1957 p\u0159esahovaly letn\u00ed teploty +38 \u00b0C.<\/li><li>12. 2. 1961 bylo viditeln\u00e9 zatm\u011bn\u00ed Slunce, kter\u00e9 bylo t\u00e9m\u011b\u0159 z 9\/10 zakryto M\u011bs\u00edcem. Zatm\u011bn\u00ed trvalo od&nbsp;7:30 do 8:45.<\/li><li>6. 2. 1968 se p\u0159es obec p\u0159ehnala vich\u0159ice, kter\u00e1 m\u011bla za n\u00e1sledek zp\u0159etrhan\u00e9 telefonn\u00ed a elektrick\u00e9 veden\u00ed.<\/li><li>Za\u010d\u00e1tkem roku 1970 napadlo velmi mnoho sn\u011bhu.<\/li><li>15. 1. 1974 n\u00e1mraza na vozovce znemo\u017enila z\u00e1sobov\u00e1n\u00ed vesnice, bylo po\u0161kozeno elektrick\u00e9 veden\u00ed, n\u011bkter\u00e9 sloupy a stromy se vyvr\u00e1tily.<\/li><li>19. 6. 1986 zastihla obec a celou oblast Lomnicka bou\u0159e prov\u00e1zen\u00e1 krupobit\u00edm. Byly zaplaveny n\u011bkter\u00e9 sklepy, zni\u010dena \u00faroda. P\u0159\u00edval vody trval t\u0159i hodiny a napr\u0161elo kolem 170 mm vody. \u0160kody p\u0159es\u00e1hly milionov\u00e9 \u010d\u00e1stky.<\/li><li>V roce 1992 byla v l\u00e9t\u011b velk\u00e1 vedra od \u010dervna a\u017e do konce srpna.<\/li><li>11.8.1999 bylo viditeln\u00e9 zatm\u011bn\u00ed slunce. M\u011bs\u00ed\u010dn\u00ed kotou\u010d zakryl slunce z 9\/10. Zatm\u011bn\u00ed trvalo od&nbsp;10:22&nbsp;\u2013&nbsp;13:04<\/li><\/ul>\n\n\n\n<h2 id=\"pozaryvobci\">Po\u017e\u00e1ry v obci<\/h2>\n\n\n\n<ul><li>Roku 1887 vyho\u0159ely budovy od \u010d. 15 po \u010d. 11 a pozd\u011bji i hostinec na \u010d. 19.<\/li><li>5. 7. 1898 vyho\u0159ela cel\u00e1 usedlost Franti\u0161ka Pavl\u00ed\u010dka \u010d. 2.<\/li><li>Roku 1908 vyho\u0159el domek Anton\u00edna Pa\u0159\u00edzka \u010d.22.<\/li><li>26. 7. 1911 vyho\u0159ela od blesku usedlost Anton\u00edna \u0160pa\u010dka \u010d.10. V\u0161e lehlo popelem, jen dobytek byl st\u011b\u017e\u00ed vyveden.<\/li><li>11. 1. 1918 se odpoledne chytilo staven\u00ed \u010d. 35 M. Kaldov\u00e9, od n\u011bho pak staven\u00ed \u010d. 30. Ant. Buben\u00edkov\u00e9, domek \u010d.12. Vinc. Pa\u0159\u00edzkov\u00e9 a domek \u010d. 29 Fr. Buriana. Sho\u0159elo v\u0161e, jen chl\u00e9v p\u0159i \u010d. 30 byl uh\u00e1jen.<\/li><li>20. 7. 1930 se p\u0159i tane\u010dn\u00ed z\u00e1bav\u011b vz\u0148ala st\u0159echa kulturn\u00edho domu. R\u00e1zn\u00fdm z\u00e1sahem m\u00edstn\u00edho sboru byl po\u017e\u00e1r uha\u0161en.<\/li><li>26. 7. 1954 ve 13:30 vyho\u0159el d\u016fm \u0160t\u011bp\u00e1na Kom\u00e1rka \u010d.1. Cel\u00e9 staven\u00ed lehlo popelem a uho\u0159el zde \u010dty\u0159let\u00fd hoch.<\/li><li>26. 6. 1955 se od blesku vz\u0148ala Vejrostova stodola u domu \u010d.7. V\u010dasn\u00fdm z\u00e1sahem m\u00edstn\u00edho po\u017e\u00e1rn\u00edho sboru se poda\u0159ilo ne\u0161t\u011bst\u00ed odvr\u00e1tit.<\/li><li>Roku 1992 v \u010dervenci a srpnu byly v okol\u00ed obce zalo\u017eeny neuk\u00e1zn\u011bn\u00fdmi turisty t\u0159i lesn\u00ed po\u017e\u00e1ry.<\/li><li>8. 9. 1987 byl \u00famysln\u011b zap\u00e1len star\u00fd vep\u0159\u00edn JZD ur\u010den\u00fd k likvidaci v r\u00e1mci n\u00e1m\u011btov\u00e9ho cvi\u010den\u00ed z\u00e1chrann\u00fdch slo\u017eek okresu Blansko.<\/li><\/ul>\n\n\n\n<h2 id=\"zhistoriekozarova\">Z historie Koz\u00e1rova<\/h2>\n\n\n\n<p>Podle dostupn\u00fdch informac\u00ed jsou dv\u011b varianty vzniku n\u00e1zvu obce.<\/p>\n\n\n\n<ol><li>\u010cesk\u00fd n\u00e1zev mohl vzniknout od vlastn\u00edho jm\u00e9na \u201eKoz\u00e1r\u201c \u010di \u201eKoz\u00e1\u0159\u201c (koz\u00e1k, pas\u00e1k).<\/li><li>Ve star\u00fdch listin\u00e1ch se m\u016f\u017eeme do\u010d\u00edst, \u017ee na \u010d\u00edsle 1 bydlel usedl\u00fd jm\u00e9nem Kozarow. Od n\u011bho pravd\u011bpodobn\u011b p\u0159e\u0161lo jm\u00e9no i na vesnici.<\/li><\/ol>\n\n\n\n<p>O p\u016fvodu vesnice se nezachovalo \u017e\u00e1dn\u00fdch ur\u010dit\u00fdch zpr\u00e1v. Prvn\u00ed p\u00edsemn\u00e1 zm\u00ednka je z roku 1601, kdy Koz\u00e1rov pat\u0159il k panstv\u00ed lomnick\u00e9mu. Tehdy prodal Karel ze \u017derot\u00edna Old\u0159ichovi z Kounic za 50 000 zlat\u00fdch Moravsk\u00fd hrad s m\u011bste\u010dkem Lomnic\u00ed, pivovarem, \u010dty\u0159mi ml\u00fdny a vesnicemi, mezi nimi\u017e je jmenov\u00e1n pr\u00e1v\u011b i Koz\u00e1rov.<\/p>\n\n\n\n<p>V t\u00e9 dob\u011b bylo ve vesnici 16 dom\u016f, z toho 15 usedl\u00fdch. Jeden\u00e1ct polol\u00e1n\u00edk\u016f po t\u0159in\u00e1cti m\u011b\u0159ic\u00edch, \u010dty\u0159i \u010dtvrtl\u00e1n\u00edci po \u0161est a p\u016fl m\u011b\u0159ic\u00edch. V dom\u011b s \u010d\u00edslem 16. bydlel past\u00fd\u0159.<\/p>\n\n\n\n<p>Ve t\u0159icetilet\u00e9 v\u00e1lce zpustly t\u0159i a p\u016fl l\u00e1ny a 1 1\/4 l\u00e1nu. Kolem roku 1653 je\u0161t\u011b jeden a p\u016fl a 2 1\/4 l\u00e1nu. Tedy v letech \u0161edes\u00e1t\u00fdch 17. stolet\u00ed bylo obsazeno pouze 9 dom\u016f. 7 bylo zpustl\u00fdch. Tehdej\u0161\u00edm obyvatel\u016fm se&nbsp;nevedlo dob\u0159e. D\u016fkazem jsou neobydlen\u00e9 domy, ze kter\u00fdch lid\u00e9 ut\u00edkali. St\u00e1valo se \u010dasto, \u017ee vrchnost dosazovala na Koz\u00e1rov za trest a nebo i ty, kte\u0159\u00ed um\u011bli dob\u0159e hospoda\u0159it. Dostali chalupu a p\u016fdu, aby ji obd\u011blali a udr\u017eovali. Nen\u00ed se \u010demu divit, nebo\u0165 hospoda\u0159en\u00ed zde bylo opravdu obt\u00ed\u017en\u00e9.<\/p>\n\n\n\n<div class=\"wp-block-image is-style-default\"><figure class=\"alignleft size-large is-resized\"><img loading=\"lazy\" src=\"http:\/\/covecer.cz\/subdom\/kozarov\/wp-content\/uploads\/2021\/01\/04-1000x1024.jpg\" alt=\"\" class=\"wp-image-1102\" width=\"500\" height=\"512\" srcset=\"http:\/\/covecer.cz\/subdom\/kozarov\/wp-content\/uploads\/2021\/01\/04-1000x1024.jpg 1000w, http:\/\/covecer.cz\/subdom\/kozarov\/wp-content\/uploads\/2021\/01\/04-293x300.jpg 293w, http:\/\/covecer.cz\/subdom\/kozarov\/wp-content\/uploads\/2021\/01\/04-768x787.jpg 768w, http:\/\/covecer.cz\/subdom\/kozarov\/wp-content\/uploads\/2021\/01\/04.jpg 1313w\" sizes=\"(max-width: 500px) 100vw, 500px\" \/><\/figure><\/div>\n\n\n\n<p>P\u0159edn\u011b to byla robota, jen\u017e zabrala bez m\u00e1la t\u00e9m\u011b\u0159 v\u0161echen \u010das, tak\u017ee nezb\u00fdvalo v\u011bnovat se sv\u00e9mu. Poln\u00edho n\u00e1\u0159ad\u00ed, kter\u00e9 by usnad\u0148ovalo pr\u00e1ci, tak\u00e9 nebylo. A kone\u010dn\u011b byla to tak\u00e9 m\u00e1lo \u00farodn\u00e1 p\u016fda, je\u017e se stav\u011bla do cesty poln\u00edmu hospoda\u0159en\u00ed. O obt\u00ed\u017enosti t\u00e9to doby sv\u011bd\u010d\u00ed i fakt, \u017ee r. 1785 byl za trest majiteli usedlosti \u010d. 13 pro \u0161patn\u00e9 vykon\u00e1v\u00e1n\u00ed robotn\u00edch <\/p>\n\n\n\n<p>povinnost\u00ed postaven p\u0159ed d\u016fm hostinec a k n\u011bmu p\u0159id\u011blena polovi\u010dka pozemk\u016f, kter\u00e9 vrchnost odebrala majiteli zm\u00edn\u011bn\u00e9 usedlosti. Hostinec byl postaven robotou a sm\u011blo se v n\u011bm \u0161enkovat jen pivo z&nbsp;vrchnostensk\u00e9ho pivovaru v Lomnici. Stejn\u011b tak i&nbsp;p\u00e1lenka musela b\u00fdt odeb\u00edr\u00e1na z lomnick\u00e9 pal\u00edrny.<\/p>\n\n\n\n<p>Roku 1749 n\u00e1le\u017eelo poddan\u00fdm 180 m\u011b\u0159ic p\u016fdy, \u010dty\u0159i&nbsp;a&nbsp;p\u016fl m\u011b\u0159ic zahrad, dvaadvacet m\u011b\u0159ic \u00fahoru, dva&nbsp;a&nbsp;p\u016fl m\u011b\u0159ice pastvin a luk sedmn\u00e1ct a p\u016fl m\u011b\u0159ice. Obci n\u00e1le\u017eelo patn\u00e1ct a p\u016fl m\u011b\u0159ice pastvin, osmn\u00e1ct a p\u016fl m\u011b\u0159ice lesa a p\u016fl m\u011b\u0159ice pol\u00ed. Celkem to bylo 261 m\u011b\u0159\u00edc, t.j. na dne\u0161n\u00ed v\u00fdm\u011bry 52,5 hektaru. Z toho je vid\u011bt, \u017ee pole v tehdej\u0161\u00ed dob\u011b nebylo tolik rozd\u011bl\u00e1no jako dnes. Or\u00e1valo se pouze r\u00e1dlem, v\u017edy po svahu na doln\u00ed stranu, \u010d\u00edm\u017e hl\u00edna z horn\u00ed strany se hromadila dole. Tak vznikly meze, kter\u00e9 dnes nechyb\u00ed t\u00e9m\u011b\u0159 u \u017e\u00e1dn\u00e9ho pole.&nbsp; Pole se pak shora st\u00e1valo neplodn\u00fdm a z\u016fst\u00e1valo ladem.<\/p>\n\n\n\n<p>Pole na Babylon\u011b bylo rozd\u011bl\u00e1no a\u017e v 2. polovin\u011b 19. stolet\u00ed, kdy p\u0159ibylo domka\u0159\u016f. Ti p\u016fdu rozkopali a dostali ji od obce na \u010dty\u0159i roky zdarma.<\/p>\n\n\n\n<p>Lid se \u017eivil p\u0159ev\u00e1\u017en\u011b zem\u011bd\u011blstv\u00edm. Rovn\u011b\u017e obil\u00ed se nep\u011bstovalo jako dnes. P\u011bstovaly se brambory, oves, \u017eito a len (pozd\u011bji \u0159epa a dal\u0161\u00ed). \u0158epa a brambory byly dlouho je\u0161t\u011b v 19. stol. t\u00e9m\u011b\u0159 jedinou potravou obyvatel. Kraj\u00ed\u010dek chleba byl i o V\u00e1noc\u00edch v mnoha dom\u00e1cnostech vz\u00e1cnost\u00ed. Je\u010dmen, p\u0161enice aj. se zav\u00e1d\u011bly a\u017e v 2. polovin\u011b 19. stol. D\u00e1le obyvatel\u00e9 hledali ob\u017eivu v pansk\u00fdch les\u00edch jako drva\u0159i a za tkalcovsk\u00fdmi stavy. Nemal\u00e1 pozornost byla v\u011bnovan\u00e1 pr\u00e1v\u011b p\u011bstov\u00e1n\u00ed lnu. Na jeho su\u0161en\u00ed byly v obci \u010dty\u0159i su\u0161\u00edrny tzv. pazderny. Byly to:<\/p>\n\n\n\n<ol><li>Dou\u0161kova \u2014 pat\u0159\u00edc\u00ed k \u010d\u00eds. 9.<\/li><li>Tat\u00ed\u010dkova \u2014 k \u010d\u00eds. 10. (nyn\u00ed \u010d\u00eds. 36.)<\/li><li>\u0160mardova \u2014 k \u010d\u00eds. 15.<\/li><li>Nejv\u00edce u\u017e\u00edvan\u00e1 pazderna na \u010d\u00edsle 24.<\/li><\/ol>\n\n\n\n<div class=\"wp-block-image is-style-default\"><figure class=\"aligncenter size-large is-resized\"><img loading=\"lazy\" src=\"http:\/\/covecer.cz\/subdom\/kozarov\/wp-content\/uploads\/2021\/01\/04_1-698x1024.jpg\" alt=\"Jm\u00e9na pod\u00edln\u00edk\u016f p\u0159i zakl\u00e1d\u00e1n\u00ed Kontribu\u010densk\u00e9ho fondu v Lomnici roku 1784\" class=\"wp-image-1106\" width=\"698\" height=\"1024\" srcset=\"http:\/\/covecer.cz\/subdom\/kozarov\/wp-content\/uploads\/2021\/01\/04_1-698x1024.jpg 698w, http:\/\/covecer.cz\/subdom\/kozarov\/wp-content\/uploads\/2021\/01\/04_1-204x300.jpg 204w, http:\/\/covecer.cz\/subdom\/kozarov\/wp-content\/uploads\/2021\/01\/04_1-768x1127.jpg 768w, http:\/\/covecer.cz\/subdom\/kozarov\/wp-content\/uploads\/2021\/01\/04_1-1046x1536.jpg 1046w, http:\/\/covecer.cz\/subdom\/kozarov\/wp-content\/uploads\/2021\/01\/04_1-1395x2048.jpg 1395w, http:\/\/covecer.cz\/subdom\/kozarov\/wp-content\/uploads\/2021\/01\/04_1-scaled.jpg 1744w\" sizes=\"(max-width: 698px) 100vw, 698px\" \/><\/figure><\/div>\n\n\n\n<p>Zvl\u00e1\u0161t\u011b v letech 80. a 90. devaten\u00e1ct\u00e9ho stolet\u00ed (i v letech des\u00e1t\u00fdch 20. stol) byl v ka\u017ed\u00e9m dom\u011b jeden i&nbsp;v\u00edce tkalcovsk\u00fdch stav\u016f, p\u0159i nich\u017e byli zam\u011bstn\u00e1v\u00e1ni i r\u016fzn\u00ed p\u0159ivandroval\u00ed tkalcov\u0161t\u00ed tovary\u0161i. Z t\u011bchto d\u016fvod\u016f se tu pov\u00e1\u017eliv\u011b roz\u0161\u00ed\u0159il ko\u0159ale\u010dn\u00ed mor, kter\u00fd m\u011bl zvl\u00e1\u0161t\u011b na majetkov\u00e9 i rodinn\u00e9 pom\u011bry neblah\u00e9 n\u00e1sledky.<\/p>\n\n\n\n<p>Materi\u00e1l tkalci nos\u00edvali z Lomnice, kam tak\u00e9 odv\u00e1d\u011bli hotovou pr\u00e1ci. Vlivem tov\u00e1rn\u00ed v\u00fdroby zanikla pr\u00e1ce za&nbsp;dom\u00e1c\u00edmi stavy \u00fapln\u011b. Posledn\u00ed stav byl je\u0161t\u011b v pades\u00e1t\u00fdch letech v dom\u011b \u010d. 20 a nyn\u00ed je um\u00edst\u011bn v&nbsp;Hor\u00e1ck\u00e9m muzeu v P\u0159edkl\u00e1\u0161te\u0159\u00ed.<\/p>\n\n\n\n<p>V Lomnici bylo tak\u00e9 s\u00eddlo Zemsk\u00e9ho soudu, kter\u00fdm byl jako posledn\u00ed odsouzen a v \u0160ibeni\u010dn\u00ed horce u&nbsp;Lomnice&nbsp; popraven pr\u00e1v\u011b koz\u00e1rovsk\u00fd ob\u010dan jm\u00e9nem Samek za to, \u017ee zpronev\u011b\u0159il ovci.<\/p>\n\n\n\n<p>Veselo b\u00fdvalo tak\u00e9 na p\u0159\u00e1stk\u00e1ch, k nim\u017e se sch\u00e1z\u00edvali jak mlad\u00ed, tak i sta\u0159\u00ed a dlouho do noci za zimn\u00edch ve\u010der\u016f se bavili p\u0159i svitu lou\u010de.<\/p>\n\n\n\n<p>Roku 1793 je zmi\u0148ov\u00e1no na Koz\u00e1rov\u011b ji\u017e dvacet dom\u016f.<\/p>\n\n\n\n<h3>Roboty<\/h3>\n\n\n\n<p>Jako v\u0161ude jinde, tak i na Koz\u00e1rov\u011b roboty neb\u00fdvaly stejn\u00e9 a \u0159\u00eddily se podle majetku a ro\u010dn\u00edch dob.<\/p>\n\n\n\n<p>Polol\u00e1n\u00edci robotovali ro\u010dn\u011b dv\u011bma ko\u0148mi jeden a p\u016fl dne t\u00fddn\u011b a od Jana do V\u00e1clava dv\u011bma osobami po t\u0159i dny v t\u00fddnu. \u010ctvrl\u00e1n\u00edci robotovali po cel\u00fd rok. Jedna osoba 3 dny t\u00fddn\u011b a od Jana do V\u00e1clava 1 osoba \u0161est dn\u00ed za t\u00fdden. V zim\u011b vykon\u00e1vali robotu v pansk\u00fdch les\u00edch a odv\u00e1\u017eeli d\u0159\u00edv\u00ed do z\u00e1mku v Lomnici.<\/p>\n\n\n\n<p>Z roboty museli poddan\u00ed tak\u00e9 p\u0159\u00edst len nebo konop\u00ed a sice: p\u016fll\u00e1n\u00edci po p\u011bti libr\u00e1ch a \u010dtvrtl\u00e1n\u00edci po \u010dty\u0159ech libr\u00e1ch ro\u010dn\u011b.<\/p>\n\n\n\n<p>D\u00e1le sb\u00edrali \u0161\u00edpkov\u00e9 plody, l\u00edskov\u00e9 o\u0159echy, jalovcov\u00e9 bobule, hledali a su\u0161ili houby pro vrchnost. Pro ni tak\u00e9 odv\u00e1d\u011bli 60 vajec.<\/p>\n\n\n\n<p>Des\u00e1tky odv\u00e1d\u011bli polol\u00e1n\u00edci a \u010dtvrtl\u00e1n\u00edci lysick\u00e9mu far\u00e1\u0159i, co\u017e \u010dinilo p\u016fl m\u00e1zu m\u00e1sla, jednu slepici a dvan\u00e1ct krejcar\u016f ro\u010dn\u011b.<\/p>\n\n\n\n<p>Na radov\u00e1nky po \u017en\u00edch dost\u00e1vali koz\u00e1rov\u0161t\u00ed robotn\u00edci od vrchnosti jedno v\u011bdro piva.<\/p>\n\n\n\n<h3>Zvyky a oby\u010deje<\/h3>\n\n\n\n<p>Na Koz\u00e1rov\u011b se zachovalo n\u011bkolik p\u016fvodn\u00edch zvyk\u016f a tradic.&nbsp; N\u011bkter\u00e9 z nich bohu\u017eel ji\u017e upadly v zapomn\u011bn\u00ed. Tak nap\u0159\u00edklad:<\/p>\n\n\n\n<div class=\"wp-block-image is-style-default\"><figure class=\"aligncenter size-large is-resized\"><img loading=\"lazy\" src=\"http:\/\/covecer.cz\/subdom\/kozarov\/wp-content\/uploads\/2021\/01\/05-698x1024.jpg\" alt=\"V\u00fdpis z L\u00e1nsk\u00e9ho rejs\u0159\u00edku.\" class=\"wp-image-1111\" width=\"698\" height=\"1024\" srcset=\"http:\/\/covecer.cz\/subdom\/kozarov\/wp-content\/uploads\/2021\/01\/05-698x1024.jpg 698w, http:\/\/covecer.cz\/subdom\/kozarov\/wp-content\/uploads\/2021\/01\/05-204x300.jpg 204w, http:\/\/covecer.cz\/subdom\/kozarov\/wp-content\/uploads\/2021\/01\/05-768x1127.jpg 768w, http:\/\/covecer.cz\/subdom\/kozarov\/wp-content\/uploads\/2021\/01\/05-1047x1536.jpg 1047w, http:\/\/covecer.cz\/subdom\/kozarov\/wp-content\/uploads\/2021\/01\/05-1396x2048.jpg 1396w, http:\/\/covecer.cz\/subdom\/kozarov\/wp-content\/uploads\/2021\/01\/05.jpg 1443w\" sizes=\"(max-width: 698px) 100vw, 698px\" \/><\/figure><\/div>\n\n\n\n<p><strong>Slavnost Gr\u00e1lek:<\/strong>&nbsp;o svatodu\u0161n\u00edm pond\u011bl\u00ed si d\u00edvky ze sv\u00e9ho st\u0159edu vybrali kr\u00e1le a kr\u00e1lovnu. Ozdobeni pentlemi chodily d\u016fm od domu. P\u0159i sv\u00e9m tanci zp\u00edvali zaj\u00edmav\u00e9 sm\u011bsice p\u00edsn\u00ed. Roku 1894 tyto tance a&nbsp;p\u00edsn\u011b gr\u00e1lek p\u0159edv\u00e1d\u011bli d\u00edvky z Koz\u00e1rova na v\u00fdstav\u011b v Ti\u0161nov\u011b, kde budily velk\u00fd z\u00e1jem.<\/p>\n\n\n\n<p><strong>Svat\u00fd Mikul\u00e1\u0161:<\/strong>&nbsp;5. 12. se ka\u017edoro\u010dn\u011b v noci k d\u011btem vyd\u00e1v\u00e1 pr\u016fvod Mikul\u00e1\u0161e s \u010derty, aby podaroval hodn\u00e9 d\u011bti a postra\u0161il d\u011bti zlobiv\u00e9.<\/p>\n\n\n\n<p>O V\u00e1noc\u00edch bud\u00edval past\u00fd\u0159, pozd\u011bji ponocn\u00fd, trouben\u00edm na Jit\u0159n\u00ed m\u0161i svatou. Svobodn\u00e9 d\u00edvky o \u0161t\u011bdr\u00e9m dnu ve\u010der lily olovo, aby podle odlitk\u016f poznaly, co je v budoucnu \u010dek\u00e1. Tak\u00e9 t\u0159\u00e1sly stromy a \u0159\u00edkaly:<\/p>\n\n\n\n<p class=\"has-text-align-center\"><em>T\u0159esu, t\u0159esu bez,<br>ozvi se mi pes,<br>kde m\u016fj mil\u00fd dnes.<\/em><\/p>\n\n\n\n<p>O masopustn\u00edm pond\u011bl\u00ed vod\u00edvali mlad\u00edci ma\u0161karu. Byli p\u0159estrojeni za r\u016fzn\u00e9 ma\u0161kary i zv\u00ed\u0159ata a chodili d\u016fm od domu. Za to dost\u00e1vali obil\u00ed a pen\u00edze. V tyto ostatkov\u00e9 dny se v\u0161ichni veselili.<\/p>\n\n\n\n<p>30. dubna se p\u0159ed domy stav\u011bly b\u0159\u00edzky s jalovcem ve vr\u0161ku. V podve\u010der pak chodila po vesnici ml\u00e1de\u017e (od&nbsp;spodu nahoru) a pr\u00e1sk\u00e1n\u00edm a hul\u00e1k\u00e1n\u00edm vyh\u00e1n\u011bla \u010darod\u011bjnice z vesnice. Tomu, kdo nem\u011bl p\u0159ed domem b\u0159\u00edzku, vzali co se dalo. Sl\u00e1mu, ot\u00fdpky\u2026.., p\u0159i \u010dem\u017e pak my\u0161lenou \u010darod\u011bjnici up\u00e1lili na p\u0159edem p\u0159ipraven\u00e9 hranici na Babylon\u011b.<\/p>\n\n\n\n<p>Kroj se a\u017e do 19. stolet\u00ed nosil hor\u00e1ck\u00fd.<\/p>\n\n\n\n<p>Pe\u010de\u0165 z roku 1725 byla spole\u010dn\u00e1 s Ra\u0161ovem.<\/p>\n\n\n\n<h3>Nejstar\u0161\u00ed rody<\/h3>\n\n\n\n<p>Tak jako ka\u017ed\u00e1 vesni\u010dka, tak i na\u0161e m\u00e1 sv\u00e9 nejstar\u0161\u00ed rody. Podle z\u00e1pisu v kronice jsou to nap\u0159\u00edklad Pa\u0159\u00edzkovi, Tat\u00ed\u010dkovi, Buben\u00edkovi, Dou\u0161kovi, p\u0159i\u010dem\u017e posledn\u00ed jsou dosud majitel\u00e9 domu s \u010d\u00edslem 9.<\/p>\n\n\n\n<h3>V\u00fdstavba kaple sv. Anny<\/h3>\n\n\n\n<p>26. \u010dervence 1911 na sv. Annu se od blesku chytila usedlost \u010d\u00eds. 10 Anton\u00edna \u0160pa\u010dka. Ohe\u0148 se roz\u0161\u00ed\u0159il po&nbsp;cel\u00e9m staven\u00ed takovou rychlost\u00ed, \u017ee se ji\u017e p\u0159ivolan\u00fdm hasi\u010dsk\u00fdm sbor\u016fm z Bed\u0159ichova, Ra\u0161ova, Strha\u0159\u016f, Brumova, Dlouh\u00e9 Lhoty, \u010cernovic nepoda\u0159ilo ohe\u0148 uhasit. Jen st\u011b\u017e\u00ed byl vyveden dobytek, v\u0161e lehlo popelem.<\/p>\n\n\n\n<div class=\"wp-block-image is-style-default\"><figure class=\"alignright size-large is-resized\"><img loading=\"lazy\" src=\"http:\/\/covecer.cz\/subdom\/kozarov\/wp-content\/uploads\/2021\/01\/06-692x1024.jpg\" alt=\"Kaple sv. Anny v roce 1968.\" class=\"wp-image-1113\" width=\"519\" height=\"768\" srcset=\"http:\/\/covecer.cz\/subdom\/kozarov\/wp-content\/uploads\/2021\/01\/06-692x1024.jpg 692w, http:\/\/covecer.cz\/subdom\/kozarov\/wp-content\/uploads\/2021\/01\/06-203x300.jpg 203w, http:\/\/covecer.cz\/subdom\/kozarov\/wp-content\/uploads\/2021\/01\/06-768x1137.jpg 768w, http:\/\/covecer.cz\/subdom\/kozarov\/wp-content\/uploads\/2021\/01\/06.jpg 929w\" sizes=\"(max-width: 519px) 100vw, 519px\" \/><\/figure><\/div>\n\n\n\n<p>Anna \u0160pa\u010dkov\u00e1, \u017eena Ant. \u0160pa\u010dka, cht\u011bla na pam\u011b\u0165 ne\u0161t\u011bst\u00ed a k poct\u011b sv\u00e9 patronky postavit u sv\u00e9ho domu malou kapli\u010dku se sochou sv.&nbsp;Anny. Roku 1912 objednali man\u017eel\u00e9 \u0160pa\u010dkovi z Tyrol sochu sv.&nbsp;Anny. Ta byla prozat\u00edm um\u00edst\u011bna v chr\u00e1mu P\u00e1n\u011b v&nbsp;Bed\u0159ichov\u011b, ne\u017e pro ni bude v obci vystav\u011bn st\u00e1nek.<\/p>\n\n\n\n<p>P\u016fvodn\u00ed zvoni\u010dka, kter\u00e1 st\u00e1la na m\u00edst\u011b nyn\u011bj\u0161\u00ed kaple, byla ji\u017e zna\u010dn\u011b se\u0161l\u00e1. P\u0159ed n\u00ed st\u00e1ly 4 l\u00edpy, t\u00e9m\u011b\u0159 stolet\u00e9. Na vystav\u011bn\u00ed ob\u010dan\u00e9 platili \u010dty\u0159setprocentn\u00ed p\u0159ir\u00e1\u017eku, ale mnoz\u00ed je\u0161t\u011b p\u0159id\u00e1vali.<\/p>\n\n\n\n<p>V \u00fanoru 1914 byly sk\u00e1ceny l\u00edpy, z nich\u017e dv\u011b hrozily roztr\u017een\u00edm. 15. 6. 1914 se zapo\u010dalo se stavbou nov\u00e9 kaple, kterou \u0159\u00eddil Franti\u0161ek Holcner, zednick\u00fd mistr z Ole\u0161nice, zdej\u0161\u00ed rod\u00e1k. Rozpo\u010det zn\u011bl 1&nbsp;433,82 korun. Jak vypl\u00fdv\u00e1 ze sch\u016fze obecn\u00edho v\u00fdboru ze dne 2.\u010dervence 1913, jednu polovici n\u00e1klad\u016f na kapli bude hradit obec, na to sk\u00e1c\u00ed se kus lesa, druhou polovici ponesou v\u0161ichni ob\u010dan\u00e9 koz\u00e1rov\u0161t\u00ed, kte\u0159\u00ed da\u0148 v obci plat\u00ed dle p\u0159\u00edm\u00e9 dan\u011b. D\u0159\u00edve, ne\u017eli byla stavba dokon\u010dena, zapo\u010dala 1.sv\u011btov\u00e1 v\u00e1lka.<\/p>\n\n\n\n<p>2. srpna 1914, kdy\u017e tesa\u0159i d\u00e1vali vazbu, byla vyhl\u00e1\u0161ena mobilizace. \u0158emesln\u00e1 v\u00fdroba byla samoz\u0159ejm\u011b pozastavena. Po vyhl\u00e1\u0161en\u00ed zavl\u00e1dla panika, obzvl\u00e1\u0161t\u011b v domech odkud rukovali. Na 1. v\u00fdzvu 3. srpna ode\u0161li:<\/p>\n\n\n\n<p class=\"has-text-align-center\">Ed. Duzbaba z \u010d\u00eds. 4,<br>Ant. Slav\u00ed\u010dek \u010d\u00eds. 26,<br>Jos. Pavl\u00ed\u010dek \u010d\u00eds. 2.<\/p>\n\n\n\n<p>12. 9. byla vyhl\u00e1\u0161ena druh\u00e1 v\u00fdzva, se kterou na\u0161i vesnici opustili:<\/p>\n\n\n\n<p class=\"has-text-align-center\">Fr. Kom\u00e1rek z \u010d\u00eds. 1,<br>Fr. Dou\u0161ek \u010d\u00eds. 28.<br>V\u00e1cl. Pa\u0159\u00edzek \u010d\u00eds. 36.<\/p>\n\n\n\n<p>H\u016f\u0159e pak bylo je\u0161t\u011b v roce 1915, kdy se vypisovaly st\u00e1le nov\u00e9 a nov\u00e9 odvody a po\u010det mu\u017esk\u00fdch sil se&nbsp;zmen\u0161oval. Do v\u00e1lky ode\u0161lo op\u011bt patn\u00e1ct voj\u00edn\u016f. \u017deny a d\u011bti musely tvrd\u011b pracovat na pol\u00edch a jejich stesk po man\u017eel\u00edch a otc\u00edch u\u017e v\u016fbec nezm\u00edrnila st\u00e1tn\u00ed podpora 1,40 korun na jednoho \u010dlena rodiny. K&nbsp;dovr\u0161en\u00ed sv\u00edzel\u016f obyvatelstva byly tzv. vojensk\u00e9 rekvizice. Prvn\u00ed se konala v \u00fanoru 1917 a odv\u00e1d\u011blo se&nbsp;obil\u00ed. P\u0159i dal\u0161\u00edch u\u017e byl odv\u00e1d\u011bn i dobytek. Ti, kter\u00fdm nesta\u010dilo z vlastn\u00ed sklizn\u011b na \u017eivobyt\u00ed \u2013 zvl\u00e1\u0161t\u011b domka\u0159i, museli sv\u016fj nedostatek dokupovat na l\u00edstky na tzv. \u201echlebenky\u201c \u010di \u201emou\u010denky\u201c od okresn\u00edho hejtmanstv\u00ed v Ti\u0161nov\u011b. \u010casto i \u0161patnou moukou jako bramborovou, ka\u0161tanovou, kuku\u0159i\u010dnou museli lid\u00e9 d\u00e1t za vd\u011bk. Toto zbo\u017e\u00ed pak prod\u00e1vala Marie Halouzkov\u00e1, obchodnice z domu \u010d\u00eds. 18.<\/p>\n\n\n\n<p>Krom\u011b chlebenek a mou\u010denek byly tak\u00e9 cuk\u0159enky, k\u00e1venky, m\u00fddlenky, taba\u010denky, l\u00edstky na petrolej, maso, tuk\u2026\u2026.<\/p>\n\n\n\n<p>V letech 1916-1917 byly zabavov\u00e1ny a sb\u00edr\u00e1ny mosazn\u00e9 v\u011bci jako hmo\u017ed\u00ed\u0159e, kliky, star\u00e9 hodiny a jin\u00e9 na&nbsp;v\u00e1le\u010dn\u00fd materi\u00e1l.<\/p>\n\n\n\n<p>9. \u00fanora 1916 byli povol\u00e1ni k odvodu v\u0161ichni starostov\u00e9 a radn\u00ed, je\u017e do t\u00e9 doby nepodl\u00e9hali vojsku. Povol\u00e1ni byli Ant. \u0160pa\u010dek \u010d.10 \u2013 starosta a Max. Vejrosta \u010d.7 \u2013 radn\u00ed.<\/p>\n\n\n\n<p>Do lazaret\u016f na \u010daj sb\u00edraly d\u011bti ostru\u017ein\u00ed a jahod\u00ed.<\/p>\n\n\n\n<p>Za t\u011b\u017ek\u00fdch pom\u011br\u016f, je\u017e nelze dopodrobna&nbsp; l\u00ed\u010dit, p\u0159i\u0161el den, tak dlouho o\u010dek\u00e1van\u00fd a jasn\u00fd v na\u0161ich d\u011bjin\u00e1ch<\/p>\n\n\n\n<h3>den 28.\u0159\u00edjna 1918<\/h3>\n\n\n\n<p>V obci prob\u011bhl klidn\u011b. Se v\u0161eobecnou a velkou radost\u00ed byla p\u0159ijata zpr\u00e1va o samostatnosti \u010ceskoslovensk\u00e9ho st\u00e1tu. Nepo\u0159\u00e1daly se \u017e\u00e1dn\u00e9 ok\u00e1zal\u00e9 oslavy, ale s tichou radost\u00ed v srdci a nad\u011bj\u00ed na lep\u0161\u00ed \u010dasy po tolika strastech v\u00edtal lid svou osvobozenou vlast.<\/p>\n\n\n\n<p>Prvn\u00ed pop\u0159evratov\u00e9 dny v\u011bnovaly pozornost vracej\u00edc\u00edm se voj\u00e1k\u016fm do sv\u00e9ho domova. Vr\u00e1tili se v\u0161ichni a\u017e&nbsp;na \u010dty\u0159i, je\u017e si v\u00e1lka nemilosrdn\u011b nav\u017edy vzala s sebou.<\/p>\n\n\n\n<p class=\"has-text-align-left\">Pa\u0159\u00edzek Fr. \u2013 rolnick\u00fd syn z \u010d\u00eds. 6, zem\u0159el v nemocnici&nbsp;ve V\u00eddni<br>Slav\u00ed\u010dek Jos. \u2013 krej\u010d\u00ed, syn Jos. Slav\u00ed\u010dka z \u010d\u00eds. 17<br>Halouzka Jos. \u2013 \u010deled\u00edn, bratr M . Halouzkov\u00e9 z \u010d\u00eds. 18<br>H\u00e1jek Met. \u2013 syn Ant. \u0160pa\u010dkov\u00e9, \u017eeny&nbsp; Josefa \u0160pa\u010dka, kov\u00e1\u0159e \u010d\u00eds. 24<\/p>\n\n\n\n<p>Bu\u010f jim v d\u00e1ln\u00e9 cizin\u011b zem\u011b lehk\u00e1!<\/p>\n\n\n\n<p>Republika je\u0161t\u011b v plenk\u00e1ch dostala nov\u00e9ho nep\u0159\u00edtele \u2013 Uhry a Pol\u00e1ky, a proto mlad\u0161\u00ed voj\u00edni byli op\u011bt povol\u00e1ni do zbran\u011b na Slovensko a k T\u011b\u0161\u00ednu, odkud se v\u0161ichni vr\u00e1tili \u017eivi a zdr\u00e1vi.<\/p>\n\n\n\n<h3>V\u00e1le\u010dn\u00ed zajatci<\/h3>\n\n\n\n<p>V Rusk\u00e9m zajet\u00ed bylo z Koz\u00e1rova dev\u011bt voj\u00edn\u016f. Byli to:<\/p>\n\n\n\n<p>Alois Pavl\u00ed\u010dek z \u010d\u00eds. 2&nbsp;&nbsp; \u2013 &nbsp;vr\u00e1til se v lednu 1919 jako legion\u00e1\u0159 I.&nbsp;pluku Mistra Jana Husa<br>Al. Dou\u0161ek&nbsp;z \u010d\u00eds.&nbsp;9&nbsp;&nbsp;&nbsp; \u2013 vr\u00e1til se v kv\u011btnu 1918<br>Al. \u0160marda z \u010d\u00eds.&nbsp;23&nbsp; \u2013 z\u016fstal \u017eenat\u00fd v Rusku<br>Fr. Dou\u0161ek z \u010d\u00eds.&nbsp;28<br>V. Pa\u0159\u00edzek z \u010d\u00eds.&nbsp;36<br>Fr. Pa\u0159\u00edzek z \u010d\u00eds.&nbsp;13<br>Ant. Slav\u00ed\u010dek&nbsp;z \u010d\u00eds.&nbsp;26<br>Ant. \u0160marda&nbsp;z \u010d\u00eds.&nbsp;23<br>Boh. Pa\u0159\u00edzek z \u010d\u00eds.&nbsp;6<\/p>\n\n\n\n<p>V Kalsk\u00e9m zajet\u00ed byli t\u0159i voj\u00edni a to:<\/p>\n\n\n\n<p>Cyril Pa\u0159\u00edzek z \u010d\u00eds. 21&nbsp;&nbsp;&nbsp; -vr\u00e1til se jako kalsk\u00fd legion\u00e1\u0159 a&nbsp;obdr\u017eel st\u00e1tn\u00ed slu\u017ebu u finan\u010dn\u00ed&nbsp;pohrani\u010dn\u00ed str\u00e1\u017ee na Podkarp. Rusi<br>Fr. Kom\u00e1rek z \u010d\u00eds.&nbsp;1 \u2013 byl v legii v It\u00e1lii<br>Jos. Halouzka z \u010d\u00eds.&nbsp;31 \u2013 syn Ant. Halouzky<\/p>\n\n\n\n<p>Roku 1919 museli b\u00fdt p\u0159edlo\u017eeny v\u0161echny pap\u00edrov\u00e9 rakousk\u00e9 pen\u00edze k okolkov\u00e1n\u00ed do Ti\u0161nova. Z obce bylo p\u0159edlo\u017eeno na 17 tis\u00edc korun.<\/p>\n\n\n\n<h3>Volby<\/h3>\n\n\n\n<p>P\u0159i volb\u00e1ch do N\u00e1rodn\u00edho shrom\u00e1\u017ed\u011bn\u00ed obdr\u017eely hlasy:<\/p>\n\n\n\n<p>Strana Lidov\u00e1<br>Soci\u00e1ln\u011b demokratick\u00e1<\/p>\n\n\n\n<p>Ve sv\u00fdch n\u00e1bo\u017eensk\u00fdch citech byl lid ur\u00e1\u017een pokrokov\u00fdmi Agit\u00e1tory.<\/p>\n\n\n\n<p>Obecn\u00ed volby se nekonaly po celou dobu v\u00e1lky od roku 1910, ale a\u017e teprve r. 1919<\/p>\n\n\n\n<p>Do obecn\u00edho zastupitelstva za \u010ceskosl. stranu lidovou bylo voleno \u0161est z\u00e1stupc\u016f, za stranu soci\u00e1ln\u011b&nbsp;demokr. z\u00e1stupci dva.<\/p>\n\n\n\n<p>Starostou byl op\u011bt zvolen Anton\u00edn \u0160pa\u010dek, starostuj\u00edc\u00ed od roku 1910.<\/p>\n\n\n\n<h2 id=\"historievdatech\">Historie v datech<\/h2>\n\n\n\n<p><strong>Rok 1919:<\/strong>&nbsp;Byla dostav\u011bna kaple sv. Anny a 17. z\u00e1\u0159\u00ed t\u00e9ho\u017e roku slavnostn\u011b vysv\u011bcena spole\u010dn\u011b se zvonem a k\u0159\u00ed\u017eem u kaple. Zvon byl zakoupen z p\u0159\u00edsp\u011bvk\u016f ob\u010dan\u016f u Manou\u0161ka v Husovic\u00edch za 830 korun. Za zm\u00ednku stoj\u00ed i to, \u017ee p\u0159ede\u0161l\u00fd zvon poch\u00e1zel z roku 1877 z d\u00edlny Vojt\u011bcha Killera z Brna. V\u00e1\u017eil 54 kg a nesl obraz sv.&nbsp;Flori\u00e1na. Tento musel b\u00fdt 8.\u00fanora 1917 z na\u0159\u00edzen\u00ed ministerstva v\u00e1lky sejmut a ministerstvo za n\u011bj zaplatilo 216 korun.<\/p>\n\n\n\n<p>V roce 1919 byla t\u00e9\u017e zalo\u017eena bed\u0159ichovsk\u00fdm far\u00e1\u0159em Franti\u0161kem Krej\u010d\u00edm \u010ceskoslovensk\u00e1 strana lidov\u00e1, kter\u00e1 \u010d\u00edtala 42 \u010dleny. T\u00e9ho\u017e roku byla tak\u00e9 zalo\u017eena v obci strana Soci\u00e1ln\u011b demokratick\u00e1.<\/p>\n\n\n\n<p><strong>Rok 1920:<\/strong>&nbsp;Tento rok se neblaze podepsal na m\u00edstn\u00edm obyvatelstvu, nebo\u0165 na n\u00e1sledky ch\u0159ipky zem\u0159elo 6&nbsp;osob.<\/p>\n\n\n\n<p><strong>Rok 1921:<\/strong>&nbsp;Byla zalo\u017eena obecn\u00ed knihovna.<\/p>\n\n\n\n<p><strong>Rok 1922:<\/strong>&nbsp;27. kv\u011btna tohoto roku postihla obec bou\u0159e s pr\u016ftr\u017e\u00ed mra\u010den a poni\u010dila velkou \u010d\u00e1st cest v obci. Sotva se poda\u0159ilo tyto cesty trochu opravit, p\u0159i\u0161la 12. \u010dervence toho roku dal\u0161\u00ed prudk\u00e1 bou\u0159e s pr\u016ftr\u017e\u00ed mra\u010den a krupobit\u00edm. Byla zni\u010dena v\u0161echna \u00faroda a zp\u016fsobeny velk\u00e9 hmotn\u00e9 \u0161kody.Tato bou\u0159e trvala t\u00e9m\u011b\u0159 3 hod. P\u0159es vesnici byly vymleny rokle m\u00edsty a\u017e 2 m hlubok\u00e9, rybn\u00edk a studna byla zane\u0161ena a\u017e&nbsp;po&nbsp;vrch p\u00edskem a kamen\u00edm. \u00daroda obil\u00ed byla zcela zni\u010dena, do stodol se vozila t\u00e9m\u011b\u0159 pr\u00e1zdn\u00e1 sl\u00e1ma.Cesty byly zni\u010deny&nbsp; tak, \u017ee se nedalo z dom\u016f ani vyjet. Proto prvn\u00ed starost\u00ed bylo tyto cesty opravit tak aby se z pol\u00ed dalo sv\u00e9zt alespo\u0148 to, co tam zbylo. Proto bylo na sch\u016fzi obecn\u00edho zastupitelstva 13.&nbsp;\u010dervence p\u0159ijato usnesen\u00ed n\u00e1sleduj\u00edc\u00edho zn\u011bn\u00ed: \u201e<em>Sjedn\u00e1no bylo, \u017ee se bude pracovat a platit a to 8 korun n\u00e1den\u00edkovi denn\u011b a 25 korun na povoz denn\u011b a ka\u017ed\u00fd jest povinen j\u00edt po jednom z domu. Kdo\u017e by ne\u0161el nebo j\u00edti necht\u011bl, mus\u00ed zaplatit za ka\u017ed\u00fd den pokutu 16 korun a ten kdo jest povinen jeti s povozem a&nbsp;nepojede, zaplat\u00ed 50 korun za ka\u017ed\u00fd den<\/em>.\u201c<\/p>\n\n\n\n<p>Prvn\u00ed pomoc p\u0159i\u0161la p\u0159id\u011blen\u00edm ozim\u00e9ho osiva. Ze sb\u00edrek v kraj\u00edch nepo\u0161kozen\u00fdch dostala obec pro v\u0161echny p\u011bt tis\u00edc korun. Rovn\u011b\u017e i na jarn\u00ed set\u00ed dostalo se obil\u00ed. Majitel\u00e9 do p\u011bti ha dostali obil\u00ed zdarma, nad p\u011bt ha za&nbsp;polovic ceny.<\/p>\n\n\n\n<p>22. 10. byl zalo\u017een J. Urb\u00e1nkem, tajemn\u00edkem Lidov\u00e9 strany v Ti\u0161nov\u011b, spolek \u201eSdru\u017een\u00ed venkovsk\u00e9 katolick\u00e9 omladiny v Koz\u00e1rov\u011b.\u201c P\u0159ihl\u00e1silo se 12 \u010dlen\u016f a 10 \u010dlenek. P\u0159edsedou byl Pavl\u00ed\u010dek Josef \u010d. 2.<\/p>\n\n\n\n<div class=\"wp-block-image is-style-default\"><figure class=\"aligncenter size-large is-resized\"><img loading=\"lazy\" src=\"http:\/\/covecer.cz\/subdom\/kozarov\/wp-content\/uploads\/2021\/01\/07-702x1024.jpg\" alt=\"Vysv\u011bd\u010den\u00ed chudoby z roku 1924.\" class=\"wp-image-1122\" width=\"702\" height=\"1024\" srcset=\"http:\/\/covecer.cz\/subdom\/kozarov\/wp-content\/uploads\/2021\/01\/07-702x1024.jpg 702w, http:\/\/covecer.cz\/subdom\/kozarov\/wp-content\/uploads\/2021\/01\/07-206x300.jpg 206w, http:\/\/covecer.cz\/subdom\/kozarov\/wp-content\/uploads\/2021\/01\/07-768x1121.jpg 768w, http:\/\/covecer.cz\/subdom\/kozarov\/wp-content\/uploads\/2021\/01\/07-1053x1536.jpg 1053w, http:\/\/covecer.cz\/subdom\/kozarov\/wp-content\/uploads\/2021\/01\/07-1404x2048.jpg 1404w, http:\/\/covecer.cz\/subdom\/kozarov\/wp-content\/uploads\/2021\/01\/07.jpg 1451w\" sizes=\"(max-width: 702px) 100vw, 702px\" \/><\/figure><\/div>\n\n\n\n<p><strong>Rok 1924:<\/strong>&nbsp;V r\u00e1mci pozemkov\u00e9 reformy byla provedena parcelace dvora Kun\u010dina Ves v lysick\u00e9m panstv\u00ed. Pozemky byly p\u0159id\u011bleny z 18 uchaze\u010d\u016f jen 10 a to po 8 a\u017e 12 m\u011b\u0159ic\u00edch na jednoho uchaze\u010de.<\/p>\n\n\n\n<p>Byli to:<\/p>\n\n\n\n<p>Dou\u0161ek Frant. \u010d. 28<br>Burian Frant. \u010d. 29<br>Hor\u00e1k V\u00e1clav \u010d. 19<br>Holcner Vinc \u010d. 27<br>Holcner Jos.\u010d. 21<br>Slav\u00ed\u010dek Ant.\u010d. 26<br>V\u0161iansk\u00fd Jos. \u010d. 32<br>Tat\u00ed\u010dek Jan \u010d. 22<br>\u0160marda ant. \u010d. 23<br>Slav\u00ed\u010dek Frant.\u010d. 25<\/p>\n\n\n\n<p>Tak\u00e9 v tomto roce si spolek Sdru\u017een\u00ed venkovsk\u00e9 katolick\u00e9 omladiny po\u0159\u00eddil nov\u00e9 jevi\u0161t\u011b za 3 600 K\u010d. Zhotovil je Josef Proch\u00e1zka z Lomni\u010dky u Ti\u0161nova.<\/p>\n\n\n\n<p>9. 6. byla uvedena v hospod\u011b U Hor\u00e1k\u016f prvn\u00ed veselohra \u201eMichal a komparzista Mat\u011bj a n\u00e1sledn\u011b nato \u201eMichal a Mat\u011bj domobranci.\u201c<\/p>\n\n\n\n<p><strong>Rok 1925:<\/strong>&nbsp;Byla provedena 1. regulace potoku p\u0159es vesnici.<\/p>\n\n\n\n<p>25. \u0159\u00edjna po\u0159\u00e1dal Spolek omladiny hody, p\u0159i nich\u017e p\u0159edvedl star\u00fd zvyk \u201eTlu\u010den\u00ed kohouta cepem.\u201c<\/p>\n\n\n\n<p><strong>Rok 1926:<\/strong>&nbsp;17. b\u0159ezna sehr\u00e1l Spolek omladiny hru \u201eChud\u00fd p\u00edsni\u010dk\u00e1\u0159\u201c s hostem Josefem Proch\u00e1zkou, \u010d\u00edm\u017e si dobyl neoby\u010dejn\u00e9ho \u00fasp\u011bchu a uzn\u00e1n\u00ed.<\/p>\n\n\n\n<p><strong>Rok 1927:<\/strong>&nbsp;Bylo zapo\u010dato s vypracov\u00e1n\u00edm projektu silnice do obce.<\/p>\n\n\n\n<p><strong>Rok 1928:<\/strong>&nbsp;1. ledna byl zalo\u017een Sbor dobrovoln\u00fdch hasi\u010d\u016f v obci, p\u0159esto\u017ee prvn\u00ed hlasy o zalo\u017een\u00ed sboru se oz\u00fdvaly ji\u017e p\u0159ed 1.sv\u011btovou v\u00e1lkou, nebo\u0165 obec byla \u010dasto zm\u00edt\u00e1na po\u017e\u00e1ry. P\u0159ihl\u00e1silo se 22 \u010dinn\u00fdch a&nbsp;12&nbsp;p\u0159isp\u00edvaj\u00edc\u00edch \u010dlen\u016f. Starostou sboru byl zvolen Josef Buben\u00edk z \u010d. 15.<\/p>\n\n\n\n<p>21.10. obecn\u00ed zastupitelstvo rozhodlo o vykon\u00e1v\u00e1n\u00ed funkce ponocn\u00e9ho v dob\u011b od 22 \u2013 2 hodin, kter\u00fdmi byli jmenov\u00e1ni Jan Ad\u00e1mek z \u010d.16 a V\u00e1clav Pa\u0159\u00edzek. Za tuto funkci jim n\u00e1le\u017eela ka\u017ed\u00e9mu odm\u011bna 250 korun za&nbsp;rok + 1 m3 d\u0159eva a V\u00e1clavu Pa\u0159\u00edzkovi p\u0159\u00edplatek 100 korun ro\u010dn\u011b za funkci obecn\u00edho sluhy.<\/p>\n\n\n\n<p>11.11. bylo na sch\u016fzi obecn\u00edho zastupitelstva rozhodnuto o v\u00fdkupu nebo v\u00fdm\u011bn\u011b pozemk\u016f za obecn\u00ed z&nbsp;d\u016fvodu stavby silnice.<\/p>\n\n\n\n<div class=\"wp-block-image is-style-default\"><figure class=\"aligncenter size-large is-resized\"><img loading=\"lazy\" src=\"http:\/\/covecer.cz\/subdom\/kozarov\/wp-content\/uploads\/2021\/01\/08-1024x755.jpg\" alt=\"Zakl\u00e1daj\u00edc\u00ed \u010dlenov\u00e9 hasi\u010desk\u00e9ho sboru v Koz\u00e1rov\u011b v roce 1928.\" class=\"wp-image-1124\" width=\"1024\" height=\"755\" srcset=\"http:\/\/covecer.cz\/subdom\/kozarov\/wp-content\/uploads\/2021\/01\/08-1024x755.jpg 1024w, http:\/\/covecer.cz\/subdom\/kozarov\/wp-content\/uploads\/2021\/01\/08-300x221.jpg 300w, http:\/\/covecer.cz\/subdom\/kozarov\/wp-content\/uploads\/2021\/01\/08-768x566.jpg 768w, http:\/\/covecer.cz\/subdom\/kozarov\/wp-content\/uploads\/2021\/01\/08-1536x1133.jpg 1536w, http:\/\/covecer.cz\/subdom\/kozarov\/wp-content\/uploads\/2021\/01\/08-2048x1511.jpg 2048w\" sizes=\"(max-width: 1024px) 100vw, 1024px\" \/><\/figure><\/div>\n\n\n\n<p><strong>Rok 1929:<\/strong>&nbsp;1.1. se obecn\u00ed zastupitelstvo jednohlasn\u011b usneslo darovat hasi\u010dsk\u00e9mu sboru obnos 215,24&nbsp;korun, jeliko\u017e sbor je nov\u011b zalo\u017een a dosud nem\u00e1 po\u0159\u00edzen\u00fd mnoh\u00fd v\u00fdzbroj.<\/p>\n\n\n\n<p>19.3 projednalo zastupitelstvo \u017e\u00e1dost sboru dobrovoln\u00fdch hasi\u010d\u016f o zakoupen\u00ed \u010dty\u0159kolov\u00e9 ru\u010dn\u00ed st\u0159\u00edka\u010dky od&nbsp;sboru z Ro\u017e\u00ednky za 12 000 korun na n\u00e1klady obce. V\u00fdzbroj od firmy Hr\u010dek za 5 000 korun a 140 m hadic z&nbsp;hasi\u010dsk\u00fdch z\u00e1vod\u016f za 3 000 korun dokoupil sbor pozd\u011bji. Jako hasi\u010dsk\u00e9 skladi\u0161t\u011b slou\u017eila vypr\u00e1zdn\u011bn\u00e1 stodola v \u010d. 29.<\/p>\n\n\n\n<p>17.2 tohoto roku byla zasl\u00e1na \u017e\u00e1dost okresn\u00edmu \u00fa\u0159adu v Ti\u0161nov\u011b o povolen\u00ed vyk\u00e1cen\u00ed 60 ar\u016f lesa v&nbsp;Bu\u010din\u00e1ch na \u00fahradu stavby silnice Kun\u010dinov \u2013 Ra\u0161ov a stavbu hasi\u010dsk\u00e9ho skladi\u0161t\u011b.<\/p>\n\n\n\n<p>T\u00e9ho\u017e roku koupil sbor d\u016fm \u010d. 18, ve kter\u00e9m&nbsp; b\u00fdval obchod Marie Halouzkov\u00e9. Tento p\u0159i\u0161el do z\u00e1klad\u016f zbo\u0159it a na jeho m\u00edst\u011b byla postavena nov\u00e1 spolkov\u00e1 m\u00edstnost a hasi\u010dsk\u00e9 skladi\u0161t\u011b. Pr\u00e1ce na stavb\u011b byly prov\u00e1d\u011bny p\u0159ev\u00e1\u017en\u011b zdarma. Na zvl\u00e1dnut\u00ed v\u0161ech t\u011bchto v\u00fddaj\u016f, kter\u00e9 hasi\u010dsk\u00fd sbor s t\u00edm m\u011bl, vyp\u016fj\u010dil \u010d\u00e1stku 30 000 korun ve Velk\u00e9 B\u00edte\u0161i. Dluh spl\u00e1cel ze z\u00e1bav, divadel a v\u00fdlet\u016f. Prvn\u00ed v\u00fdlet po\u0159\u00e1dal sbor v roce 1928 v zahrad\u011b u Dou\u0161k\u016f v \u010d. 9 a prvn\u00ed hasi\u010dsk\u00fd ples 13. ledna 1929.<\/p>\n\n\n\n<p><strong>Rok 1930:<\/strong>&nbsp;20. \u010dervence byl slavnostn\u011b otev\u0159en spolkov\u00fd d\u016fm (dne\u0161n\u00ed kulturn\u00ed d\u016fm). Po ukon\u010den\u00ed slavnosti n\u00e1sledovala tane\u010dn\u00ed z\u00e1bava. K velk\u00e9mu p\u0159ekvapen\u00ed v\u0161ech p\u0159\u00edtomn\u00fdch se o p\u016fl dev\u00e1t\u00e9 hodin\u011b ve\u010der vz\u0148ala st\u0159echa. R\u00e1zn\u00fdm z\u00e1sahem m\u00edstn\u00edho sboru byl ohe\u0148 uha\u0161en a v z\u00e1bav\u011b se pokra\u010dovalo.<\/p>\n\n\n\n<p>V t\u00e9m\u017ee roce bylo tak\u00e9 rozhodnuto o stavb\u011b dobyt\u010d\u00ed v\u00e1hy na n\u00e1vsi a m\u00edstnosti pro ni z m\u00edstn\u00ed pokladny.<\/p>\n\n\n\n<p>Do Osik bylo prod\u00e1no jevi\u0161t\u011b s kulisami a po\u0159\u00edzeno nov\u00e9 a v\u011bt\u0161\u00ed.<\/p>\n\n\n\n<p><strong>Rok 1931:<\/strong>&nbsp;Po dlouh\u00e9m do\u017eadov\u00e1n\u00ed se \u00fa\u0159ad\u016f do\u0161lo kone\u010dn\u011b na stavbu nov\u00e9 silnice do obce. Stavbu prov\u00e1d\u011bl podnikatel meliora\u010dn\u00edch prac\u00ed Jan Mack\u016f z Ti\u0161nova. Tato silnice byla postavena a\u017e ke spolkov\u00e9mu domu.<\/p>\n\n\n\n<p><strong>Rok 1935:<\/strong>&nbsp;Obec se rozhodla sv\u00fdm n\u00e1kladem vybudovat ostatn\u00ed cesty po obci, nebo\u0165 tyto byly ve velmi \u0161patn\u00e9m stavu. Stavebn\u00ed pr\u00e1ce vedl stavitelsk\u00fd praktikant Ladislav \u0160pa\u010dek z \u010d.10.<\/p>\n\n\n\n<p><strong>Rok 1938:<\/strong>&nbsp;Tento rok byl nejen pro na\u0161i obec, ale pro v\u0161echny obce cel\u00e9 republiky dobou velk\u00fdch ud\u00e1lost\u00ed.<\/p>\n\n\n\n<p>Dne 25. kv\u011btna byly n\u00e1hle povol\u00e1ny star\u0161\u00ed ro\u010dn\u00edky na vojnu. Z na\u0161\u00ed obce to byli t\u0159i voj\u00edni: Jane\u010dek Franti\u0161ek \u010d.31, Kosi\u010dka Franti\u0161ek \u010d.19 a Kom\u00e1rek \u0160t\u011bp\u00e1n \u010d.1. Asi za t\u0159i t\u00fddny se tito povolan\u00ed vr\u00e1tili dom\u016f. V\u00e1le\u010dn\u00e9 nap\u011bt\u00ed rostlo m\u011bs\u00edc od m\u011bs\u00edce, a\u017e vyvrcholili 23.z\u00e1\u0159\u00ed, kdy v deset hodin byla vyhl\u00e1\u0161ena v\u0161eobecn\u00e1 mobilizace voj\u00e1k\u016f do \u010dty\u0159iceti rok\u016f. Hned druh\u00fd den na to se rukuj\u00edc\u00ed se\u0161li u spolkov\u00e9ho domu, aby se rozlou\u010dili se v\u0161emi obyvateli. Bolestn\u00fd byl pohled na v d\u00e1lce mizej\u00edc\u00ed postavy. T\u0159et\u00ed den po mobilizaci byly z&nbsp;obce odvedeny v\u0161echny kon\u011b, \u010d\u00edm\u017e byly zt\u00ed\u017eeny poln\u00ed pr\u00e1ce. K v\u00e1lce ale nedo\u0161lo a do t\u0159\u00ed m\u011bs\u00edc\u016f se v\u0161ichni, kte\u0159\u00ed rukovali vr\u00e1tili dom\u016f.<\/p>\n\n\n\n<p><strong>Rok 1939:<\/strong>&nbsp;V b\u0159eznu tohoto roku do\u0161lo k obsazen\u00ed na\u0161\u00ed vlasti n\u011bmeck\u00fdmi vojsky, co\u017e m\u011blo za n\u00e1sledek, \u017ee i&nbsp;na\u0161\u00ed obc\u00ed tato vojska pro\u0161la.<\/p>\n\n\n\n<div class=\"wp-block-image is-style-default\"><figure class=\"aligncenter size-large is-resized\"><img loading=\"lazy\" src=\"http:\/\/covecer.cz\/subdom\/kozarov\/wp-content\/uploads\/2021\/01\/09-699x1024.jpg\" alt=\"Domovsk\u00fd list z roku 1940\" class=\"wp-image-1125\" width=\"699\" height=\"1024\" srcset=\"http:\/\/covecer.cz\/subdom\/kozarov\/wp-content\/uploads\/2021\/01\/09-699x1024.jpg 699w, http:\/\/covecer.cz\/subdom\/kozarov\/wp-content\/uploads\/2021\/01\/09-205x300.jpg 205w, http:\/\/covecer.cz\/subdom\/kozarov\/wp-content\/uploads\/2021\/01\/09-768x1125.jpg 768w, http:\/\/covecer.cz\/subdom\/kozarov\/wp-content\/uploads\/2021\/01\/09-1048x1536.jpg 1048w, http:\/\/covecer.cz\/subdom\/kozarov\/wp-content\/uploads\/2021\/01\/09-1398x2048.jpg 1398w, http:\/\/covecer.cz\/subdom\/kozarov\/wp-content\/uploads\/2021\/01\/09.jpg 1441w\" sizes=\"(max-width: 699px) 100vw, 699px\" \/><\/figure><\/div>\n\n\n\n<p><strong>Rok 1942:<\/strong>&nbsp;Po atent\u00e1tu na \u0159\u00ed\u0161sk\u00e9ho protektora Heidricha byly kon\u00e1ny vojensk\u00e9 prohl\u00eddky na zbran\u011b. Tato prohl\u00eddka se konala 8. \u010dervna a prob\u011bhla celkem klidn\u011b. 18.\u010dervna museli v\u0161ichni mu\u017ei ve v\u011bku 18 \u2013 50 rok\u016f jet do Doubravn\u00edka k \u201eodvodu\u201c za \u00fa\u010delem nucen\u00fdch prac\u00ed. Vedl je tam tehdej\u0161\u00ed starosta \u0160pa\u010dek, kter\u00fd tam mnoh\u00e9 sv\u00fdm p\u0159i\u010din\u011bn\u00edm od nasazen\u00ed do N\u011bmecka osvobodil.<\/p>\n\n\n\n<p><strong>Rok 1943:<\/strong>&nbsp;N\u00e1bory na pr\u00e1ci do N\u011bmecka neust\u00e1valy. Lid\u00e9 byli vol\u00e1ni na \u00fa\u0159ad pr\u00e1ce do Ti\u0161nova. A tak se stalo, \u017ee z na\u0161\u00ed obce byli posl\u00e1ni tito ob\u010dan\u00e9: Zho\u0159 Frant. 23 r., Holcner Vinc. 21 r., Libich Al. 34 r., Pa\u0159\u00edzek Jos. 35 r. a Pol\u00e1kov\u00e1 Hedvika 19 r. Poda\u0159ilo se jim ale dostat dom\u016f na dovolenou a od t\u00e9 doby se ukr\u00fdvali v&nbsp;obci a\u017e do konce v\u00e1lky.<\/p>\n\n\n\n<p><strong>Rok 1945:<\/strong>&nbsp;Tento rok se ji\u017e schylovalo ke konci v\u00e1lky. V na\u0161\u00ed obci m\u011bl tento konec ale smutnou dohru. V&nbsp;cel\u00e9m kraji prob\u00edhalo partyz\u00e1nsk\u00e9 hnut\u00ed. O ukr\u00fdv\u00e1n\u00ed partyz\u00e1n\u016f&nbsp; se dozv\u011bd\u011blo gestapo, kter\u00e9 2. dubna dopoledne vtrhlo s vojskem do obce, kterou bleskurychle obsadilo. Bylo odvedeno p\u011bt \u010dlen\u016f Vejrostovy rodiny z \u010d.7 na gestapo do Letovic. Byli to : Marie 40 rok\u016f, Josefa 27 rok\u016f, Josef 21 rok\u016f, Maxmili\u00e1n 75 rok\u016f a Anast\u00e1zie 63 rok\u016f. D\u00e1le byli gestapem odvezeni: Tat\u00ed\u010dek Jan 17 rok\u016f a \u0160marda Anton\u00edn 19 rok\u016f. Posledn\u00ed dva jmenovan\u00ed se po t\u00fddenn\u00edm v\u00fdslechu vr\u00e1tili dom\u016f. Za t\u0159i t\u00fddny se vr\u00e1tili tak\u00e9 Maxmili\u00e1n a Anast\u00e1zie. Ostatn\u00ed \u010dlenov\u00e9 rodiny byli 24. dubna umu\u010deni.<\/p>\n\n\n\n<p><strong>Rok 1946:<\/strong>&nbsp;26. kv\u011btna prob\u011bhly v na\u0161\u00ed obci volby. Byli zvoleni n\u00e1sleduj\u00edc\u00ed ob\u010dan\u00e9:<\/p>\n\n\n\n<p>za Komunistickou stranu: Dou\u0161ek Emil, Pavl\u00ed\u010dek Alois<br>za Soci\u00e1ln\u011b demokratickou stranu: Vejrosta Franti\u0161ek,&nbsp;Duzbaba Jaroslav<br>za Stranu lidovou: Jane\u010dek Frant., Kom\u00e1rek \u0160t\u011bp\u00e1n,&nbsp;Sedl\u00e1\u010dek Hynek, Pavl\u00ed\u010dek Anton\u00edn a&nbsp;V\u0161iansk\u00fd Alois<\/p>\n\n\n\n<p><strong>Rok 1948:<\/strong>&nbsp;\u00danorov\u00e9 ud\u00e1losti tohoto roku se tak\u00e9 dotkly na\u0161\u00ed obce. Byl utvo\u0159en Ak\u010dn\u00ed v\u00fdbor n\u00e1rodn\u00ed fronty, jej\u00edm\u017e p\u0159edsedou se stal Emil Dou\u0161ek.<\/p>\n\n\n\n<p>Tohoto roku byl do v\u0161ech dom\u016f v obci zaveden elektrick\u00fd proud. 28. z\u00e1\u0159\u00ed se konala rozsv\u00edcensk\u00e1.<\/p>\n\n\n\n<p><strong>Rok 1954:<\/strong>&nbsp;Tento rok se zapsal do historie obce \u010dern\u00fdm p\u00edsmem. 26. \u010dervence ve 13:30 hod. vypukl u&nbsp;Kom\u00e1rk\u016f&nbsp; \u010d.1 po\u017e\u00e1r. Cel\u00e9 staven\u00ed lehlo popelem. V ohni uho\u0159el \u010dty\u0159let\u00fd Stanislav Kom\u00e1rek, jeho\u017e mrtvola byla nalezena na zdi sho\u0159el\u00e9 kolny.<\/p>\n\n\n\n<p><strong>Rok 1957:<\/strong>&nbsp;V tomto roce kon\u010d\u00ed v obci \u00e9ra soukrom\u00e9ho hospoda\u0159en\u00ed. Dne 23. srpna byla ustavuj\u00edc\u00ed sch\u016fze nov\u011b vznikl\u00e9ho Jednotn\u00e9ho zem\u011bd\u011blsk\u00e9ho dru\u017estva.<\/p>\n\n\n\n<p><strong>Rok 1960:<\/strong>&nbsp;Tento rok za\u010dal celkem \u00fasp\u011b\u0161n\u011b. Ji\u017e 21. \u00fanora uspo\u0159\u00e1daly slo\u017eky NF druh\u00e9 \u0161ib\u0159inky, kter\u00e9 se t\u011b\u0161ily velk\u00e9 p\u0159\u00edzni.<\/p>\n\n\n\n<p>Dne 12. \u010dervna tohoto roku prob\u011bhly v obci volby do&nbsp; M\u00edstn\u00edho n\u00e1rodn\u00edho v\u00fdboru. Byla provedena tak\u00e9 kanalizace p\u0159es n\u00e1ves, vys\u00e1zeny okrasn\u00e9 stromy kolem parku a po n\u00e1vsi. D\u00e1le byla opravena cesta k&nbsp;dru\u017estevn\u00edmu v\u00fdmlati\u0161ti.<\/p>\n\n\n\n<p>Dne 9. \u0159\u00edjna uspo\u0159\u00e1daly slo\u017eky N\u00e1rodn\u00ed fronty hody se star\u00fdmi zvyky a oby\u010deji.<\/p>\n\n\n\n<div class=\"wp-block-image is-style-default\"><figure class=\"aligncenter size-large is-resized\"><img loading=\"lazy\" src=\"http:\/\/covecer.cz\/subdom\/kozarov\/wp-content\/uploads\/2021\/01\/10-1024x659.jpg\" alt=\"Koz\u00e1rov\u0161t\u00ed st\u00e1rci a st\u00e1rkov\u00e9.\" class=\"wp-image-1126\" width=\"1024\" height=\"659\" srcset=\"http:\/\/covecer.cz\/subdom\/kozarov\/wp-content\/uploads\/2021\/01\/10-1024x659.jpg 1024w, http:\/\/covecer.cz\/subdom\/kozarov\/wp-content\/uploads\/2021\/01\/10-300x193.jpg 300w, http:\/\/covecer.cz\/subdom\/kozarov\/wp-content\/uploads\/2021\/01\/10-768x494.jpg 768w, http:\/\/covecer.cz\/subdom\/kozarov\/wp-content\/uploads\/2021\/01\/10.jpg 1437w\" sizes=\"(max-width: 1024px) 100vw, 1024px\" \/><\/figure><\/div>\n\n\n\n<p>V \u0159\u00edjnu tohoto roku zapo\u010dalo JZD se stavbou vep\u0159\u00edna, kter\u00fd byl je\u0161t\u011b do konce t\u00e9ho\u017e roku zhruba dokon\u010den. Byl tak\u00e9 zakoupen prvn\u00ed traktor Z \u2013 25 a dal\u0161\u00ed zem\u011bd\u011blsk\u00e1 technika. Koncem roku se konala v\u00fdro\u010dn\u00ed \u010dlensk\u00e1 sch\u016fze, na kter\u00e9 byli p\u0159\u00edtomni v\u0161ichni \u010dlenov\u00e9 dru\u017estva v\u010detn\u011b z\u00e1stupc\u016f Okresn\u00edho n\u00e1rodn\u00edho v\u00fdboru. P\u0159edseda dru\u017estva Franti\u0161ek Vejrosta konstatoval ve sv\u00e9 zpr\u00e1v\u011b, \u017ee dru\u017estvo si vede velice dob\u0159e. Jednotka dos\u00e1hla v t\u00e9 dob\u011b 23,50 korun, zat\u00edmco v ostatn\u00edch dru\u017estvech se pohybovala v rozp\u011bt\u00ed od&nbsp;7&nbsp;do&nbsp;16&nbsp;korun.<\/p>\n\n\n\n<p>D\u00e1le je tak\u00e9 nutno p\u0159ipomenout, \u017ee v tomto roce p\u0159e\u0161la obec z p\u016fsobnosti okresu Ti\u0161nov, kam dlouh\u00e1 l\u00e9ta spadala, pod nov\u011b vznikl\u00fd okres Blansko.<\/p>\n\n\n\n<p><strong>Rok 1961:<\/strong>&nbsp;Vzhledem ke vzr\u016fstaj\u00edc\u00edm pot\u0159eb\u00e1m obce se za\u010dalo uva\u017eovat o p\u0159\u00edstavb\u011b st\u00e1vaj\u00edc\u00edho kulturn\u00edho domu. Dne 25. b\u0159ezna bylo zapo\u010dato s odklizovac\u00edmi a v\u00fdkopov\u00fdmi pracemi na pozemku Josefa Buriana z&nbsp;\u010d.&nbsp;6, kde m\u011bla b\u00fdt p\u0159\u00edstavba realizov\u00e1na. St\u00e1tem byla na tuto akci v\u011bnov\u00e1na \u010d\u00e1stka 47 000 korun, za kterou se koupil materi\u00e1l a zaplatili \u0159emesln\u00edci. Ostatn\u00ed pr\u00e1ce se prov\u00e1d\u011bly zdarma. Bylo odpracov\u00e1no 4&nbsp;000 hodin.<\/p>\n\n\n\n<p>V m\u011bs\u00edci z\u00e1\u0159\u00ed a \u0159\u00edjnu tohoto roku byla z k\u0159i\u017eovatky do obce vyasfaltov\u00e1na silnice, kter\u00e1 m\u011bla kon\u010dit u&nbsp;kulturn\u00edho domu. Av\u0161ak p\u0159i\u010din\u011bn\u00edm MNV byly tyto pr\u00e1ce provedeny p\u0159es celou obec sm\u011brem k&nbsp;Bed\u0159ichovu.<\/p>\n\n\n\n<p>Z kulturn\u00edch akc\u00ed bylo uspo\u0159\u00e1d\u00e1no n\u011bkolik tane\u010dn\u00edch z\u00e1bav z nich\u017e nejv\u011bt\u0161\u00ed \u00fasp\u011bch slavily t\u0159et\u00ed \u0161ib\u0159inky.<\/p>\n\n\n\n<p>JZD v tomto roce dokon\u010dilo stavbu nov\u00e9ho vep\u0159\u00edna.<\/p>\n\n\n\n<p><strong>Rok 1962:&nbsp;<\/strong>&nbsp;Z po\u010d\u00e1tku roku byla dokon\u010dena p\u0159\u00edstavba kulturn\u00edho domu. Pot\u00e9 n\u00e1sledovalo polo\u017een\u00ed parket do&nbsp;s\u00e1lu a na jevi\u0161t\u011b a vymalov\u00e1n\u00ed v\u0161ech m\u00edstnost\u00ed, \u010d\u00edm\u017e dostal kulturn\u00ed d\u016fm novou tv\u00e1\u0159. Na zimn\u00ed vyt\u00e1p\u011bn\u00ed byl po\u0159\u00edzen teplomet.<\/p>\n\n\n\n<p>Dne 30. dubna tohoto roku byla uspo\u0159\u00e1d\u00e1na v\u00fdro\u010dn\u00ed sch\u016fze dru\u017estva, kde bylo op\u011bt konstatov\u00e1no dobr\u00e9 hospoda\u0159en\u00ed dru\u017estva. D\u016fkazem toho je i osobn\u00ed \u00fa\u010dast n\u00e1m\u011bstka ministra zem\u011bd\u011blstv\u00ed ing. N\u00e1gra, kter\u00fd jako ocen\u011bn\u00ed nejlep\u0161\u00edho dru\u017estva v brambor\u00e1\u0159sko-ovesn\u00e1\u0159sk\u00e9 oblasti v republice (32q\/ha obil\u00ed) p\u0159edal \u201eRud\u00fd prapor vl\u00e1dy.\u201c Na t\u00e9to sch\u016fzi bylo zvoleno i nov\u00e9 p\u0159edstavenstvo dru\u017estva. P\u0159edsedou byl zvolen Franti\u0161ek Dou\u0161ek \u010d.9.<\/p>\n\n\n\n<p>Hned v n\u00e1sleduj\u00edc\u00edch dnech se za\u010dalo pracovat na stavb\u011b hospod\u00e1\u0159sk\u00fdch budov. Ji\u017e v m\u011bs\u00edci srpnu bylo zapo\u010dato s v\u00fdstavbou krav\u00edna, jeho\u017e rozpo\u010det \u010dinil 500 000 korun. Stavbu prov\u00e1d\u011bl stavitel Dominik Matal z Lysic a jako stavbyvedouc\u00ed byl zdej\u0161\u00ed ob\u010dan Hynek Sedl\u00e1\u010dek \u010d. 11.<\/p>\n\n\n\n<p><strong>Rok 1963:<\/strong>&nbsp;P\u0159es celou zimu pokra\u010dovala v\u00fdstavba krav\u00edna. Ve\u0161ker\u00e9 tesa\u0159sk\u00e9 a pokr\u00fdva\u010dsk\u00e9 pr\u00e1ce prov\u00e1d\u011bl a \u0159\u00eddil zdej\u0161\u00ed ob\u010dan Anton\u00edn Pavl\u00ed\u010dek \u010d. 41. Dne 24. srpna do\u0161lo ke spole\u010dn\u00e9mu ust\u00e1jen\u00ed v\u0161eho hov\u011bz\u00edho dobytka.<\/p>\n\n\n\n<p>Jako prvn\u00ed o\u0161et\u0159ovatelky byly:<\/p>\n\n\n\n<p>Buben\u00edkov\u00e1 Antonie \u010d.15,<br>Jane\u010dkov\u00e1 Marie \u010d.31<br>Slav\u00ed\u010dkov\u00e1 Antonie \u010d. 26<br>Sedl\u00e1\u010dkov\u00e1 Marie \u010d.11<\/p>\n\n\n\n<p>No\u010dn\u00edm hl\u00edda\u010dem byl ustanoven Pavl\u00ed\u010dek Alois \u010d.8.<\/p>\n\n\n\n<p><strong>Rok 1964:<\/strong>&nbsp;I v tomto roce pokra\u010dovaly dal\u0161\u00ed stavebn\u00ed pr\u00e1ce. V m\u011bs\u00edci \u010dervnu do\u0161lo k venkovn\u00ed oprav\u011b cel\u00e9ho kulturn\u00edho domu v\u010detn\u011b p\u0159estavby venkovn\u00edho schodi\u0161t\u011b a nov\u00e9 fas\u00e1dy. Z\u00e1rove\u0148 v tomto m\u011bs\u00edci prob\u011bhly volby do n\u00e1rodn\u00edho v\u00fdboru.<\/p>\n\n\n\n<p>V obci pracoval aktivn\u011b dohl\u00ed\u017eec\u00ed v\u00fdbor Jednoty ve slo\u017een\u00ed:<\/p>\n\n\n\n<p>Tat\u00ed\u010dkov\u00e1 Marie \u010d.22<br>Pavl\u00ed\u010dkov\u00e1 Marta \u010d.17<br>Zho\u0159ov\u00e1 Bo\u017eena \u010d.12<\/p>\n\n\n\n<p>D\u016fkazem toho je uspo\u0159\u00e1d\u00e1n\u00ed estr\u00e1dy, na kter\u00e9 \u00fa\u010dinkovali um\u011blci z Brna, a kter\u00e1 se po v\u0161ech str\u00e1nk\u00e1ch vyda\u0159ila.<\/p>\n\n\n\n<p>I JZD pokra\u010dovalo v dal\u0161\u00ed v\u00fdstavb\u011b hospod\u00e1\u0159sk\u00fdch budov a to : ke krav\u00ednu byla p\u0159istav\u011bna p\u0159\u00edpravna krmen\u00ed, nov\u00e1 \u0161rotovna a skladi\u0161t\u011b pro hospod\u00e1\u0159sk\u00e9 n\u00e1\u0159ad\u00ed. Tak\u00e9 byla dokon\u010dena stavba vodojemu nad&nbsp;krav\u00ednem.<\/p>\n\n\n\n<p><strong>Rok 1965:<\/strong>&nbsp;V tomto roce byla provedena oprava kancel\u00e1\u0159e MNV, hasi\u010dsk\u00e9ho skladi\u0161t\u011b a p\u0159\u00eds\u00e1l\u00ed v kulturn\u00edm dom\u011b. Na tyto pr\u00e1ce poskytl Okresn\u00ed n\u00e1rodn\u00ed v\u00fdbor \u010d\u00e1stku 13 500 korun.<\/p>\n\n\n\n<p>Tak\u00e9 JZD realizovalo \u010d\u00e1st sv\u00e9ho pl\u00e1nu ve v\u00fdstavb\u011b dal\u0161\u00edch hospod\u00e1\u0159sk\u00fdch budov. Ke krav\u00ednu byla p\u0159istav\u011bna soci\u00e1ln\u00ed m\u00edstnost a nad krav\u00ednem sil\u00e1\u017en\u00ed \u017elab s kapacitou 600 m3.<\/p>\n\n\n\n<p><strong>Rok 1966:<\/strong>&nbsp;V tomto roce bylo p\u0159ikro\u010deno k oprav\u011b vodn\u00ed n\u00e1dr\u017ee na horn\u00edm konci obce. N\u00e1dr\u017e byla vybetonovan\u00e1 a oplocena n\u00e1kladem 12 500 korun. Tyto prost\u0159edky poskytla poji\u0161\u0165ovna.<\/p>\n\n\n\n<p>D\u00e1le byla provedena \u00faprava cesty z\u00e1padn\u00edm sm\u011brem k trati zvan\u00e9 \u201eP\u0159\u00edhon.\u201c<\/p>\n\n\n\n<p>V kulturn\u00edm dom\u011b byly provedeny nat\u011bra\u010dsk\u00e9 pr\u00e1ce v\u0161ech oken a dve\u0159\u00ed.<\/p>\n\n\n\n<p>Za zm\u00ednku stoj\u00ed i to, \u017ee v m\u011bs\u00edci z\u00e1\u0159\u00ed se vyskytla v obci naka\u017eliv\u00e1 nemoc zvan\u00e1 \u017eloutenka, kter\u00e1 v mnoh\u00e9m dom\u011b zachv\u00e1tila i v\u00edce \u010dlen\u016f rodiny.<\/p>\n\n\n\n<p><strong>Rok 1967:<\/strong>&nbsp;V tomto roce byla prodlu\u017eena kanalizace na horn\u00edm konci obce po obou stran\u00e1ch silnice. JZD postavilo kancel\u00e1\u0159 s p\u0159ilehlou mostn\u00ed v\u00e1hou a u vep\u0159\u00edna byl vybudov\u00e1n sklep s p\u0159\u00edpravnou. V letn\u00edch m\u011bs\u00edc\u00edch byla zru\u0161ena dr\u016fbe\u017e\u00e1rna vybudovan\u00e1 na p\u0159elomu let 1958-1959 a p\u0159ebudov\u00e1na na d\u00edlnu slou\u017e\u00edc\u00ed k oprav\u011b zem\u011bd\u011blsk\u00fdch stroj\u016f. V t\u00e9m\u017ee obdob\u00ed se uj\u00edm\u00e1 veden\u00ed dru\u017estva pr\u00e1v\u011b vystudovan\u00fd ing. Franti\u0161ek Vejrosta z \u010d\u00edsla 7.<\/p>\n\n\n\n<p>Z kulturn\u00edch akc\u00ed stoj\u00ed za zm\u00ednku, \u017ee krom\u011b tane\u010dn\u00edch z\u00e1bav byla sehr\u00e1na dv\u011b divadeln\u00ed p\u0159edstaven\u00ed.<\/p>\n\n\n\n<p><strong>Rok1968:<\/strong>&nbsp;Tohotu roku byla provedena \u010d\u00e1ste\u010dn\u00e1 oprava kaple a jej\u00edho okol\u00ed. Byl zbour\u00e1n taras a nahrazen nov\u00fdm, na n\u011bm zbudov\u00e1n nov\u00fd kovov\u00fd plot. Sou\u010dasn\u011b byly zbudov\u00e1ny na st\u0159e\u0161e kaple \u010dty\u0159i odpadov\u00e9 \u017elaby. Pr\u00e1ce se brig\u00e1dn\u011b zdarma zhostil Holcner Vincenc \u010d. 27 a Slav\u00ed\u010dek Frant. \u010d. 20.<\/p>\n\n\n\n<p>JZD dokon\u010dilo stavbu kancel\u00e1\u0159e a zakoupilo kombajn na sklize\u0148 obil\u00ed.<\/p>\n\n\n\n<p>V oblasti kulturn\u00edho d\u011bn\u00ed, mimo tane\u010dn\u00edch z\u00e1bav, bylo sehr\u00e1no dal\u0161\u00ed divadeln\u00ed p\u0159edstaven\u00ed s n\u00e1zvem \u201eB\u00e1rtova pomsta.\u201c<\/p>\n\n\n\n<p>Srpnov\u00e9 ud\u00e1losti nem\u011bly \u017e\u00e1dn\u00fd podstatn\u00fd vliv na chod obce.<\/p>\n\n\n\n<p><strong>Rok 1969:<\/strong>&nbsp;Obec pokra\u010dovala ve v\u00fdstavb\u011b kanalizace na doln\u00edm konci obce. Byla vykon\u00e1na sb\u00edrka na zvony do farn\u00edho kostela v Bed\u0159ichov\u011b s v\u00fdsledkem 6 300 K\u010ds.<\/p>\n\n\n\n<p>Nelze opomenout sehr\u00e1n\u00ed divadeln\u00ed hry \u201eRom\u00e1nek kr\u00e1sn\u00e9 cik\u00e1nky,\u201c kter\u00e1 se setkala s nev\u00eddan\u00fdm \u00fasp\u011bchem.<\/p>\n\n\n\n<div class=\"wp-block-image is-style-default\"><figure class=\"aligncenter size-large is-resized\"><img loading=\"lazy\" src=\"http:\/\/covecer.cz\/subdom\/kozarov\/wp-content\/uploads\/2021\/01\/11-1024x748.jpg\" alt=\"Uprost\u0159ed star\u00fd cik\u00e1n Bojko Radi\u010d.\" class=\"wp-image-1127\" width=\"1024\" height=\"748\" srcset=\"http:\/\/covecer.cz\/subdom\/kozarov\/wp-content\/uploads\/2021\/01\/11-1024x748.jpg 1024w, http:\/\/covecer.cz\/subdom\/kozarov\/wp-content\/uploads\/2021\/01\/11-300x219.jpg 300w, http:\/\/covecer.cz\/subdom\/kozarov\/wp-content\/uploads\/2021\/01\/11-768x561.jpg 768w, http:\/\/covecer.cz\/subdom\/kozarov\/wp-content\/uploads\/2021\/01\/11.jpg 1435w\" sizes=\"(max-width: 1024px) 100vw, 1024px\" \/><\/figure><\/div>\n\n\n\n<div class=\"wp-block-image is-style-default\"><figure class=\"alignright size-large is-resized\"><img loading=\"lazy\" src=\"http:\/\/covecer.cz\/subdom\/kozarov\/wp-content\/uploads\/2021\/01\/11_1-691x1024.jpg\" alt=\"Zvon z d\u00edlny V. Holcnera.\" class=\"wp-image-1128\" width=\"346\" height=\"512\" srcset=\"http:\/\/covecer.cz\/subdom\/kozarov\/wp-content\/uploads\/2021\/01\/11_1-691x1024.jpg 691w, http:\/\/covecer.cz\/subdom\/kozarov\/wp-content\/uploads\/2021\/01\/11_1-202x300.jpg 202w, http:\/\/covecer.cz\/subdom\/kozarov\/wp-content\/uploads\/2021\/01\/11_1-768x1139.jpg 768w, http:\/\/covecer.cz\/subdom\/kozarov\/wp-content\/uploads\/2021\/01\/11_1.jpg 903w\" sizes=\"(max-width: 346px) 100vw, 346px\" \/><\/figure><\/div>\n\n\n\n<p><strong>Rok 1971:<\/strong>&nbsp;27. srpna bylo zapo\u010dato na pozemku, kter\u00fd obec koupila od Josefa Buben\u00edka \u010d. 15 s&nbsp;v\u00fdstavbou nocle\u017eny pro \u0159idi\u010de \u010cSAD. Vedouc\u00edm stavby byl pov\u011b\u0159en Kom\u00e1rek \u0160t\u011bp\u00e1n \u010d. 1. V polovin\u011b listopadu byla stavba zhruba hotov\u00e1. Odpracov\u00e1no bylo celkem 1 500 brig\u00e1dnick\u00fdch hodin.<\/p>\n\n\n\n<p>V s\u00e1le kulturn\u00edho domu byly p. Lefnerem z&nbsp;Bed\u0159ichova oblo\u017eeny d\u0159evem zdi.<\/p>\n\n\n\n<p>Ve dnech 26.-27. listopadu prob\u011bhly volby do MNV.<\/p>\n\n\n\n<p>JZD pro\u0161lo d\u016fle\u017eitou zm\u011bnou \u2013 slou\u010dilo se s okoln\u00edmi obcemi v r\u00e1mci JZD Lysice. Zde byla vytvo\u0159ena samostatn\u00e1 farma s p\u0159ilehl\u00fdmi obcemi Bed\u0159ichov, Kun\u010dina Ves a Strha\u0159e.<\/p>\n\n\n\n<p>V m\u011bs\u00edci z\u00e1\u0159\u00ed do\u0161lo k povrchov\u00e9 \u00faprav\u011b spojovac\u00ed silnice mezi obcemi Koz\u00e1rov a Strha\u0159e. V t\u00e9m\u017ee m\u011bs\u00edci bylo zapo\u010dato se scelov\u00e1n\u00edm pozemk\u016f, a to t\u00edm zp\u016fsobem, \u017ee byla vytrh\u00e1na velk\u00e1 \u010d\u00e1st ovocn\u00fdch strom\u016f a meze rozor\u00e1ny, co\u017e nep\u0159isp\u011blo k nejlep\u0161\u00ed n\u00e1lad\u011b v obci.<\/p>\n\n\n\n<p><strong>Rok 1972:<\/strong>&nbsp;V prvn\u00ed polovin\u011b roku byla dokon\u010dena stavba nocle\u017eny pro \u0159idi\u010de \u010cSAD<\/p>\n\n\n\n<p>Dne 3.\u010dervence bylo zapo\u010dato se stavbou silnice na doln\u00edm konci obce. Musely b\u00fdt provedeny n\u011bkter\u00e9 zemn\u00ed pr\u00e1ce, co\u017e si vy\u017e\u00e1dalo z\u00e1sah do soukrom\u00fdch pozemk\u016f a u Josefa Dou\u0161ka \u010d. 28 dokonce do \u010d\u00e1sti domu. P\u0159es dlouh\u00e1 a mnohdy slo\u017eit\u00e1 jedn\u00e1n\u00ed byla stavba zapo\u010data a mohla pokra\u010dovat dle pl\u00e1nu v\u00fdstavby.<\/p>\n\n\n\n<p>30.\u010dervence byl po \u00fa\u0159edn\u00ed kolaudaci na m\u00edstn\u00ed kapli zav\u011b\u0161en nov\u00fd zvon o v\u00e1ze 105 kg, kter\u00fd odlil m\u00edstn\u00ed ob\u010dan Vincenc Holcner \u010d. 27.<\/p>\n\n\n\n<div class=\"wp-block-image is-style-default\"><figure class=\"aligncenter size-large is-resized\"><img loading=\"lazy\" src=\"http:\/\/covecer.cz\/subdom\/kozarov\/wp-content\/uploads\/2021\/01\/12-1024x806.jpg\" alt=\"Divadeln\u00edci p\u0159i z\u00e1v\u011bre\u010dn\u00e9m defil\u00e9.\" class=\"wp-image-1132\" width=\"1024\" height=\"806\" srcset=\"http:\/\/covecer.cz\/subdom\/kozarov\/wp-content\/uploads\/2021\/01\/12-1024x806.jpg 1024w, http:\/\/covecer.cz\/subdom\/kozarov\/wp-content\/uploads\/2021\/01\/12-300x236.jpg 300w, http:\/\/covecer.cz\/subdom\/kozarov\/wp-content\/uploads\/2021\/01\/12-768x604.jpg 768w, http:\/\/covecer.cz\/subdom\/kozarov\/wp-content\/uploads\/2021\/01\/12.jpg 1437w\" sizes=\"(max-width: 1024px) 100vw, 1024px\" \/><\/figure><\/div>\n\n\n\n<p>Nelze ani opomenout den 17.\u00fanor, kdy se v kulturn\u00edm dom\u011b konala sch\u016fze \u010ceskoslovensk\u00e9ho \u010derven\u00e9ho k\u0159\u00ed\u017ee za p\u0159\u00edtomnosti z\u00e1stupc\u016f zdravotn\u00edch st\u0159edisek z Lomnice u Ti\u0161nova, kam jsme jako obec doposud spadali, Lysic a nemocnice Boskovice. Hlavn\u00edm bodem jedn\u00e1n\u00ed bylo p\u0159id\u011blen\u00ed obce Koz\u00e1rov ke zdravotn\u00edmu st\u0159edisku Lysice.<\/p>\n\n\n\n<p>JZD v tomto roce postavilo kolnu kovov\u00e9 konstrukce o rozm\u011brech 32 x 18 m.<\/p>\n\n\n\n<p>V oblasti kulturn\u00edho d\u011bn\u00ed v obci, pomineme \u2013 li tane\u010dn\u00ed z\u00e1bavy, pat\u0159ilo dal\u0161\u00ed divadeln\u00ed p\u0159edstaven\u00ed s n\u00e1zvem \u201eNau\u010d se syne\u010dku hospoda\u0159it,\u201c kter\u00e9 se setkalo op\u011bt s velkou odezvou.<\/p>\n\n\n\n<p><strong>Rok 1973:<\/strong>&nbsp;Hned ve druh\u00e9 polovin\u011b dubna zapo\u010daly brig\u00e1dnick\u00e9 pr\u00e1ce na dostavb\u011b nov\u00e9 vozovky. Po cel\u00e9 obci byly usazeny obrubn\u00edky, upraveny vjezdy do dom\u016f a svedena odpadov\u00e1 voda do kanalizace. 12.&nbsp;\u010dervence skon\u010dily ve\u0161ker\u00e9 asfaltovac\u00ed pr\u00e1ce. \u00dapravy travnat\u00fdch ploch p\u0159ed domy si ob\u010dan\u00e9 prov\u00e1d\u011bli sami. Na ve\u0161ker\u00fdch t\u011bchto prac\u00edch bylo odpracov\u00e1no 6 298 hodin.<\/p>\n\n\n\n<div class=\"wp-block-image is-style-default\"><figure class=\"aligncenter size-large is-resized\"><img loading=\"lazy\" src=\"http:\/\/covecer.cz\/subdom\/kozarov\/wp-content\/uploads\/2021\/01\/12_1-1024x803.jpg\" alt=\"Po \u0161est\u00e9 repr\u00edze.\" class=\"wp-image-1134\" width=\"1024\" height=\"803\" srcset=\"http:\/\/covecer.cz\/subdom\/kozarov\/wp-content\/uploads\/2021\/01\/12_1-1024x803.jpg 1024w, http:\/\/covecer.cz\/subdom\/kozarov\/wp-content\/uploads\/2021\/01\/12_1-300x235.jpg 300w, http:\/\/covecer.cz\/subdom\/kozarov\/wp-content\/uploads\/2021\/01\/12_1-768x602.jpg 768w, http:\/\/covecer.cz\/subdom\/kozarov\/wp-content\/uploads\/2021\/01\/12_1.jpg 1435w\" sizes=\"(max-width: 1024px) 100vw, 1024px\" \/><\/figure><\/div>\n\n\n\n<p>Je\u0161t\u011b t\u00e9ho\u017e roku za\u010daly p\u0159\u00edpravn\u00e9 pr\u00e1ce na stavb\u011b prodejny sm\u00ed\u0161en\u00e9ho zbo\u017e\u00ed, nebo\u0165 a\u017e doposud do obce doj\u00ed\u017ed\u011bla poj\u00edzdn\u00e1 prodejna. Nejv\u011bt\u0161\u00ed probl\u00e9m byl s v\u00fdb\u011brem pozemku, kde by budouc\u00ed obchod m\u011bl st\u00e1t. Po&nbsp;mnoha \u00favah\u00e1ch bylo dohodnuto, \u017ee obchod bude st\u00e1t na m\u00edst\u011b st\u00e1vaj\u00edc\u00edho rybn\u00edku a tento bude nov\u011b zbudov\u00e1n asi o 100 m. n\u00ed\u017ee. A tak v polovin\u011b prosince byla vyhloubena&nbsp; nov\u00e1 n\u00e1dr\u017e na vodu o rozm\u011brech 25 x 13 m.<\/p>\n\n\n\n<p>V oblasti kultury bylo triumfem sehr\u00e1n\u00ed dal\u0161\u00ed divadeln\u00ed hry \u201eZ \u010desk\u00fdch ml\u00fdn\u016f.\u201c O toto p\u0159edstaven\u00ed byl neobvykl\u00fd z\u00e1jem, proto muselo b\u00fdt \u0161estkr\u00e1t opakov\u00e1no.<\/p>\n\n\n\n<p><strong>Rok 1974:<\/strong>&nbsp;I tento rok pokra\u010doval podle volebn\u00edho programu tehdej\u0161\u00edho MNV. Hned koncem \u00fanora bylo zapo\u010dato se stavbou prodejny sm\u00ed\u0161en\u00e9ho zbo\u017e\u00ed. \u0158\u00edzen\u00edm&nbsp; stavebn\u00edch prac\u00ed byl pov\u011b\u0159en Sedl\u00e1\u010dek Hynek \u010d.42. Byly postaveny sklepy, j\u00edmka s odpady, p\u0159\u00edvod el. energie a vody a postaven kom\u00edn. P\u0159esto, \u017ee se pracovalo p\u0159ev\u00e1\u017en\u011b o voln\u00fdch sobot\u00e1ch a ned\u011bl\u00edch, bylo toto dokon\u010deno v m\u011bs\u00edci \u010dervnu.<\/p>\n\n\n\n<div class=\"wp-block-image is-style-default\"><figure class=\"aligncenter size-large is-resized\"><img loading=\"lazy\" src=\"http:\/\/covecer.cz\/subdom\/kozarov\/wp-content\/uploads\/2021\/01\/13-1024x801.jpg\" alt=\"Sklepy budouc\u00ed prodejny.\" class=\"wp-image-1135\" width=\"1024\" height=\"801\" srcset=\"http:\/\/covecer.cz\/subdom\/kozarov\/wp-content\/uploads\/2021\/01\/13-1024x801.jpg 1024w, http:\/\/covecer.cz\/subdom\/kozarov\/wp-content\/uploads\/2021\/01\/13-300x235.jpg 300w, http:\/\/covecer.cz\/subdom\/kozarov\/wp-content\/uploads\/2021\/01\/13-768x601.jpg 768w, http:\/\/covecer.cz\/subdom\/kozarov\/wp-content\/uploads\/2021\/01\/13.jpg 1435w\" sizes=\"(max-width: 1024px) 100vw, 1024px\" \/><\/figure><\/div>\n\n\n\n<p><strong>Rok 1975:<\/strong>&nbsp;Dne 24. b\u0159ezna nastoupila do obce firma \u201eRudn\u00e9 doly Jesen\u00edk,\u201c kter\u00e1 zapo\u010dala s dostavbou prodejny. Je\u0161t\u011b t\u00e9ho\u017e dne byla budova postavena v\u010detn\u011b zala\u0165ov\u00e1n\u00ed vazby. Druh\u00fd den byla polo\u017eena krytina v\u010detn\u011b okapov\u00fdch \u017elab\u016f a r\u00fdn. V polovin\u011b dubna byla polo\u017eena dla\u017eba v cel\u00e9 budov\u011b a pokra\u010dovalo se na \u00faprav\u011b okol\u00ed a v dokon\u010dovac\u00edch pracech. Dne 29.\u010dervna byla prodejna za \u00fa\u010dasti p\u0159edsedy ONV P\u0159ibyla, z\u00e1stupc\u016f SD Jednota Boskovice a v\u0161ech spoluob\u010dan\u016f slavnostn\u011b otev\u0159ena. Prvn\u00ed vedouc\u00ed byla Sedl\u00e1\u010dkov\u00e1 Ant. \u010d. ll a prvn\u00ed nakupuj\u00edc\u00ed Zho\u0159ov\u00e1 Bo\u017eena \u010d. 12.<\/p>\n\n\n\n<p><strong>Rok 1976:<\/strong>&nbsp;I tento rok m\u011bl pro obec velk\u00fd v\u00fdznam. V pr\u016fb\u011bhu m\u011bs\u00edce kv\u011btna bylo zapo\u010dato s dostavbou vodn\u00ed n\u00e1dr\u017ee.<\/p>\n\n\n\n<p>Dne 4. z\u00e1\u0159\u00ed bylo postaveno kolem cel\u00e9 kaple le\u0161en\u00ed a zapo\u010dala oprava v\u011b\u017ee a om\u00edtky na cel\u00e9 kapli.<\/p>\n\n\n\n<p>23. \u0159\u00edjna prob\u011bhly volby do obecn\u00edho zastupitelstva.<\/p>\n\n\n\n<p>31. \u0159\u00edjna do\u0161lo k uzav\u0159en\u00ed m\u00edstn\u00edho pohostinstv\u00ed v \u010d. 19, kter\u00e9 slou\u017eilo ve\u0159ejnosti pln\u00fdch 200 rok\u016f. B\u011bhem jeho trv\u00e1n\u00ed se zde vyst\u0159\u00eddalo deset majitel\u016f. Posledn\u00edmi majiteli byli man\u017eel\u00e9 Franti\u0161ek a Antonie Kosi\u010dkovi.<\/p>\n\n\n\n<div class=\"wp-block-image is-style-default\"><figure class=\"alignright size-large is-resized\"><img loading=\"lazy\" src=\"http:\/\/covecer.cz\/subdom\/kozarov\/wp-content\/uploads\/2021\/01\/13_1.jpg\" alt=\"Posledn\u00ed dr\u017eitel a vedouc\u00ed hostince Franti\u0161ek Kosi\u010dka\" class=\"wp-image-1136\" width=\"443\" height=\"670\" srcset=\"http:\/\/covecer.cz\/subdom\/kozarov\/wp-content\/uploads\/2021\/01\/13_1.jpg 591w, http:\/\/covecer.cz\/subdom\/kozarov\/wp-content\/uploads\/2021\/01\/13_1-199x300.jpg 199w\" sizes=\"(max-width: 443px) 100vw, 443px\" \/><\/figure><\/div>\n\n\n\n<p>P\u0159ed V\u00e1nocemi se za\u010dali m\u00edstn\u00ed hasi\u010di sch\u00e1zet v kulturn\u00edm dom\u011b, kde si vytvo\u0159ili hasi\u010dskou klubovnu. A t\u00edm byly polo\u017eeny z\u00e1klady hostince U ka\u0161tanu, kde se \u010dlenov\u00e9 sboru vz\u00e1jemn\u011b st\u0159\u00eddali v obsluze z\u00e1kazn\u00edk\u016f, a\u017e do roku 2001<\/p>\n\n\n\n<p><strong>Rok 1977:<\/strong>&nbsp;25. \u010dervence byly dokon\u010deny pr\u00e1ce na oprav\u011b kaple a jej\u00edho okol\u00ed. Byla oplocena po\u017e\u00e1rn\u00ed n\u00e1dr\u017e a u n\u00ed postaven su\u0161\u00e1k na hadice.<\/p>\n\n\n\n<p>V okol\u00ed obce prov\u00e1d\u011bl Agrochemick\u00fd podnik Boskovice meliora\u010dn\u00ed pr\u00e1ce.<\/p>\n\n\n\n<p>V m\u011bs\u00edci dubnu bylo sehr\u00e1no dal\u0161\u00ed divadeln\u00ed p\u0159edstaven\u00ed s&nbsp;n\u00e1zvem \u201eNau\u010d se syne\u010dku hospoda\u0159it,\u201c kter\u00e9 se setkalo s&nbsp;nev\u00eddan\u00fdm ohlasem.<\/p>\n\n\n\n<p><strong>Rok 1978:<\/strong>&nbsp;Bylo vybudov\u00e1no d\u011btsk\u00e9 h\u0159i\u0161t\u011b v horn\u00ed \u010d\u00e1sti obce, kde tak\u00e9 byly roz\u0161\u00ed\u0159eny a upraveny cesty.<\/p>\n\n\n\n<p>18. \u010dervna prob\u011bhly oslavy pades\u00e1t\u00e9ho v\u00fdro\u010d\u00ed zalo\u017een\u00ed po\u017e\u00e1rn\u00edho sboru.<\/p>\n\n\n\n<p><strong>Rok 1980:<\/strong>&nbsp;Tento rok byl pro obec v\u00fdznamn\u00fd t\u00edm, \u017ee svoji \u010dinnost ukon\u010dil m\u00edstn\u00ed n\u00e1rodn\u00ed v\u00fdbor a od 1. 7. byl integrov\u00e1n s MNV Lysice. V obci za\u010dal pracovat Ob\u010dansk\u00fd v\u00fdbor.<\/p>\n\n\n\n<p>Tak\u00e9 byla provedena oprava st\u0159echy kulturn\u00edho domu a nov\u011b upraven chodn\u00edk v horn\u00ed \u010d\u00e1sti obce.<\/p>\n\n\n\n<p><strong>Rok 1981-1983:<\/strong>&nbsp;V pr\u016fb\u011bhu t\u011bchto let \u00fasp\u011b\u0161n\u011b v obci pracoval Ob\u010dansk\u00fd v\u00fdbor, kter\u00fd za dosa\u017een\u00e9 v\u00fdsledky obdr\u017eel n\u011bkolik \u010destn\u00fdch uzn\u00e1n\u00ed od rady ONV Blansko. Hlavn\u00ed \u010dinnost brig\u00e1d byla sm\u011b\u0159ov\u00e1na k&nbsp;\u00fadr\u017eb\u011b a zvelebov\u00e1n\u00ed kulturn\u00edho domu a jeho okol\u00ed.<\/p>\n\n\n\n<p>Ochotnick\u00fd krou\u017eek sehr\u00e1l divadeln\u00ed hru \u201eZ \u010desk\u00fdch ml\u00fdn\u016f,\u201c kter\u00e1 m\u011bla op\u011bt velk\u00fd \u00fasp\u011bch.<\/p>\n\n\n\n<p><strong>Rok 1985:<\/strong>&nbsp;Tento rok se zapsal do d\u011bjin obce t\u00edm, \u017ee byla v rekordn\u00ed dob\u011b vym\u011bn\u011bna okna v kulturn\u00edm dom\u011b, cel\u00e1 elektroinstalace, opravy vnit\u0159n\u00edch i venkovn\u00edch om\u00edtek, n\u00e1t\u011bry a vymalov\u00e1n\u00ed.<\/p>\n\n\n\n<p>Na n\u00e1klady JZD Lysice byla vyasfaltovan\u00e1 silnice z Koz\u00e1rova do Bed\u0159ichova.<\/p>\n\n\n\n<div class=\"wp-block-image is-style-default\"><figure class=\"aligncenter size-large is-resized\"><img loading=\"lazy\" src=\"http:\/\/covecer.cz\/subdom\/kozarov\/wp-content\/uploads\/2021\/01\/14-1024x730.jpg\" alt=\"Nejenom prac\u00ed \u017eiv je \u010dlov\u011bk.\" class=\"wp-image-1137\" width=\"1024\" height=\"730\" srcset=\"http:\/\/covecer.cz\/subdom\/kozarov\/wp-content\/uploads\/2021\/01\/14-1024x730.jpg 1024w, http:\/\/covecer.cz\/subdom\/kozarov\/wp-content\/uploads\/2021\/01\/14-300x214.jpg 300w, http:\/\/covecer.cz\/subdom\/kozarov\/wp-content\/uploads\/2021\/01\/14-768x548.jpg 768w, http:\/\/covecer.cz\/subdom\/kozarov\/wp-content\/uploads\/2021\/01\/14.jpg 1437w\" sizes=\"(max-width: 1024px) 100vw, 1024px\" \/><\/figure><\/div>\n\n\n\n<p>Ob\u010dansk\u00fd v\u00fdbor se letos um\u00edstil na prvn\u00edm m\u00edst\u011b v okrese a bylo mu za to ud\u011bleno \u201e\u010cestn\u00e9 uzn\u00e1n\u00ed rady ONV Blansko.\u201c<\/p>\n\n\n\n<div class=\"wp-block-image is-style-default\"><figure class=\"alignleft size-large is-resized\"><img loading=\"lazy\" src=\"http:\/\/covecer.cz\/subdom\/kozarov\/wp-content\/uploads\/2021\/01\/14_1.jpg\" alt=\"Oprava tarasu.\" class=\"wp-image-1139\" width=\"406\" height=\"443\" srcset=\"http:\/\/covecer.cz\/subdom\/kozarov\/wp-content\/uploads\/2021\/01\/14_1.jpg 811w, http:\/\/covecer.cz\/subdom\/kozarov\/wp-content\/uploads\/2021\/01\/14_1-275x300.jpg 275w, http:\/\/covecer.cz\/subdom\/kozarov\/wp-content\/uploads\/2021\/01\/14_1-768x838.jpg 768w\" sizes=\"(max-width: 406px) 100vw, 406px\" \/><\/figure><\/div>\n\n\n\n<p>Ani ochotn\u00edci v tomto roce nezah\u00e1leli a sehr\u00e1li divadeln\u00ed p\u0159edstaven\u00ed \u201eU pansk\u00e9ho dvora,\u201c kter\u00e9 shl\u00e9dlo 1 209 n\u00e1v\u0161t\u011bvn\u00edk\u016f.<\/p>\n\n\n\n<p><strong>Rok 1986:<\/strong>&nbsp;Hned v jarn\u00edch m\u011bs\u00edc\u00edch byla provedena v\u00fdm\u011bna krytin na prodejn\u011b a nat\u0159eny okapy a st\u011bny. Byl rozebr\u00e1n taras na n\u00e1vsi, ale z d\u016fvod\u016f nedod\u00e1n\u00ed stavebn\u00edho kamene byly pr\u00e1ce p\u0159elo\u017eeny na p\u0159\u00ed\u0161t\u00ed rok.<\/p>\n\n\n\n<p>Ke konci roku bylo zapo\u010dato se stavbou nov\u00e9 po\u017e\u00e1rn\u00ed zbrojnice.<\/p>\n\n\n\n<p>Ve dnech 23. a 24. 5. prob\u011bhly volby poslanc\u016f do MNV Lysice.<\/p>\n\n\n\n<div class=\"wp-block-image is-style-default\"><figure class=\"alignright size-large is-resized\"><img loading=\"lazy\" src=\"http:\/\/covecer.cz\/subdom\/kozarov\/wp-content\/uploads\/2021\/01\/14_2.jpg\" alt=\"Stavba po\u017e\u00e1rn\u00ed zbrojnice.\" class=\"wp-image-1141\" width=\"439\" height=\"457\" srcset=\"http:\/\/covecer.cz\/subdom\/kozarov\/wp-content\/uploads\/2021\/01\/14_2.jpg 877w, http:\/\/covecer.cz\/subdom\/kozarov\/wp-content\/uploads\/2021\/01\/14_2-288x300.jpg 288w, http:\/\/covecer.cz\/subdom\/kozarov\/wp-content\/uploads\/2021\/01\/14_2-768x800.jpg 768w\" sizes=\"(max-width: 439px) 100vw, 439px\" \/><\/figure><\/div>\n\n\n\n<p>19. \u010dervna zastihla na\u0161i obec a celou oblast Lomnicka velk\u00e1 bou\u0159e prov\u00e1zena krupobit\u00edm. P\u0159\u00edval vody trval t\u0159i hodiny a napr\u0161elo kolem 170 mm vody.<\/p>\n\n\n\n<p>Vznikly velk\u00e9 ztr\u00e1ty na \u00farod\u011b. Na odstra\u0148ov\u00e1n\u00ed n\u00e1sledk\u016f se pod\u00edlel i po\u017e\u00e1rn\u00ed sbor z Lysic.<\/p>\n\n\n\n<p><strong>Rok 1987:<\/strong>&nbsp; Ani v tomto roce neustal budovatelsk\u00fd duch v na\u0161\u00ed obci. Je\u0161t\u011b do poloviny tohoto roku byla dokon\u010dena dostavba po\u017e\u00e1rn\u00ed zbrojnice a tarasu na&nbsp;n\u00e1vsi, kterou \u0159\u00eddil koz\u00e1rovsk\u00fd rod\u00e1k, Jaroslav Sedl\u00e1\u010dek z Lomnice u Ti\u0161nova. Vz\u00e1p\u011bt\u00ed nato se intenzivn\u011b pokra\u010dovalo na p\u0159estavb\u011b b\u00fdval\u00e9 hasi\u010dsk\u00e9 zbrojnice na vin\u00e1rnu. I toto d\u00edlo bylo zd\u00e1rn\u011b dokon\u010deno ke konci roku.<\/p>\n\n\n\n<p>JZD zapo\u010dalo se stavbou nov\u00e9ho sen\u00edku a hnoji\u0161t\u011b, kter\u00e9 m\u00e1 b\u00fdt sou\u010d\u00e1st\u00ed nov\u00e9 v\u00fdkrmny skotu s&nbsp;term\u00ednem dokon\u010den\u00ed v roce 1988.<\/p>\n\n\n\n<div class=\"wp-block-image is-style-default\"><figure class=\"aligncenter size-large is-resized\"><img loading=\"lazy\" src=\"http:\/\/covecer.cz\/subdom\/kozarov\/wp-content\/uploads\/2021\/01\/14_3-1024x632.jpg\" alt=\"Nyn\u011bj\u0161\u00ed podoba zem\u011bd\u011blsk\u00e9ho st\u0159ediska.\" class=\"wp-image-1142\" width=\"1024\" height=\"632\" srcset=\"http:\/\/covecer.cz\/subdom\/kozarov\/wp-content\/uploads\/2021\/01\/14_3-1024x632.jpg 1024w, http:\/\/covecer.cz\/subdom\/kozarov\/wp-content\/uploads\/2021\/01\/14_3-300x185.jpg 300w, http:\/\/covecer.cz\/subdom\/kozarov\/wp-content\/uploads\/2021\/01\/14_3-768x474.jpg 768w, http:\/\/covecer.cz\/subdom\/kozarov\/wp-content\/uploads\/2021\/01\/14_3.jpg 1425w\" sizes=\"(max-width: 1024px) 100vw, 1024px\" \/><\/figure><\/div>\n\n\n\n<div class=\"wp-block-image is-style-default\"><figure class=\"aligncenter size-large is-resized\"><img loading=\"lazy\" src=\"http:\/\/covecer.cz\/subdom\/kozarov\/wp-content\/uploads\/2021\/01\/15-1024x717.jpg\" alt=\"Uk\u00e1zka historick\u00e9 techniky.\" class=\"wp-image-1143\" width=\"1024\" height=\"717\" srcset=\"http:\/\/covecer.cz\/subdom\/kozarov\/wp-content\/uploads\/2021\/01\/15-1024x717.jpg 1024w, http:\/\/covecer.cz\/subdom\/kozarov\/wp-content\/uploads\/2021\/01\/15-300x210.jpg 300w, http:\/\/covecer.cz\/subdom\/kozarov\/wp-content\/uploads\/2021\/01\/15-768x538.jpg 768w, http:\/\/covecer.cz\/subdom\/kozarov\/wp-content\/uploads\/2021\/01\/15.jpg 1443w\" sizes=\"(max-width: 1024px) 100vw, 1024px\" \/><\/figure><\/div>\n\n\n\n<p><strong>Rok 1988:<\/strong>&nbsp;S t\u00edmto rokem je neodmysliteln\u011b spjat sraz koz\u00e1rovsk\u00fdch rod\u00e1k\u016f a oslavy zalo\u017een\u00ed po\u017e\u00e1rn\u00edho sboru, po\u0159\u00e1dan\u00fd slo\u017ekami NF.<\/p>\n\n\n\n<p><strong>Rok 1989:<\/strong>&nbsp;Obec d\u00e1l pokra\u010dovala ve sv\u00e9m budov\u00e1n\u00ed a rozvoji. U\u017e v m\u011bs\u00edci b\u0159eznu byl zbudov\u00e1n lapa\u010d vody u&nbsp;\u010d. 41 (Marvan Mir.) na doln\u00edm konci obce.<\/p>\n\n\n\n<p>V t\u00e9m\u017ee m\u011bs\u00edci bylo polo\u017eeno kanaliza\u010dn\u00ed potrub\u00ed na zahrad\u011b Josefa \u0160pa\u010dka \u010d. 10, vybagrov\u00e1n z\u00e1klad pro&nbsp;tane\u010dn\u00ed parket a zah\u00e1jen sb\u011br kamene z pol\u00ed do jeho z\u00e1klad\u016f.<\/p>\n\n\n\n<p>D\u016fkazem budovatelsk\u00e9ho \u00fasil\u00ed obyvatel obce je i fakt, \u017ee b\u011bhem pouh\u00fdch 2 dn\u016f (18.-19.3) byl ru\u010dn\u011b vykop\u00e1n v\u00fdkop od pumpy na n\u00e1vsi k po\u017e\u00e1rn\u00ed n\u00e1dr\u017ei a do n\u011bj ulo\u017eeno potrub\u00ed za \u00fa\u010delem pos\u00edlen\u00ed p\u0159\u00edtoku do&nbsp;t\u00e9to n\u00e1dr\u017ee.<\/p>\n\n\n\n<div class=\"wp-block-image is-style-default\"><figure class=\"alignright size-large is-resized\"><img loading=\"lazy\" src=\"http:\/\/covecer.cz\/subdom\/kozarov\/wp-content\/uploads\/2021\/01\/15_1-728x1024.jpg\" alt=\"Zatruben\u00ed \u0160pa\u010dkovy zahrady.\" class=\"wp-image-1146\" width=\"364\" height=\"512\" srcset=\"http:\/\/covecer.cz\/subdom\/kozarov\/wp-content\/uploads\/2021\/01\/15_1-728x1024.jpg 728w, http:\/\/covecer.cz\/subdom\/kozarov\/wp-content\/uploads\/2021\/01\/15_1-213x300.jpg 213w, http:\/\/covecer.cz\/subdom\/kozarov\/wp-content\/uploads\/2021\/01\/15_1.jpg 759w\" sizes=\"(max-width: 364px) 100vw, 364px\" \/><\/figure><\/div>\n\n\n\n<p>Dal\u0161\u00ed bleskovou akc\u00ed bylo vybudov\u00e1n\u00ed \u00fast\u0159edn\u00edho topen\u00ed v kulturn\u00edm dom\u011b (ve dnech 10.-12. 5.), co\u017e si vy\u017e\u00e1dalo vystav\u011bn\u00ed nov\u00e9ho kom\u00ednu.<\/p>\n\n\n\n<p>Sou\u010dasn\u011b je nutno podotknout, \u017ee b\u011bhem t\u011bchto akc\u00ed i&nbsp; nad\u00e1le pokra\u010dovaly pr\u00e1ce na dobudov\u00e1n\u00ed tane\u010dn\u00edho parketu tak, \u017ee 8. \u010dervence prob\u011bhly posledn\u00ed ter\u00e9nn\u00ed \u00fapravy.<\/p>\n\n\n\n<p>V z\u00e1v\u011bru roku nelze opomenout listopadov\u00e9 ud\u00e1losti, kter\u00e9 se odehr\u00e1ly v na\u0161\u00ed republice. Av\u0161ak na d\u011bn\u00ed v&nbsp;obci nem\u011bly \u017e\u00e1dn\u00fd podstatn\u00fd vliv.<\/p>\n\n\n\n<p>Z kulturn\u00edch akc\u00ed nelze opomenout hody, kter\u00e9 byly uspo\u0159\u00e1d\u00e1ny po 27 letech se v\u0161\u00edm, jak se na po\u0159\u00e1dn\u00e9 hody slu\u0161\u00ed a pat\u0159\u00ed.<\/p>\n\n\n\n<p>Ani JZD nezah\u00e1lelo. Krom\u011b&nbsp; hospod\u00e1\u0159sk\u00e9 \u010dinnosti d\u00e1l budovalo sv\u00e9 objekty. Byl dokon\u010den kryt\u00fd sen\u00e1\u017en\u00ed \u017elab, bylo zapo\u010dato s v\u00fdstavbou velkokapacitn\u00ed v\u00fdkrmny pro dobytek a&nbsp;budov\u00e1n\u00edm oplocen\u00ed st\u0159ediska. Do provozu byla uvedena nov\u00e1 \u010derpac\u00ed stranice na naftu.<\/p>\n\n\n\n<p><strong>Rok 1990:<\/strong>&nbsp;Tento rok byl pro obec v\u00fdznamn\u00fd zejm\u00e9na t\u00edm, \u017ee od 1. \u010dervence byl zru\u0161en Ob\u010dansk\u00fd v\u00fdbor p\u0159i MNV Lysice.<\/p>\n\n\n\n<p>24. listopadu prob\u011bhly v obci volby do zastupitelstva obecn\u00edho \u00fa\u0159adu.<\/p>\n\n\n\n<p>Ke konci roku byl ve Vrankovech firmou Geotest Brno vyhlouben 15 m hlubok\u00fd vrt, kter\u00fd m\u00e1 slou\u017eit jako zdroj pitn\u00e9 vody k pl\u00e1novan\u00e9mu vodovodu pro obce Koz\u00e1rov a Kun\u010dina Ves.<\/p>\n\n\n\n<div class=\"wp-block-image is-style-default\"><figure class=\"aligncenter size-large is-resized\"><img loading=\"lazy\" src=\"http:\/\/covecer.cz\/subdom\/kozarov\/wp-content\/uploads\/2021\/01\/15_2-1024x714.jpg\" alt=\"Betonov\u00e1n\u00ed tane\u010dn\u00edho parketu.\" class=\"wp-image-1147\" width=\"1024\" height=\"714\" srcset=\"http:\/\/covecer.cz\/subdom\/kozarov\/wp-content\/uploads\/2021\/01\/15_2-1024x714.jpg 1024w, http:\/\/covecer.cz\/subdom\/kozarov\/wp-content\/uploads\/2021\/01\/15_2-300x209.jpg 300w, http:\/\/covecer.cz\/subdom\/kozarov\/wp-content\/uploads\/2021\/01\/15_2-768x536.jpg 768w, http:\/\/covecer.cz\/subdom\/kozarov\/wp-content\/uploads\/2021\/01\/15_2.jpg 1441w\" sizes=\"(max-width: 1024px) 100vw, 1024px\" \/><\/figure><\/div>\n\n\n\n<p>V oblasti kulturn\u00edho \u017eivota obec \u0161la ve sv\u00fdch \u0161l\u00e9p\u011bj\u00edch. Ji\u017e v m\u011bs\u00edci dubnu n\u00e1s poctil svoj\u00ed n\u00e1v\u0161t\u011bvou herec V\u00e1clav Postr\u00e1neck\u00fd. V kv\u011btnu uspo\u0159\u00e1dal Svaz chovatel\u016f drobn\u00e9ho zv\u00ed\u0159ectva estr\u00e1dn\u00ed odpoledne pro&nbsp;d\u016fchodce, na kter\u00e9m vystoupil mimo jin\u00e9 i vyprav\u011b\u010d&nbsp; Zden\u011bk Galu\u0161ka. Zde je nutno p\u0159ipomenout, \u017ee tohoto p\u0159edstaven\u00ed se z\u00fa\u010dastnila rodina Kindlova z Rakouska \u2013 na\u0161i pozd\u011bj\u0161\u00ed p\u0159\u00e1tel\u00e9. Tito byli zdej\u0161\u00edm prost\u0159ed\u00edm a p\u0159\u00edv\u011btivost\u00ed obyvatel tak nad\u0161eni, \u017ee na opl\u00e1tku pozvali ob\u010dany k n\u00e1v\u0161t\u011bv\u011b jejich zem\u011b. Z\u00e1jezd se uskute\u010dnil je\u0161t\u011b v prosinci a setkal se s velk\u00fdm \u00fasp\u011bchem.<\/p>\n\n\n\n<p>V m\u011bs\u00edci z\u00e1\u0159\u00ed byly op\u011bt uspo\u0159\u00e1d\u00e1ny krojovan\u00e9 hody, kter\u00e9 se vyda\u0159ily.<\/p>\n\n\n\n<div class=\"wp-block-image is-style-default\"><figure class=\"aligncenter size-large is-resized\"><img loading=\"lazy\" src=\"http:\/\/covecer.cz\/subdom\/kozarov\/wp-content\/uploads\/2021\/01\/16-1024x790.jpg\" alt=\"Hody v roce 1990\" class=\"wp-image-1148\" width=\"1024\" height=\"790\" srcset=\"http:\/\/covecer.cz\/subdom\/kozarov\/wp-content\/uploads\/2021\/01\/16-1024x790.jpg 1024w, http:\/\/covecer.cz\/subdom\/kozarov\/wp-content\/uploads\/2021\/01\/16-300x231.jpg 300w, http:\/\/covecer.cz\/subdom\/kozarov\/wp-content\/uploads\/2021\/01\/16-768x592.jpg 768w, http:\/\/covecer.cz\/subdom\/kozarov\/wp-content\/uploads\/2021\/01\/16.jpg 1425w\" sizes=\"(max-width: 1024px) 100vw, 1024px\" \/><\/figure><\/div>\n\n\n\n<p>JZD dokon\u010dilo stavbu v\u00fdkrmny skotu a oplocen\u00ed cel\u00e9ho are\u00e1lu.<\/p>\n\n\n\n<p><strong>Rok 1991:<\/strong>&nbsp;Hlavn\u00edm \u00fakolem tohoto roku byla p\u0159\u00edprava stavby vodovodu.<\/p>\n\n\n\n<p>Byl zrekonstruov\u00e1n m\u00edstn\u00ed rozhlas. Ov\u0161em nejv\u011bt\u0161\u00edm \u00fasp\u011bchem roku bylo po mnohalet\u00e9m \u00fasil\u00ed a&nbsp;nes\u010detn\u00fdch urgenc\u00edch vybudov\u00e1n\u00ed nov\u00e9 telefonn\u00ed s\u00edt\u011b v obci a t\u00edm i p\u0159esm\u011brov\u00e1n\u00ed z UTO Ti\u0161nov na UTO Boskovice.<\/p>\n\n\n\n<p>D\u00e1le byla nav\u00e1z\u00e1na spolupr\u00e1ce s odd\u00edly skaut\u016f z Blanska, kte\u0159\u00ed jezd\u00ed pravideln\u011b t\u00e1bo\u0159it na \u201eSt\u0159\u00edbrn\u00fd d\u00edl.\u201c<\/p>\n\n\n\n<p><strong>Rok 1992:<\/strong>&nbsp;Koncem m\u011bs\u00edce kv\u011btna bylo zapo\u010dato s prvn\u00edmi v\u00fdkopov\u00fdmi pracemi na stavb\u011b vodovodu s t\u00edm, \u017ee po pouti byly budov\u00e1ny rozvody v obci. Dne 21. prosince prob\u011bhla \u00fasp\u011b\u0161n\u011b kolaudace.<\/p>\n\n\n\n<p>V tomto roce byl tak\u00e9 zalo\u017een odd\u00edl mal\u00e9 kopan\u00e9, kter\u00e9mu se poda\u0159ilo postoupit do 1. okresn\u00ed ligy. Nejv\u011bt\u0161\u00edho \u00fasp\u011bchu odd\u00edl dos\u00e1hl v roce 1998, kdy se um\u00edstil na 2. m\u00edst\u011b okresn\u00ed ligy a vyhr\u00e1l poh\u00e1r t\u00fdden\u00edku okresu Blansko \u201eT\u00fdden u n\u00e1s.\u201c<\/p>\n\n\n\n<div class=\"wp-block-image is-style-default\"><figure class=\"aligncenter size-large is-resized\"><img loading=\"lazy\" src=\"http:\/\/covecer.cz\/subdom\/kozarov\/wp-content\/uploads\/2021\/01\/16_1-1024x777.jpg\" alt=\"Hr\u00e1\u010di AC Koz\u00e1rov.\" class=\"wp-image-1151\" width=\"1024\" height=\"777\" srcset=\"http:\/\/covecer.cz\/subdom\/kozarov\/wp-content\/uploads\/2021\/01\/16_1-1024x777.jpg 1024w, http:\/\/covecer.cz\/subdom\/kozarov\/wp-content\/uploads\/2021\/01\/16_1-300x228.jpg 300w, http:\/\/covecer.cz\/subdom\/kozarov\/wp-content\/uploads\/2021\/01\/16_1-768x583.jpg 768w, http:\/\/covecer.cz\/subdom\/kozarov\/wp-content\/uploads\/2021\/01\/16_1.jpg 1433w\" sizes=\"(max-width: 1024px) 100vw, 1024px\" \/><\/figure><\/div>\n\n\n\n<p>I JZD pro\u0161lo v tomto roce d\u016fle\u017eitou p\u0159em\u011bnou. Byla provedena transformace a vytvo\u0159eno Dru\u017estvo vlastn\u00edk\u016f. Byla provedena rekonstrukce vodovodn\u00ed s\u00edt\u011b v cel\u00e9m objektu a zbudov\u00e1na pastva pro dobytek.<\/p>\n\n\n\n<p><strong>Rok 1993:<\/strong>&nbsp;Koncem \u010dervence skon\u010dily pr\u00e1ce na v\u00fdstavb\u011b kabelov\u00e9 televize, na jej\u00ed\u017e v\u00fdstavb\u011b se ob\u010dan\u00e9 finan\u010dn\u011b pod\u00edleli. Tak\u00e9 byly vr\u00e1ceny lesy o v\u00fdm\u011b\u0159e 41 ha, kter\u00e9 doposud u\u017e\u00edvaly Jihomoravsk\u00e9 st\u00e1tn\u00ed lesy. Koncem roku obec p\u0159istoupila k vybudov\u00e1n\u00ed dal\u0161\u00ed studny k pos\u00edlen\u00ed prameni\u0161t\u011b. Ta byla dokon\u010dena v jarn\u00edch m\u011bs\u00edc\u00edch n\u00e1sleduj\u00edc\u00edho roku.<\/p>\n\n\n\n<p>Na ve\u0159ejn\u00fd vodovod se napojilo i JZD.<\/p>\n\n\n\n<p><strong>Rok 1994:<\/strong>&nbsp;V listopadu prob\u011bhly volby do zastupitelstva obecn\u00edho \u00fa\u0159adu.<\/p>\n\n\n\n<p>JZD p\u0159istoupilo k rekonstrukci st\u00e1vaj\u00edc\u00edho krav\u00edna na voln\u00e9 ust\u00e1jen\u00ed dobytka. Byl vybudov\u00e1n p\u0159\u00edst\u0159e\u0161ek s&nbsp;krmn\u00fdm \u017elabem a velkokapacitn\u00ed hnoji\u0161t\u011b.<\/p>\n\n\n\n<p><strong>Rok 1995-1998:<\/strong>&nbsp;V t\u011bchto letech nad\u00e1le udr\u017eovala obec sv\u016fj majetek, pr\u00e1ce byly soust\u0159ed\u011bny ve velk\u00e9 m\u00ed\u0159e na \u00fadr\u017ebu a obnovu les\u016f. V roce 1995 obec oplotila h\u0159i\u0161t\u011b z\u00e1chytn\u00fdmi s\u00edt\u011bmi a zakoupila bu\u0148ku slou\u017e\u00edc\u00ed jako \u0161atnu pro hr\u00e1\u010de.<\/p>\n\n\n\n<p>V roce 1996 byly provedeny pr\u00e1ce k vylep\u0161en\u00ed kulturn\u00edho domu jako nap\u0159\u00edklad oprava fas\u00e1dy, n\u00e1t\u011bry oken a pod. Byla roz\u0161\u00ed\u0159ena komunikace a kanalizace k domu J. R\u00f6mera \u010d. 51. Pod po\u017e\u00e1rn\u00ed n\u00e1dr\u017e\u00ed bylo vybudov\u00e1no volejbalov\u00e9 h\u0159i\u0161t\u011b.<\/p>\n\n\n\n<p>Roku 1997 obec p\u0159istoupila k celkov\u00e9 oprav\u011b st\u0159echy, fas\u00e1dy a schod\u016f u kaple.<\/p>\n\n\n\n<p>Pro JZD byl tento rok d\u016fle\u017eit\u00fd v tom, \u017ee byla vytvo\u0159ena nov\u00e1 akciov\u00e1 spole\u010dnost s n\u00e1zvem ZEAS,&nbsp;a.s.&nbsp;Lysice.<\/p>\n\n\n\n<p>V roce 1998 byl vybudov\u00e1n lapa\u010d vody p\u0159ed budovou J. \u0160pa\u010dka \u010d. 10 a byla zbudov\u00e1na \u010d\u00e1st cesty na kopec Babylon.<\/p>\n\n\n\n<p><strong>Rok 1999:<\/strong>&nbsp;Tento rok se nesl v duchu plynofikace obce. Ve\u0161ker\u00e9 \u00fasil\u00ed bylo soust\u0159ed\u011bno na tuto akci. Nejv\u011bt\u0161\u00ed probl\u00e9m \u010dinil nedostatek finan\u010dn\u00edch prost\u0159edk\u016f. Obec byla nucena prodat budovu nocle\u017eny \u010cSAD a akcie, kter\u00e9 v minulosti byly ze st\u00e1tu na obec p\u0159evedeny a pou\u017e\u00edt tr\u017ebu za d\u0159evo z obecn\u00edch les\u016f. Ze&nbsp;St\u00e1tn\u00edho fondu \u017eivotn\u00edho prost\u0159ed\u00ed se poda\u0159ilo z\u00edskat prost\u0159edky ve v\u00fd\u0161i 850. 000,- K\u010d. Finan\u010dn\u011b se pod\u00edleli tak\u00e9 ob\u010dan\u00e9 a Sbor dobrovoln\u00fdch hasi\u010d\u016f. V\u00fdkopov\u00e9 pr\u00e1ce zapo\u010daly v m\u011bs\u00edci \u010dervenci a prov\u00e1d\u011bla je firma Hutira Omice. P\u0159i t\u00e9to p\u0159\u00edle\u017eitosti byla tak\u00e9 provedena plynofikace kulturn\u00edho domu a kaple. Kolaudace prob\u011bhla v \u0159\u00edjnu a ji\u017e koncem tohoto m\u011bs\u00edce velk\u00e1 \u010d\u00e1st dom\u00e1cnost\u00ed topila plynem.<\/p>\n\n\n\n<p>V tomto roce kon\u010d\u00ed svoji \u010dinnost v obci SD Jednota Boskovice. Budovu prodejny odkoupila Lorencov\u00e1 Marta \u010d. 3 a zah\u00e1jila soukrom\u00fd provoz.<\/p>\n\n\n\n<p><strong>Rok 2000:&nbsp;<\/strong>&nbsp;Byl rokem, ve kter\u00e9m se prov\u00e1d\u011bly pr\u00e1ce na \u00faprav\u011b ter\u00e9nu po plynofikaci a na dal\u0161\u00edm zvelebov\u00e1n\u00ed obecn\u00edho majetku. V z\u00e1v\u011bru roku se \u00fasil\u00ed zastupitel\u016f obce soust\u0159edilo na p\u0159\u00edpravu rekonstrukce elektrick\u00e9 s\u00edt\u011b v obci a opravu soci\u00e1ln\u00edho za\u0159\u00edzen\u00ed v kulturn\u00edm dom\u011b. Posledn\u011b jmenovan\u00e1 akce byla \u00fasp\u011b\u0161n\u011b dokon\u010dena je\u0161t\u011b v prosinci tohoto roku.<\/p>\n\n\n\n<div class=\"wp-block-image is-style-default\"><figure class=\"aligncenter size-large is-resized\"><img loading=\"lazy\" src=\"http:\/\/covecer.cz\/subdom\/kozarov\/wp-content\/uploads\/2021\/01\/17-1024x752.jpg\" alt=\"Celkov\u00fd pohled na v\u011b\u017e s rozhlednou.\" class=\"wp-image-1152\" width=\"1024\" height=\"752\" srcset=\"http:\/\/covecer.cz\/subdom\/kozarov\/wp-content\/uploads\/2021\/01\/17-1024x752.jpg 1024w, http:\/\/covecer.cz\/subdom\/kozarov\/wp-content\/uploads\/2021\/01\/17-300x220.jpg 300w, http:\/\/covecer.cz\/subdom\/kozarov\/wp-content\/uploads\/2021\/01\/17-768x564.jpg 768w, http:\/\/covecer.cz\/subdom\/kozarov\/wp-content\/uploads\/2021\/01\/17.jpg 1437w\" sizes=\"(max-width: 1024px) 100vw, 1024px\" \/><\/figure><\/div>\n\n\n\n<p>Nelze ani opomenout skute\u010dnost, \u017ee v tomto roce se za\u010dala zaj\u00edmat firma Ericsson o stavbu z\u00e1kladnov\u00e9 stanice pro mobiln\u00ed s\u00ed\u0165 Oskar na kopci Babylon. Po n\u011bkolika jedn\u00e1n\u00edch do\u0161lo ke vz\u00e1jemn\u00e9 dohod\u011b mezi obc\u00ed a touto firmou a tato v\u011b\u017e byla osazena vyhl\u00eddkovou terasou, kterou obec provozuje jako rozhlednu. Cel\u00e1 v\u011b\u017e je vysok\u00e1 40 m a ve v\u00fd\u0161ce 24 m je osazena vyhl\u00eddkovou terasou, z n\u00ed\u017e je za jasn\u00e9ho po\u010das\u00ed vid\u011bt jak na&nbsp;nejvy\u0161\u0161\u00ed vrchol Jesen\u00edk\u016f \u2013 Prad\u011bd, tak na P\u00e1lavsk\u00e9 vrchy a jihoz\u00e1padn\u00edm sm\u011brem oblast T\u0159eb\u00ed\u010dska s&nbsp;rozhlednou Klu\u010dov.<\/p>\n\n\n\n<p><strong>Rok 2001:<\/strong>&nbsp;Prvn\u00ed rok nov\u00e9ho tis\u00edcilet\u00ed je pro na\u0161i obec obzvl\u00e1\u0161t\u011b v\u00fdznamn\u00fd a to hned z n\u011bkolika d\u016fvod\u016f. Na&nbsp;lednov\u00e9m zased\u00e1n\u00ed obecn\u00edho \u00fa\u0159adu bylo rozhodnuto o kon\u00e1n\u00ed oslav 400 let od vzniku obce spojenou s&nbsp;2.&nbsp;srazem koz\u00e1rovsk\u00fdch rod\u00e1k\u016f a p\u0159\u00e1tel Koz\u00e1rova. Term\u00edn byl stanoven na 28. a 29. \u010dervence. Ve\u0161ker\u00e9 \u00fasil\u00ed bylo zam\u011b\u0159eno na p\u0159\u00edpravu t\u00e9to akce.<\/p>\n\n\n\n<div class=\"wp-block-image is-style-default\"><figure class=\"aligncenter size-large is-resized\"><img loading=\"lazy\" src=\"http:\/\/covecer.cz\/subdom\/kozarov\/wp-content\/uploads\/2021\/01\/18-1024x746.jpg\" alt=\"Celkov\u00fd pohled na n\u00e1ves, v pop\u0159ed\u00ed kulturn\u00ed d\u016fm.\" class=\"wp-image-1153\" width=\"1024\" height=\"746\" srcset=\"http:\/\/covecer.cz\/subdom\/kozarov\/wp-content\/uploads\/2021\/01\/18-1024x746.jpg 1024w, http:\/\/covecer.cz\/subdom\/kozarov\/wp-content\/uploads\/2021\/01\/18-300x219.jpg 300w, http:\/\/covecer.cz\/subdom\/kozarov\/wp-content\/uploads\/2021\/01\/18-768x560.jpg 768w, http:\/\/covecer.cz\/subdom\/kozarov\/wp-content\/uploads\/2021\/01\/18.jpg 1431w\" sizes=\"(max-width: 1024px) 100vw, 1024px\" \/><\/figure><\/div>\n\n\n\n<p>U\u017e v prvn\u00edch dnech tohoto roku zapo\u010dala Jihomoravsk\u00e1 energetika s rekonstrukc\u00ed el. s\u00edt\u011b v obci v\u010detn\u011b domovn\u00edch p\u0159\u00edpojek a roz\u0161\u00ed\u0159en\u00ed ve\u0159ejn\u00e9ho osv\u011btlen\u00ed. N\u00e1sledn\u011b nato Rozhlasov\u00e1 slu\u017eba Kun\u0161t\u00e1t nainstalovala nov\u00fd rozvod ve\u0159ejn\u00e9ho rozhlasu.<\/p>\n\n\n\n<p>Hasi\u010dsk\u00fd sbor se na sv\u00e9 valn\u00e9 hromad\u011b usnesl, \u017ee po 24 letech provozov\u00e1n\u00ed pohostinstv\u00ed v p\u0159\u00eds\u00e1l\u00ed kulturn\u00edho domu, kdy se jednotliv\u00ed hostin\u0161t\u00ed po t\u00fddnu vz\u00e1jemn\u011b st\u0159\u00eddali, tuto \u010dinnost ukon\u010d\u00ed. Provozov\u00e1n\u00ed pohostinstv\u00ed se ujala Vendulka Filippiov\u00e1 \u010d.17.<\/p>\n\n\n\n<p>V m\u011bs\u00edci dubnu byla vym\u011bn\u011bna \u010d\u00e1st podlahy v tomto pohostinstv\u00ed. V t\u00e9to dob\u011b obec tak\u00e9 zakoupila d\u0159ev\u011bnou chatku, kter\u00e1 slou\u017e\u00ed u rozhledny jako prodejn\u00ed st\u00e1nek. V m\u011bs\u00edci kv\u011btnu byla za pomoci ZEAS,&nbsp;a.s.&nbsp;Lysice cel\u00e1 obec nov\u011b vyasfaltov\u00e1na v\u010detn\u011b vjezd\u016f do dom\u016f a p\u0159\u00edstupov\u00e9 cesty k rozhledn\u011b. Z\u00e1sluhou Franti\u0161ka Ne\u010dase \u010d. 27, Jana Tat\u00ed\u010dka \u010d. 22 a Stanislava Kone\u010dn\u00e9ho z Ra\u0161ova byl zrestaurov\u00e1n k\u0159\u00ed\u017e ve sm\u011bru na Osiky. V \u010dervnu byla vy\u010di\u0161t\u011bna a opravena po\u017e\u00e1rn\u00ed n\u00e1dr\u017e a sto\u017e\u00e1r na su\u0161en\u00ed hadic. Na&nbsp;n\u00e1vsi vedle obchodu byla um\u00edst\u011bna autobusov\u00e1 \u010dek\u00e1rna, kterou zhotovil Hr\u00e1sk\u00fd Zdenek z Hrub\u00e9ho Jesen\u00edku. Byla opravena a znovu nat\u0159ena fas\u00e1da kaple, kterou provedl Pa\u0159\u00edzek Jaroslav \u010d. 36.<\/p>\n\n\n\n<p>Jak je vid\u011bt z uveden\u00e9ho pr\u016f\u0159ezu histori\u00ed obce, kulturn\u00ed ani budovatelsk\u00fd duch neupad\u00e1. Je\u0161t\u011b je nutno podotknouti, \u017ee na vytvo\u0159en\u00ed v\u0161ech t\u011bchto hodnot se pod\u00edleli m\u00edstn\u00ed ob\u010dan\u00e9, sdru\u017eeni v r\u016fzn\u00fdch z\u00e1jmov\u00fdch a spole\u010densk\u00fdch organizac\u00edch, formou brig\u00e1d. A\u017e do roku 1990 p\u016fsobily v obci spolky jako nap\u0159. \u010cesk\u00fd svaz \u017een, \u010ceskoslovensk\u00fd \u010derven\u00fd k\u0159\u00ed\u017e, \u010cesk\u00fd svaz chovatel\u016f drobn\u00e9ho zv\u00ed\u0159ectva, Socialistick\u00fd svaz ml\u00e1de\u017ee a&nbsp;\u010cesk\u00fd svaz po\u017e\u00e1rn\u00ed ochrany. V\u0161echny jmenovan\u00e9 organizace aktivn\u011b pracovaly, po\u0159\u00e1daly kulturn\u00ed akce, p\u0159edn\u00e1\u0161ky apod. Se zm\u011bnou politick\u00e9ho syst\u00e9mu, kter\u00fd p\u0159i\u0161el, \u010dinnost jednotliv\u00fdch organizac\u00ed postupn\u011b ochabovala a\u017e prakticky zanikla s vyj\u00edmkou Sboru dobrovoln\u00fdch hasi\u010d\u016f.Ten pat\u0159il v\u017edy k nosn\u00fdm pil\u00ed\u0159\u016fm kulturn\u00edho a spole\u010densk\u00e9ho d\u011bn\u00ed v obci.<\/p>\n\n\n\n<p>Proto si do budoucna p\u0159ejme, aby tento stav vydr\u017eel co nejd\u00e9le, aby obyvatelstvo t\u00e9to obce \u017eilo ve&nbsp;svornosti a vz\u00e1jemn\u00e9 \u00fact\u011b a l\u00e1sce nebo\u0165 jenom tak je mo\u017en\u00e9 dos\u00e1hnout vyty\u010den\u00fdch&nbsp; \u00fasp\u011bch\u016f a c\u00edl\u016f.<\/p>\n\n\n\n<h3>Starostov\u00e9, kte\u0159\u00ed st\u00e1li v \u010dele obce<\/h3>\n\n\n\n<figure class=\"wp-block-table aligncenter\"><table><tbody><tr><td class=\"has-text-align-center\" data-align=\"center\">1910 \u2013 1923<\/td><td class=\"has-text-align-center\" data-align=\"center\">Anton\u00edn \u0160pa\u010dek<\/td><td class=\"has-text-align-center\" data-align=\"center\">\u010d. 10<\/td><\/tr><tr><td class=\"has-text-align-center\" data-align=\"center\">1923 \u2013 1946<\/td><td class=\"has-text-align-center\" data-align=\"center\">Josef Pa\u0159\u00edzek<\/td><td class=\"has-text-align-center\" data-align=\"center\">\u010d. &nbsp; 6<\/td><\/tr><tr><td class=\"has-text-align-center\" data-align=\"center\">1946 \u2013 1946<\/td><td class=\"has-text-align-center\" data-align=\"center\">Franti\u0161ek Jane\u010dek<\/td><td class=\"has-text-align-center\" data-align=\"center\">\u010d. 31<\/td><\/tr><tr><td class=\"has-text-align-center\" data-align=\"center\">1946 \u2013 1957<\/td><td class=\"has-text-align-center\" data-align=\"center\">\u0160t\u011bp\u00e1n Kom\u00e1rek<\/td><td class=\"has-text-align-center\" data-align=\"center\">\u010d.&nbsp;&nbsp; 1<\/td><\/tr><tr><td class=\"has-text-align-center\" data-align=\"center\">1957 \u2013 1960<\/td><td class=\"has-text-align-center\" data-align=\"center\">Anton\u00edn Pavl\u00ed\u010dek<\/td><td class=\"has-text-align-center\" data-align=\"center\">\u010d. 41<\/td><\/tr><tr><td class=\"has-text-align-center\" data-align=\"center\">1960 \u2013 1964<\/td><td class=\"has-text-align-center\" data-align=\"center\">Josef Holcner<\/td><td class=\"has-text-align-center\" data-align=\"center\">\u010d. 21<\/td><\/tr><tr><td class=\"has-text-align-center\" data-align=\"center\">1964 \u2013 1981<\/td><td class=\"has-text-align-center\" data-align=\"center\">Franti\u0161ek Sedl\u00e1\u010dek<\/td><td class=\"has-text-align-center\" data-align=\"center\">\u010d. 48<\/td><\/tr><tr><td class=\"has-text-align-center\" data-align=\"center\">1981 \u2013<\/td><td class=\"has-text-align-center\" data-align=\"center\">Jaroslav Buben\u00edk<\/td><td class=\"has-text-align-center\" data-align=\"center\">\u010d. 15<\/td><\/tr><\/tbody><\/table><\/figure>\n\n\n\n<h3>Po\u010det dom\u016f a obyvatel v jednotliv\u00fdch letech<\/h3>\n\n\n\n<figure class=\"wp-block-table aligncenter\"><table><tbody><tr><td class=\"has-text-align-center\" data-align=\"center\">1601<\/td><td class=\"has-text-align-center\" data-align=\"center\">16 dom\u016f<\/td><\/tr><tr><td class=\"has-text-align-center\" data-align=\"center\">1793<\/td><td class=\"has-text-align-center\" data-align=\"center\">20 dom\u016f<\/td><td class=\"has-text-align-center\" data-align=\"center\">117 obyvatel<\/td><\/tr><tr><td class=\"has-text-align-center\" data-align=\"center\">1834<\/td><td class=\"has-text-align-center\" data-align=\"center\">22 dom\u016f<\/td><td class=\"has-text-align-center\" data-align=\"center\">173 obyvatel<\/td><\/tr><tr><td class=\"has-text-align-center\" data-align=\"center\">1854<\/td><td class=\"has-text-align-center\" data-align=\"center\">&nbsp;<\/td><td class=\"has-text-align-center\" data-align=\"center\">207 obyvatel<\/td><\/tr><tr><td class=\"has-text-align-center\" data-align=\"center\">1900<\/td><td class=\"has-text-align-center\" data-align=\"center\">36 dom\u016f<\/td><td class=\"has-text-align-center\" data-align=\"center\">189 obyvatel<\/td><\/tr><tr><td class=\"has-text-align-center\" data-align=\"center\">1921<\/td><td class=\"has-text-align-center\" data-align=\"center\">35 dom\u016f<\/td><td class=\"has-text-align-center\" data-align=\"center\">188 obyvatel<\/td><\/tr><tr><td class=\"has-text-align-center\" data-align=\"center\">1959<\/td><td class=\"has-text-align-center\" data-align=\"center\">41 dom\u016f<\/td><td class=\"has-text-align-center\" data-align=\"center\">180 obyvatel<\/td><\/tr><tr><td class=\"has-text-align-center\" data-align=\"center\">1988<\/td><td class=\"has-text-align-center\" data-align=\"center\">48 dom\u016f<\/td><td class=\"has-text-align-center\" data-align=\"center\">130 obyvatel<\/td><\/tr><tr><td class=\"has-text-align-center\" data-align=\"center\">2000<\/td><td class=\"has-text-align-center\" data-align=\"center\">52 dom\u016f<\/td><td class=\"has-text-align-center\" data-align=\"center\">114 obyvatel<\/td><\/tr><\/tbody><\/table><\/figure>\n\n\n\n<h2 id=\"pouzitaliteraturaamaterialy\">Pou\u017eit\u00e1 literatura a materi\u00e1ly<\/h2>\n\n\n\n<p>PhDr. Karel Fic, Csc. PhDr. Josef Zacpal: Ti\u0161novsko<br>Kolektiv u\u010ditel\u016f Z\u0160 Lysice: Lysice a okol\u00ed<br>Ing. Franti\u0161ek Mlate\u010dek: P\u0159\u00edrodov\u011bdn\u00fd obraz katastru<br>L. Hos\u00e1k: Vlastiv\u011bda Moravsk\u00e1<br>Kronika obce Koz\u00e1rov<br>Okresn\u00ed archiv Blansko<br>Moravsk\u00fd zemsk\u00fd archiv v Brn\u011b: L\u00e1nsk\u00fd rejst\u0159\u00edk<\/p>\n\n\n\n<h3>Auto\u0159i publikace<\/h3>\n\n\n\n<p>Lucie Sedl\u00e1\u010dkov\u00e1 a Franti\u0161ek Sedl\u00e1\u010dek<br>Vydal: Obecn\u00ed \u00fa\u0159ad Koz\u00e1rov<br>Adresa vydavatele: O\u00da Koz\u00e1rov<br>Koz\u00e1rov 18<br>679 71 Lysice<\/p>\n\n\n\n<div class=\"wp-block-image is-style-default\"><figure class=\"aligncenter size-large is-resized\"><img loading=\"lazy\" src=\"http:\/\/covecer.cz\/subdom\/kozarov\/wp-content\/uploads\/2021\/01\/zada-752x1024.jpg\" alt=\"\" class=\"wp-image-1074\" width=\"564\" height=\"768\" srcset=\"http:\/\/covecer.cz\/subdom\/kozarov\/wp-content\/uploads\/2021\/01\/zada-752x1024.jpg 752w, http:\/\/covecer.cz\/subdom\/kozarov\/wp-content\/uploads\/2021\/01\/zada-220x300.jpg 220w, http:\/\/covecer.cz\/subdom\/kozarov\/wp-content\/uploads\/2021\/01\/zada-768x1046.jpg 768w, http:\/\/covecer.cz\/subdom\/kozarov\/wp-content\/uploads\/2021\/01\/zada-1128x1536.jpg 1128w, http:\/\/covecer.cz\/subdom\/kozarov\/wp-content\/uploads\/2021\/01\/zada-1504x2048.jpg 1504w, http:\/\/covecer.cz\/subdom\/kozarov\/wp-content\/uploads\/2021\/01\/zada.jpg 1710w\" sizes=\"(max-width: 564px) 100vw, 564px\" \/><figcaption>N\u00e1ves obce Koz\u00e1rov v roce 1930 a 2001.<\/figcaption><\/figure><\/div>\n","protected":false},"excerpt":{"rendered":"<p>Obsah Slovo \u00favodem Geografick\u00e1 poloha Geologie oblasti Geomorfologie Pam\u00e1tky Podneb\u00ed a po\u010das\u00ed Po\u017e\u00e1ry v obci Z historie Koz\u00e1rova Historie v datech Pou\u017eit\u00e1 literatura a materi\u00e1ly&hellip;<\/p>\n","protected":false},"author":1,"featured_media":0,"parent":0,"menu_order":0,"comment_status":"closed","ping_status":"closed","template":"","meta":{"ngg_post_thumbnail":0},"_links":{"self":[{"href":"http:\/\/covecer.cz\/subdom\/kozarov\/wp-json\/wp\/v2\/pages\/72"}],"collection":[{"href":"http:\/\/covecer.cz\/subdom\/kozarov\/wp-json\/wp\/v2\/pages"}],"about":[{"href":"http:\/\/covecer.cz\/subdom\/kozarov\/wp-json\/wp\/v2\/types\/page"}],"author":[{"embeddable":true,"href":"http:\/\/covecer.cz\/subdom\/kozarov\/wp-json\/wp\/v2\/users\/1"}],"replies":[{"embeddable":true,"href":"http:\/\/covecer.cz\/subdom\/kozarov\/wp-json\/wp\/v2\/comments?post=72"}],"version-history":[{"count":61,"href":"http:\/\/covecer.cz\/subdom\/kozarov\/wp-json\/wp\/v2\/pages\/72\/revisions"}],"predecessor-version":[{"id":1187,"href":"http:\/\/covecer.cz\/subdom\/kozarov\/wp-json\/wp\/v2\/pages\/72\/revisions\/1187"}],"wp:attachment":[{"href":"http:\/\/covecer.cz\/subdom\/kozarov\/wp-json\/wp\/v2\/media?parent=72"}],"curies":[{"name":"wp","href":"https:\/\/api.w.org\/{rel}","templated":true}]}}