{"id":74,"date":"2020-12-09T09:04:49","date_gmt":"2020-12-09T08:04:49","guid":{"rendered":"http:\/\/covecer.cz\/subdom\/kozarov\/?page_id=74"},"modified":"2020-12-23T15:15:51","modified_gmt":"2020-12-23T14:15:51","slug":"prapor-a-znak","status":"publish","type":"page","link":"http:\/\/covecer.cz\/subdom\/kozarov\/prapor-a-znak\/","title":{"rendered":"Prapor a znak"},"content":{"rendered":"\n<div class=\"wp-block-image is-style-default\"><figure class=\"alignleft size-large is-resized\"><img loading=\"lazy\" src=\"http:\/\/covecer.cz\/subdom\/kozarov\/wp-content\/uploads\/2020\/12\/VLAJKA-1024x683.jpg\" alt=\"\" class=\"wp-image-862\" width=\"512\" height=\"342\" srcset=\"http:\/\/covecer.cz\/subdom\/kozarov\/wp-content\/uploads\/2020\/12\/VLAJKA-1024x683.jpg 1024w, http:\/\/covecer.cz\/subdom\/kozarov\/wp-content\/uploads\/2020\/12\/VLAJKA-300x200.jpg 300w, http:\/\/covecer.cz\/subdom\/kozarov\/wp-content\/uploads\/2020\/12\/VLAJKA-768x512.jpg 768w, http:\/\/covecer.cz\/subdom\/kozarov\/wp-content\/uploads\/2020\/12\/VLAJKA-1536x1024.jpg 1536w, http:\/\/covecer.cz\/subdom\/kozarov\/wp-content\/uploads\/2020\/12\/VLAJKA-2048x1365.jpg 2048w\" sizes=\"(max-width: 512px) 100vw, 512px\" \/><\/figure><\/div>\n\n\n\n<p>Prvn\u00ed p\u00edsemn\u00e1 zm\u00ednka o existenci osady, le\u017e\u00edc\u00ed v&nbsp;kopcovit\u00e9m ter\u00e9nu 15km severn\u011b od Ti\u0161nova, poch\u00e1z\u00ed a\u017e z&nbsp;r. 1601. N\u00e1le\u017eela k&nbsp;panstv\u00ed lomnick\u00e9mu, kter\u00e9 tehdy Karel ze \u017derot\u00edna odprodal Old\u0159ichovi z&nbsp;Kounic. Nejpravd\u011bpodobn\u011bj\u0161\u00ed v\u00fdkladem n\u00e1zvu obce je jeho odvozen\u00ed od vlastn\u00edho jm\u00e9na \u201cKoz\u00e1r\u201c \u010di \u201cKoz\u00e1\u0159\u201c, (tehdy koz\u00e1k, pas\u00e1k koz). Zdej\u0161\u00ed usedl\u00edci se v&nbsp;minulosti \u017eivili zem\u011bd\u011blstv\u00edm, mnoz\u00ed pracovali v&nbsp;lese, nebo doma za tkalcovsk\u00fdmi stavy. Pr\u00e1v\u011b p\u011bstov\u00e1n\u00ed lnu byla v\u011bnov\u00e1na nemal\u00e1 pozornost, na&nbsp;jeho su\u0161en\u00ed byly v&nbsp;obci \u010dty\u0159i su\u0161\u00edrny,&nbsp;tzv. pazderny. Posledn\u00ed tkalcovsk\u00fd stav st\u00e1l je\u0161t\u011b v&nbsp;50.letech minul\u00e9ho stolet\u00ed v&nbsp;dom\u011b \u010d.20, dnes je&nbsp;vystaven v&nbsp;Hor\u00e1ck\u00e9m muzeu v&nbsp;P\u0159edkl\u00e1\u0161te\u0159\u00ed&nbsp;u&nbsp;Ti\u0161nova.<\/p>\n\n\n\n<p>V\u00a0Koz\u00e1rov\u011b nejsou evidov\u00e1ny v\u00fdznamn\u011bj\u0161\u00ed historick\u00e9 pam\u00e1tky. M\u00edstn\u00ed kaple sv. Anny, stoj\u00edc\u00ed v\u00a0m\u00edstech b\u00fdval\u00e9 zvoni\u010dky, byla vybudov\u00e1na a\u017e v\u00a0letech 1914\u00a0\u2013\u00a019. Na katastru obce nalezneme n\u011bkolik novodob\u00fdch k\u0159\u00ed\u017e\u016f, v\u00a0lese v\u00a0trati Krav\u00ed hora nen\u00e1padn\u00fd pomn\u00ed\u010dek z\u00a0r.1809.<\/p>\n\n\n\n<div class=\"wp-block-image is-style-default\"><figure class=\"alignright size-large\"><img loading=\"lazy\" width=\"205\" height=\"180\" src=\"http:\/\/covecer.cz\/subdom\/kozarov\/wp-content\/uploads\/2020\/12\/Pecet.png\" alt=\"\" class=\"wp-image-864\"\/><\/figure><\/div>\n\n\n\n<p>Star\u0161\u00ed obecn\u00ed pe\u010de\u0165 nebyla nalezena. Na mlad\u0161\u00edm ov\u00e1ln\u00e9m kovov\u00e9m raz\u00edtku z&nbsp;19.stolet\u00ed vid\u00edme v&nbsp;t\u00e9 dob\u011b obvyklou kompozici obiln\u00e9ho snopu, pluhu a dal\u0161\u00edho zem\u011bd\u011blsk\u00e9ho n\u00e1\u010din\u00ed. Tv\u016frce n\u00e1vrh\u016f rezignoval na p\u0159evzet\u00ed n\u011bkter\u00e9ho z&nbsp;uveden\u00fdch symbol\u016f. Pe\u010det\u011b \u010di&nbsp;raz\u00edtka tohoto typu jsou toti\u017e na&nbsp;na\u0161em venkov\u011b b\u011b\u017en\u00e1 a vypov\u00eddac\u00ed hodnota pe\u010detn\u00edho obrazu je miziv\u00e1.<\/p>\n\n\n\n<p>Ikonografick\u00fd v\u00fdznam navr\u017een\u00e9ho obecn\u00edho znaku Koz\u00e1rova je n\u00e1sleduj\u00edc\u00ed: Zelen\u00e1 barva \u0161t\u00edtu jednozna\u010dn\u011b symbolizuje venkovsk\u00fd a zem\u011bd\u011blsk\u00fd r\u00e1z relativn\u011b mlad\u00e9 (\u010dty\u0159setlet\u00e9) obce (okoln\u00ed pole, louky i lesy v katastru), ale v\u0161eobecn\u011b celou p\u0159\u00edrodu (stromy, rostliny atd.) i odpo\u010dinek, rekreaci a\u00a0obnovu, nebo\u0165 zelen\u00e1 je barvou vzniku (zrodu) a nad\u011bje.<br>Hlavn\u00ed heraldick\u00e1 obecn\u00e1 figura ln\u011bn\u00e9ho snopu (umocn\u011bn\u00e1 kv\u011btem lnu uprost\u0159ed) vch\u00e1z\u00ed ze star\u00e9 obecn\u00ed pe\u010deti s tradi\u010dn\u00edm motivem snopu a zem\u011bd\u011blsk\u00e9ho n\u00e1\u010din\u00ed. Ln\u00e1\u0159stv\u00ed zde toti\u017e bylo v minulosti velmi v\u00fdznamn\u00e9 a roz\u0161\u00ed\u0159en\u00e9. Na rozd\u00edl od \u010dasto se vyskytuj\u00edc\u00edho obiln\u00e9ho snopu \u010di klas\u016f (v na\u0161ich komun\u00e1ln\u00edch znac\u00edch), nebyl dosud \u017e\u00e1dn\u00e9 obci snop lnu ud\u011blen (Koz\u00e1rov se st\u00e1v\u00e1 prvn\u00edm a jedin\u00fdm).<br>Vedlej\u0161\u00ed (pr\u016fvodn\u00ed) obecn\u00e1 figura (mari\u00e1nsk\u00e9) lilie evokuje sv. Annu, patronku m\u00edstn\u00ed (v\u00fdstavn\u00e9) kaple a\u00a0obecn\u00e1 figura kola z kolovratu op\u011bt p\u0159ipom\u00edn\u00e1 nejenom zpracov\u00e1n\u00ed lnu, ale i ostatn\u00ed n\u00e1\u010din\u00ed ze zm\u00edn\u011bn\u00e9 obecn\u00ed pe\u010deti (kolo pluhu, traka\u0159e, vozu apod.). Kolovr\u00e1tkov\u00e9 kolo (oproti vozov\u00e9mu) t\u00e9\u017e je\u0161t\u011b nebylo \u017e\u00e1dn\u00e9 obci ve znaku ud\u011bleno (nepo\u010d\u00edt\u00e1me-li cel\u00fd kolovrat).<\/p>\n\n\n\n<div class=\"wp-block-image is-style-default\"><figure class=\"aligncenter size-large is-resized\"><img loading=\"lazy\" src=\"http:\/\/covecer.cz\/subdom\/kozarov\/wp-content\/uploads\/2020\/12\/KOZAROV-ZNAK_png-853x1024.png\" alt=\"\" class=\"wp-image-865\" width=\"213\" height=\"256\" srcset=\"http:\/\/covecer.cz\/subdom\/kozarov\/wp-content\/uploads\/2020\/12\/KOZAROV-ZNAK_png-853x1024.png 853w, http:\/\/covecer.cz\/subdom\/kozarov\/wp-content\/uploads\/2020\/12\/KOZAROV-ZNAK_png-250x300.png 250w, http:\/\/covecer.cz\/subdom\/kozarov\/wp-content\/uploads\/2020\/12\/KOZAROV-ZNAK_png-768x921.png 768w, http:\/\/covecer.cz\/subdom\/kozarov\/wp-content\/uploads\/2020\/12\/KOZAROV-ZNAK_png.png 1181w\" sizes=\"(max-width: 213px) 100vw, 213px\" \/><\/figure><\/div>\n\n\n\n<h3>Prapor koz\u00e1rovsk\u00e9 omladiny<\/h3>\n\n\n\n<p>Dne 22.10.1922 byl zalo\u017een J. Urb\u00e1nkem, tajemn\u00edkem Lidov\u00e9 strany v Ti\u0161nov\u011b, spolek ,,Sdru\u017een\u00ed venkovsk\u00e9 katolick\u00e9 omladiny v Koz\u00e1rov\u011b,, P\u0159ihl\u00e1silo se 12 \u010dlen\u016f a 10 \u010dlenek. P\u0159edsedou byl zvolen Pavl\u00ed\u010dek Josef z \u010d.p. 2. V roce 1932 po\u0159\u00eddila tato omladina sv\u016fj prapor. Tento v\u0161ak nebyl nikde v obci ulo\u017een ani nebylo zn\u00e1mo m\u00edsto jeho ulo\u017een\u00ed. V\u0161e odstartovalo v roce 2004, kdy do obce p\u0159ijel pan Ji\u0159\u00ed B\u00e1rta z\u00a0Ti\u0161nova, jeho\u017e maminka poch\u00e1z\u00ed pr\u00e1v\u011b z Koz\u00e1rova. Ten dovezl fotografii, kterou n\u00e1hodn\u011b objevila jeho man\u017eelka. Na t\u00e9to fotografii je z\u00e1b\u011br z n\u00e1m\u011bst\u00ed v Ti\u0161nov\u011b p\u0159ed sou\u010dasnou radnic\u00ed, kde prob\u00edhal sraz ml\u00e1de\u017ee a kde byli pr\u00e1v\u011b zachyceni z\u00e1stupci obce Koz\u00e1rov (obec Koz\u00e1rov spadala v t\u00e9 dob\u011b pr\u00e1v\u011b pod obvod okresu Ti\u0161nov) s praporem omladiny. Na z\u00e1klad\u011b toho byl po mnoha hled\u00e1n\u00edch objeven tento prapor na\u00a0orato\u0159i bed\u0159ichovsk\u00e9ho kostela.<br>Na jedn\u00e9 stran\u011b je vyobrazen portr\u00e9t sv. Aloise, coby patrona ml\u00e1de\u017ee, dr\u017e\u00edc\u00edho k\u0159\u00ed\u017e s korpusem Krista.Nad\u00a0t\u00edmto portr\u00e9tem je n\u00e1pis ,,Katolick\u00e1 omladina \u010cSL,, a ve spodn\u00ed \u010d\u00e1sti n\u00e1pis s letopo\u010dty ,, 1922 Koz\u00e1rov 1932,,.<br>Na stran\u011b druh\u00e9 je vyobrazen sv. Cyril a Metod\u011bj co by patroni Evropy, s n\u00e1pisem ,,D\u011bdictv\u00ed otc\u016f zachovej n\u00e1m Pane,,. Na \u017eerdi jsou potom p\u0159ipevn\u011bny mosazn\u00e9 \u0161t\u00edtky s n\u00e1pisy jednotliv\u00fdch osob a\u00a0spolk\u016f, pravd\u011bpodobn\u011b d\u00e1rc\u016f (v dne\u0161n\u00ed terminologii sponzor\u016f) tohoto praporu.<br>Zaj\u00edmav\u00e9 na cel\u00e9 ud\u00e1losti je to, \u017ee objeven\u00ed tohoto praporu p\u0159i\u0161lo pr\u00e1v\u011b v roce, kdy na\u0161e republika vstupovala do Evropsk\u00e9 unie a pr\u00e1v\u011b sv. Cyril a Metod\u011bj, jak je ji\u017e zm\u00edn\u011bno, jsou mimo jin\u00e9 i\u00a0patroni Evropy.<\/p>\n\n\n\n<div class=\"wp-block-image is-style-default\"><figure class=\"alignleft size-large is-resized\"><img loading=\"lazy\" src=\"http:\/\/covecer.cz\/subdom\/kozarov\/wp-content\/uploads\/2020\/12\/Prapor_stary_bila41-564x1024.png\" alt=\"\" class=\"wp-image-866\" width=\"423\" height=\"768\" srcset=\"http:\/\/covecer.cz\/subdom\/kozarov\/wp-content\/uploads\/2020\/12\/Prapor_stary_bila41-564x1024.png 564w, http:\/\/covecer.cz\/subdom\/kozarov\/wp-content\/uploads\/2020\/12\/Prapor_stary_bila41-165x300.png 165w, http:\/\/covecer.cz\/subdom\/kozarov\/wp-content\/uploads\/2020\/12\/Prapor_stary_bila41-768x1394.png 768w, http:\/\/covecer.cz\/subdom\/kozarov\/wp-content\/uploads\/2020\/12\/Prapor_stary_bila41-846x1536.png 846w, http:\/\/covecer.cz\/subdom\/kozarov\/wp-content\/uploads\/2020\/12\/Prapor_stary_bila41-1128x2048.png 1128w, http:\/\/covecer.cz\/subdom\/kozarov\/wp-content\/uploads\/2020\/12\/Prapor_stary_bila41.png 1942w\" sizes=\"(max-width: 423px) 100vw, 423px\" \/><\/figure><\/div>\n\n\n\n<div class=\"wp-block-image is-style-default\"><figure class=\"alignright size-large is-resized\"><img loading=\"lazy\" src=\"http:\/\/covecer.cz\/subdom\/kozarov\/wp-content\/uploads\/2020\/12\/Prapor_stary_modra-576x1024.png\" alt=\"\" class=\"wp-image-867\" width=\"432\" height=\"768\" srcset=\"http:\/\/covecer.cz\/subdom\/kozarov\/wp-content\/uploads\/2020\/12\/Prapor_stary_modra-576x1024.png 576w, http:\/\/covecer.cz\/subdom\/kozarov\/wp-content\/uploads\/2020\/12\/Prapor_stary_modra-169x300.png 169w, http:\/\/covecer.cz\/subdom\/kozarov\/wp-content\/uploads\/2020\/12\/Prapor_stary_modra-768x1364.png 768w, http:\/\/covecer.cz\/subdom\/kozarov\/wp-content\/uploads\/2020\/12\/Prapor_stary_modra-865x1536.png 865w, http:\/\/covecer.cz\/subdom\/kozarov\/wp-content\/uploads\/2020\/12\/Prapor_stary_modra-1153x2048.png 1153w, http:\/\/covecer.cz\/subdom\/kozarov\/wp-content\/uploads\/2020\/12\/Prapor_stary_modra.png 2000w\" sizes=\"(max-width: 432px) 100vw, 432px\" \/><\/figure><\/div>\n","protected":false},"excerpt":{"rendered":"<p>Prvn\u00ed p\u00edsemn\u00e1 zm\u00ednka o existenci osady, le\u017e\u00edc\u00ed v&nbsp;kopcovit\u00e9m ter\u00e9nu 15km severn\u011b od Ti\u0161nova, poch\u00e1z\u00ed a\u017e z&nbsp;r. 1601. N\u00e1le\u017eela k&nbsp;panstv\u00ed lomnick\u00e9mu, kter\u00e9 tehdy Karel ze \u017derot\u00edna&hellip;<\/p>\n","protected":false},"author":1,"featured_media":0,"parent":0,"menu_order":0,"comment_status":"closed","ping_status":"closed","template":"","meta":{"ngg_post_thumbnail":0},"_links":{"self":[{"href":"http:\/\/covecer.cz\/subdom\/kozarov\/wp-json\/wp\/v2\/pages\/74"}],"collection":[{"href":"http:\/\/covecer.cz\/subdom\/kozarov\/wp-json\/wp\/v2\/pages"}],"about":[{"href":"http:\/\/covecer.cz\/subdom\/kozarov\/wp-json\/wp\/v2\/types\/page"}],"author":[{"embeddable":true,"href":"http:\/\/covecer.cz\/subdom\/kozarov\/wp-json\/wp\/v2\/users\/1"}],"replies":[{"embeddable":true,"href":"http:\/\/covecer.cz\/subdom\/kozarov\/wp-json\/wp\/v2\/comments?post=74"}],"version-history":[{"count":6,"href":"http:\/\/covecer.cz\/subdom\/kozarov\/wp-json\/wp\/v2\/pages\/74\/revisions"}],"predecessor-version":[{"id":1813,"href":"http:\/\/covecer.cz\/subdom\/kozarov\/wp-json\/wp\/v2\/pages\/74\/revisions\/1813"}],"wp:attachment":[{"href":"http:\/\/covecer.cz\/subdom\/kozarov\/wp-json\/wp\/v2\/media?parent=74"}],"curies":[{"name":"wp","href":"https:\/\/api.w.org\/{rel}","templated":true}]}}