{"id":76,"date":"2020-12-09T09:05:22","date_gmt":"2020-12-09T08:05:22","guid":{"rendered":"http:\/\/covecer.cz\/subdom\/kozarov\/?page_id=76"},"modified":"2020-12-23T15:10:28","modified_gmt":"2020-12-23T14:10:28","slug":"kaple-sv-anny","status":"publish","type":"page","link":"http:\/\/covecer.cz\/subdom\/kozarov\/kaple-sv-anny\/","title":{"rendered":"Kaple sv. Anny"},"content":{"rendered":"\n<div class=\"wp-block-image is-style-default\"><figure class=\"alignleft size-large is-resized\"><img loading=\"lazy\" src=\"http:\/\/covecer.cz\/subdom\/kozarov\/wp-content\/uploads\/2020\/12\/06-692x1024.jpg\" alt=\"\" class=\"wp-image-858\" width=\"346\" height=\"512\" srcset=\"http:\/\/covecer.cz\/subdom\/kozarov\/wp-content\/uploads\/2020\/12\/06-692x1024.jpg 692w, http:\/\/covecer.cz\/subdom\/kozarov\/wp-content\/uploads\/2020\/12\/06-203x300.jpg 203w, http:\/\/covecer.cz\/subdom\/kozarov\/wp-content\/uploads\/2020\/12\/06-768x1137.jpg 768w, http:\/\/covecer.cz\/subdom\/kozarov\/wp-content\/uploads\/2020\/12\/06.jpg 929w\" sizes=\"(max-width: 346px) 100vw, 346px\" \/><\/figure><\/div>\n\n\n\n<p>26. \u010dervence 1911 na sv. Annu se od blesku chytila usedlost \u010d\u00eds. 10 Anton\u00edna \u0160pa\u010dka. Ohe\u0148 se roz\u0161\u00ed\u0159il po cel\u00e9m staven\u00ed takovou rychlost\u00ed, \u017ee se ji\u017e p\u0159ivolan\u00fdm hasi\u010dsk\u00fdm sbor\u016fm z Bed\u0159ichova, Ra\u0161ova, Strha\u0159\u016f, Brumova, Dlouh\u00e9 Lhoty, \u010cernovic nepoda\u0159ilo ohe\u0148 uhasit. Jen st\u011b\u017e\u00ed byl vyveden dobytek, v\u0161e lehlo popelem.<\/p>\n\n\n\n<p>Anna \u0160pa\u010dkov\u00e1, \u017eena Ant. \u0160pa\u010dka, cht\u011bla na pam\u011b\u0165 ne\u0161t\u011bst\u00ed a k poct\u011b sv\u00e9 patronky postavit u sv\u00e9ho domu malou kapli\u010dku se sochou sv.\u00a0Anny. Roku 1912 objednali man\u017eel\u00e9 \u0160pa\u010dkovi z Tyrol sochu sv.\u00a0Anny. Ta byla prozat\u00edm um\u00edst\u011bna v chr\u00e1mu P\u00e1n\u011b v Bed\u0159ichov\u011b, ne\u017e pro ni bude v obci vystav\u011bn st\u00e1nek.<\/p>\n\n\n\n<p>P\u016fvodn\u00ed zvoni\u010dka, kter\u00e1 st\u00e1la na m\u00edst\u011b nyn\u011bj\u0161\u00ed kaple, byla ji\u017e zna\u010dn\u011b se\u0161l\u00e1. P\u0159ed n\u00ed st\u00e1ly 4 l\u00edpy, t\u00e9m\u011b\u0159 stolet\u00e9. Na vystav\u011bn\u00ed ob\u010dan\u00e9 platili \u010dty\u0159setprocentn\u00ed p\u0159ir\u00e1\u017eku, ale mnoz\u00ed je\u0161t\u011b p\u0159id\u00e1vali.<\/p>\n\n\n\n<p>V \u00fanoru 1914 byly sk\u00e1ceny l\u00edpy, z nich\u017e dv\u011b hrozily roztr\u017een\u00edm. 15.&nbsp;6.&nbsp;1914 se zapo\u010dalo se stavbou nov\u00e9 kaple, kterou \u0159\u00eddil Franti\u0161ek Holcner, zednick\u00fd mistr z Ole\u0161nice, zdej\u0161\u00ed rod\u00e1k. Rozpo\u010det zn\u011bl 1&nbsp;433,82 korun. Jak vypl\u00fdv\u00e1 ze sch\u016fze obecn\u00edho v\u00fdboru ze dne 2.\u010dervence 1913, jednu polovici n\u00e1klad\u016f na kapli bude hradit obec, na&nbsp;to sk\u00e1c\u00ed se kus lesa, druhou polovici ponesou v\u0161ichni ob\u010dan\u00e9 koz\u00e1rov\u0161t\u00ed, kte\u0159\u00ed da\u0148 v obci plat\u00ed dle p\u0159\u00edm\u00e9 dan\u011b. D\u0159\u00edve, ne\u017eli byla stavba dokon\u010dena, zapo\u010dala 1.sv\u011btov\u00e1 v\u00e1lka.<\/p>\n\n\n\n<p>2. srpna 1914, kdy\u017e tesa\u0159i d\u00e1vali vazbu, byla vyhl\u00e1\u0161ena mobilizace. \u0158emesln\u00e1 v\u00fdroba byla samoz\u0159ejm\u011b pozastavena.<\/p>\n\n\n\n<h4>Rekonstrukce kaple sv. Anny<\/h4>\n\n\n\n<div class=\"wp-block-image is-style-default\"><figure class=\"alignright size-large is-resized\"><img loading=\"lazy\" src=\"http:\/\/covecer.cz\/subdom\/kozarov\/wp-content\/uploads\/2020\/12\/kaple3-648x1024.png\" alt=\"\" class=\"wp-image-856\" width=\"324\" height=\"512\" srcset=\"http:\/\/covecer.cz\/subdom\/kozarov\/wp-content\/uploads\/2020\/12\/kaple3-648x1024.png 648w, http:\/\/covecer.cz\/subdom\/kozarov\/wp-content\/uploads\/2020\/12\/kaple3-190x300.png 190w, http:\/\/covecer.cz\/subdom\/kozarov\/wp-content\/uploads\/2020\/12\/kaple3-768x1214.png 768w, http:\/\/covecer.cz\/subdom\/kozarov\/wp-content\/uploads\/2020\/12\/kaple3.png 831w\" sizes=\"(max-width: 324px) 100vw, 324px\" \/><\/figure><\/div>\n\n\n\n<p>V roce 1997 byla provedena oprava st\u0159e\u0161n\u00ed krytiny kaple, kter\u00e1 spo\u010d\u00edvala ve v\u00fdm\u011bn\u011b eternitu za m\u011b\u010f. Tuto opravu prov\u00e1d\u011bl pan Anton\u00edn Kone\u010dn\u00fd ze Z\u00e1obo\u0159\u00ed se sv\u00fdmi kolegy. Celkov\u00e9 n\u00e1klady na tuto opravu \u010dinily 115.041,70 K\u010d. M\u011bd\u011bn\u00fd plech a p\u00e1soviny byly zakoupeny v P\u0159edkl\u00e1\u0161te\u0159\u00ed u Ti\u0161nova&nbsp; v&nbsp;hodnot\u011b 57.941,70&nbsp;K\u010d.<\/p>\n\n\n\n<p>V roce 2010 prob\u011bhla celkov\u00e1 oprava kaple, kter\u00e1 spo\u010d\u00edvala v n\u00e1sleduj\u00edc\u00edch oprav\u00e1ch: Kolem kaple byl vyhlouben v\u00fdkop a do n\u011bj ulo\u017eeno potrub\u00ed za \u00fa\u010delem odvodn\u011bn\u00ed. Kolem kaple byly potom polo\u017eeny obrubn\u00edky a dosyp\u00e1ny ka\u010d\u00edrkem. Om\u00edtky byly osek\u00e1ny do v\u00fd\u0161ky cca 1,5 m a to jak vn\u011b, tak i vevnit\u0159 a&nbsp;nata\u017eeny nov\u00e9 sana\u010dn\u00ed om\u00edtky. Dal\u0161\u00ed po\u0161kozen\u00ed fas\u00e1dy byla opravena. Okna i dve\u0159e byly vym\u011bn\u011bny za&nbsp;plastov\u00e9 n\u00e1kladem 151.292,- K\u010d. Tyto pr\u00e1ce prov\u00e1d\u011bla firma Decro Bzenec. Zednick\u00e9 pr\u00e1ce prov\u00e1d\u011bla firma Dirda Lomnice. D\u00e1le byla provedena oprava venkovn\u00edch schod\u016f a celkov\u00e1 v\u00fdmalba jak vnit\u0159ku, tak vn\u011bj\u0161\u00edch om\u00edtek. Tyto pr\u00e1ce prov\u00e1d\u011bl pan Stanislav Kone\u010dn\u00fd z Ra\u0161ova.<br>Na tuto opravu byla \u010derp\u00e1na dotace z fond\u016f EU ve v\u00fd\u0161i 531.720,- a obec se pod\u00edlela&nbsp; \u010d\u00e1stkou 59.080,-&nbsp;K\u010d, tak\u017ee celkov\u00e9 n\u00e1klady \u010dinily 590.800,- K\u010d.<br>P\u0159i t\u00e9to p\u0159\u00edle\u017eitosti byl opraven i venkovn\u00ed k\u0159\u00ed\u017e p\u0159ed kapl\u00ed n\u00e1kladem 2.412,- K\u010d, kterou provedl pan Ploc ze&nbsp;\u017dernovn\u00edka.<br>P\u0159ed kapli na oplocen\u00ed byl nainstalov\u00e1n reflektor k osv\u00edcen\u00ed kaple.<\/p>\n\n\n\n<p>V m\u011bs\u00edci kv\u011btnu 2014 byla provedena v\u00fdm\u011bna el. rozvod\u016f sm\u011brem na p\u016fdu ke zvon\u011bn\u00ed a hlavn\u00edho m\u011b\u0159en\u00ed spot\u0159eby v kapli, nebo\u0165 na z\u00e1klad\u011b revizn\u00ed zpr\u00e1vy bylo toto krajn\u011b nevyhovuj\u00edc\u00ed.<\/p>\n","protected":false},"excerpt":{"rendered":"<p>26. \u010dervence 1911 na sv. Annu se od blesku chytila usedlost \u010d\u00eds. 10 Anton\u00edna \u0160pa\u010dka. Ohe\u0148 se roz\u0161\u00ed\u0159il po cel\u00e9m staven\u00ed takovou rychlost\u00ed, \u017ee se&hellip;<\/p>\n","protected":false},"author":1,"featured_media":0,"parent":0,"menu_order":0,"comment_status":"closed","ping_status":"closed","template":"","meta":{"ngg_post_thumbnail":0},"_links":{"self":[{"href":"http:\/\/covecer.cz\/subdom\/kozarov\/wp-json\/wp\/v2\/pages\/76"}],"collection":[{"href":"http:\/\/covecer.cz\/subdom\/kozarov\/wp-json\/wp\/v2\/pages"}],"about":[{"href":"http:\/\/covecer.cz\/subdom\/kozarov\/wp-json\/wp\/v2\/types\/page"}],"author":[{"embeddable":true,"href":"http:\/\/covecer.cz\/subdom\/kozarov\/wp-json\/wp\/v2\/users\/1"}],"replies":[{"embeddable":true,"href":"http:\/\/covecer.cz\/subdom\/kozarov\/wp-json\/wp\/v2\/comments?post=76"}],"version-history":[{"count":4,"href":"http:\/\/covecer.cz\/subdom\/kozarov\/wp-json\/wp\/v2\/pages\/76\/revisions"}],"predecessor-version":[{"id":861,"href":"http:\/\/covecer.cz\/subdom\/kozarov\/wp-json\/wp\/v2\/pages\/76\/revisions\/861"}],"wp:attachment":[{"href":"http:\/\/covecer.cz\/subdom\/kozarov\/wp-json\/wp\/v2\/media?parent=76"}],"curies":[{"name":"wp","href":"https:\/\/api.w.org\/{rel}","templated":true}]}}